{"id":549,"date":"2025-10-06T16:38:19","date_gmt":"2025-10-06T14:38:19","guid":{"rendered":"https:\/\/veraenderungsarchitekt.de\/coaching-mediation-beratung-berlin\/?page_id=549"},"modified":"2026-04-19T12:11:15","modified_gmt":"2026-04-19T10:11:15","slug":"coaching-mediation-faq-berlin","status":"publish","type":"page","link":"https:\/\/veraenderungsarchitekt.de\/coaching-mediation-beratung-berlin\/coaching-mediation-faq-berlin\/","title":{"rendered":"FAQ"},"content":{"rendered":"<div class=\"et_pb_section_0 et_pb_section et_section_regular et_block_section\">\n<div class=\"et_pb_row_0 et_pb_row et_block_row\">\n<div class=\"et_pb_column_0 et_pb_column et_pb_column_4_4 et-last-child et_block_column et_pb_css_mix_blend_mode_passthrough\">\n<div class=\"et_pb_text_0 et_pb_text et_pb_bg_layout_light et_pb_module et_block_module preset--module--divi-text--2869322e-9c99-4d25-bb14-da3370c8d955\"><div class=\"et_pb_text_inner\"><h1><span>Deine Fragen, meine Antworten<\/span><\/h1>\n<p><span><\/span><\/p>\n<h1><span>Coaching Mediation FAQ Berlin<\/span><span><\/span><\/h1>\n<\/div><\/div>\n\n<div class=\"et_pb_text_1 et_pb_text et_pb_bg_layout_light et_pb_module et_block_module preset--module--divi-text--2869322e-9c99-4d25-bb14-da3370c8d955\"><div class=\"et_pb_text_inner\"><p>Du suchst Antworten zu Coaching, Mediation und FAQ in Berlin? Hier findest du alle wichtigen Informationen zu meinen Leistungen als Ver\u00e4nderungsarchitekt. Ob du wissen m\u00f6chtest, wie Coaching und Mediation in Berlin ablaufen, was sie kosten oder wo sie stattfinden \u2013 diese FAQ zu Coaching und Mediation geben dir einen vollst\u00e4ndigen \u00dcberblick. Als erfahrener Coach und Mediator in Berlin beantworte ich hier die h\u00e4ufigsten Fragen meiner Klient*innen.<\/p>\n<\/div><\/div>\n\n\n<div class=\"et_pb_with_border et_pb_module et_d4_element dipl_faq_page_schema dipl_faq_page_schema_0\">\n\t\t\t\t<div class=\"dipl_faq_title\"><h2 id=\"allgemeine-fragen-zu-coaching-und-mediation-in-berlin\">Allgemeine Fragen zu Coaching und Mediation in Berlin<\/h2><\/div><div class=\"dipl_faq_wrapper dipl_faq_accordion dipl_faq_col_1 \" itemscope itemtype=\"https:\/\/schema.org\/FAQPage\"><div class=\"et_pb_module et_d4_element dipl_faq_page_schema_item dipl_faq_page_schema_item_0\">\n\t\t\t\t<div class=\"dipl_faq_item_wrapper\" itemscope itemprop=\"mainEntity\" itemtype=\"https:\/\/schema.org\/Question\">\n                <div class=\"dipl_question_wrapper\"><h2 itemprop=\"name\" id=\"was-genau-ist-ein-veraenderungsarchitekt\">Was genau ist ein Ver\u00e4nderungsarchitekt?<\/h2><\/div>\n                <div class=\"dipl_answer_wrapper\" itemscope itemprop=\"acceptedAnswer\" itemtype=\"https:\/\/schema.org\/Answer\"><div itemprop=\"text\"><p><span>Ein Ver\u00e4nderungsarchitekt gestaltet und begleitet Transformationsprozesse in Organisationen sowie f\u00fcr Einzelpersonen. Dabei verbinde ich verschiedene Rollen: Berater, Coach, Mediator und Prozessbegleiter. Der Begriff \"Architekt\" steht f\u00fcr das bewusste Gestalten von Ver\u00e4nderung \u2013 mit Plan und Struktur, aber auch mit Kreativit\u00e4t und Flexibilit\u00e4t.<\/span><\/p><\/div><\/div>\n            <\/div>\n\t\t\t<\/div><div class=\"et_pb_module et_d4_element dipl_faq_page_schema_item dipl_faq_page_schema_item_1\">\n\t\t\t\t<div class=\"dipl_faq_item_wrapper\" itemscope itemprop=\"mainEntity\" itemtype=\"https:\/\/schema.org\/Question\">\n                <div class=\"dipl_question_wrapper\"><h2 itemprop=\"name\" id=\"warum-brauche-ich-eine-faq-seite-fuer-coaching-und-mediation-in-berlin\">Warum brauche ich eine FAQ-Seite f\u00fcr Coaching und Mediation in Berlin?<\/h2><\/div>\n                <div class=\"dipl_answer_wrapper\" itemscope itemprop=\"acceptedAnswer\" itemtype=\"https:\/\/schema.org\/Answer\"><div itemprop=\"text\"><p><span>Diese <\/span><strong>Coaching Mediation FAQ Berlin<\/strong><span> Seite entstand aus der Erfahrung, dass viele Menschen \u00e4hnliche Fragen haben. Statt alles mehrfach zu erkl\u00e4ren, findest du hier geb\u00fcndelt die wichtigsten Antworten. Besonders in Berlin, wo das Angebot an Coaches und Mediatoren riesig ist, hilft diese FAQ-\u00dcbersicht bei der Orientierung.<\/span><\/p><\/div><\/div>\n            <\/div>\n\t\t\t<\/div><div class=\"et_pb_module et_d4_element dipl_faq_page_schema_item dipl_faq_page_schema_item_2\">\n\t\t\t\t<div class=\"dipl_faq_item_wrapper\" itemscope itemprop=\"mainEntity\" itemtype=\"https:\/\/schema.org\/Question\">\n                <div class=\"dipl_question_wrapper\"><h2 itemprop=\"name\" id=\"wie-unterscheidet-sich-dein-ansatz-von-anderen-beratern\">Wie unterscheidet sich dein Ansatz von anderen Beratern?<\/h2><\/div>\n                <div class=\"dipl_answer_wrapper\" itemscope itemprop=\"acceptedAnswer\" itemtype=\"https:\/\/schema.org\/Answer\"><div itemprop=\"text\"><p class=\"whitespace-normal break-words\">Drei Dinge machen meinen Ansatz einzigartig:<\/p>\n<ol class=\"&#091;&amp;:not(:last-child)_ul&#093;:pb-1 &#091;&amp;:not(:last-child)_ol&#093;:pb-1 list-decimal space-y-1.5 pl-7\">\n<li class=\"whitespace-normal break-words\"><strong>Praxiserfahrung:<\/strong> 12 Jahre F\u00fchrung mit 130+ Mitarbeitenden \u2013 ich kenne die Realit\u00e4t<\/li>\n<li class=\"whitespace-normal break-words\"><strong>Systemischer Blick:<\/strong> Ich betrachte immer das Gesamtsystem, nicht isolierte Probleme<\/li>\n<li class=\"whitespace-normal break-words\"><strong>Diversity-DNA:<\/strong> Als queerer Mensch bringe ich eine besondere Sensibilit\u00e4t f\u00fcr Vielfalt und Ausschl\u00fcsse mit<\/li>\n<\/ol>\n<p class=\"whitespace-normal break-words\">Deshalb arbeite ich nicht mit vorgefertigten Konzepten, sondern entwickle individuelle L\u00f6sungen. Au\u00dferdem steht Authentizit\u00e4t dabei \u00fcber Hochglanz-Pr\u00e4sentationen.<\/p><\/div><\/div>\n            <\/div>\n\t\t\t<\/div><div class=\"et_pb_module et_d4_element dipl_faq_page_schema_item dipl_faq_page_schema_item_3\">\n\t\t\t\t<div class=\"dipl_faq_item_wrapper\" itemscope itemprop=\"mainEntity\" itemtype=\"https:\/\/schema.org\/Question\">\n                <div class=\"dipl_question_wrapper\"><h5 itemprop=\"name\">F\u00fcr welche Branchen und Organisationen arbeitest du?<\/h5><\/div>\n                <div class=\"dipl_answer_wrapper\" itemscope itemprop=\"acceptedAnswer\" itemtype=\"https:\/\/schema.org\/Answer\"><div itemprop=\"text\"><p class=\"whitespace-normal break-words\">Mein Schwerpunkt liegt auf drei Bereichen:<\/p>\n<ul class=\"&#091;&amp;:not(:last-child)_ul&#093;:pb-1 &#091;&amp;:not(:last-child)_ol&#093;:pb-1 list-disc space-y-1.5 pl-7\">\n<li class=\"whitespace-normal break-words\"><strong>Kulturbetriebe und Kreativwirtschaft:<\/strong> Theater, Museen, Clubs, Festivals<\/li>\n<li class=\"whitespace-normal break-words\"><strong>Soziale Organisationen:<\/strong> NGOs, Vereine, Stiftungen, gemeinn\u00fctzige GmbHs<\/li>\n<li class=\"whitespace-normal break-words\"><strong>Progressive Mittelst\u00e4ndler:<\/strong> Unternehmen, die Werte und Wirtschaftlichkeit verbinden<\/li>\n<\/ul>\n<p class=\"whitespace-normal break-words\">Besondere Expertise habe ich f\u00fcr LGBTQIA+ Organisationen und Projekte. Grunds\u00e4tzlich arbeite ich jedoch mit allen Organisationen, die nachhaltige, werteorientierte Ver\u00e4nderung wollen, denn Vielfalt bereichert jeden Prozess.<\/p><\/div><\/div>\n            <\/div>\n\t\t\t<\/div><div class=\"et_pb_module et_d4_element dipl_faq_page_schema_item dipl_faq_page_schema_item_4\">\n\t\t\t\t<div class=\"dipl_faq_item_wrapper\" itemscope itemprop=\"mainEntity\" itemtype=\"https:\/\/schema.org\/Question\">\n                <div class=\"dipl_question_wrapper\"><h2 itemprop=\"name\" id=\"was-ist-systemisches-coaching-genau\">Was ist systemisches Coaching genau?<\/h2><\/div>\n                <div class=\"dipl_answer_wrapper\" itemscope itemprop=\"acceptedAnswer\" itemtype=\"https:\/\/schema.org\/Answer\"><div itemprop=\"text\"><p class=\"whitespace-normal break-words\"><span>Systemisches Coaching betrachtet dich nicht isoliert, <\/span>sondern<span> immer im Kontext <\/span>deiner Beziehungen und Systeme (Team, Organisation, Familie). Dabei schauen wir auf Wechselwirkungen und Muster statt auf isolierte \"Probleme\", denn nur so entstehen nachhaltige L\u00f6sungen.<\/p>\n<p class=\"whitespace-normal break-words\">Praktisch bedeutet das: Einerseits arbeite ich mit zirkul\u00e4ren Fragen, andererseits nutze ich Perspektivwechsel und ressourcenorientierte Methoden. Dadurch entstehen neue Handlungsoptionen, die tats\u00e4chlich im Gesamtsystem funktionieren.<\/p><\/div><\/div>\n            <\/div>\n\t\t\t<\/div><div class=\"et_pb_module et_d4_element dipl_faq_page_schema_item dipl_faq_page_schema_item_5\">\n\t\t\t\t<div class=\"dipl_faq_item_wrapper\" itemscope itemprop=\"mainEntity\" itemtype=\"https:\/\/schema.org\/Question\">\n                <div class=\"dipl_question_wrapper\"><h2 itemprop=\"name\" id=\"wann-ist-coaching-das-richtige-fuer-mich\">Wann ist Coaching das Richtige f\u00fcr mich?<\/h2><\/div>\n                <div class=\"dipl_answer_wrapper\" itemscope itemprop=\"acceptedAnswer\" itemtype=\"https:\/\/schema.org\/Answer\"><div itemprop=\"text\"><p class=\"whitespace-normal break-words\">Coaching ist sinnvoll, wenn du:<\/p>\n<ul class=\"&#091;&amp;:not(:last-child)_ul&#093;:pb-1 &#091;&amp;:not(:last-child)_ol&#093;:pb-1 list-disc space-y-1.5 pl-7\">\n<li class=\"whitespace-normal break-words\">Vor wichtigen Entscheidungen oder Ver\u00e4nderungen stehst<\/li>\n<li class=\"whitespace-normal break-words\">Deine F\u00fchrungsrolle weiterentwickeln willst<\/li>\n<li class=\"whitespace-normal break-words\">Dich in wiederkehrenden Mustern gefangen f\u00fchlst<\/li>\n<li class=\"whitespace-normal break-words\">Work-Life-Balance neu justieren m\u00f6chtest<\/li>\n<li class=\"whitespace-normal break-words\">Deine Potenziale besser nutzen willst<\/li>\n<li class=\"whitespace-normal break-words\">Klarheit \u00fcber deine berufliche Richtung suchst<\/li>\n<\/ul>\n<p class=\"whitespace-normal break-words\">Allerdings solltest du grunds\u00e4tzlich handlungsf\u00e4hig sein und Ver\u00e4nderung wollen, denn Coaching ist keine Therapie. Vielmehr ist es eine Begleitung zur Selbstentwicklung.<\/p><\/div><\/div>\n            <\/div>\n\t\t\t<\/div><div class=\"et_pb_module et_d4_element dipl_faq_page_schema_item dipl_faq_page_schema_item_6\">\n\t\t\t\t<div class=\"dipl_faq_item_wrapper\" itemscope itemprop=\"mainEntity\" itemtype=\"https:\/\/schema.org\/Question\">\n                <div class=\"dipl_question_wrapper\"><h2 itemprop=\"name\" id=\"wie-laeuft-ein-coaching-prozess-ab\">Wie l\u00e4uft ein Coaching-Prozess ab?<\/h2><\/div>\n                <div class=\"dipl_answer_wrapper\" itemscope itemprop=\"acceptedAnswer\" itemtype=\"https:\/\/schema.org\/Answer\"><div itemprop=\"text\"><p class=\"whitespace-normal break-words\"><strong>Zun\u00e4chst das kostenlose Erstgespr\u00e4ch (30 Min):<\/strong> Wir lernen uns kennen und pr\u00fcfen die Chemie<\/p>\n<p class=\"whitespace-normal break-words\"><strong>Anschlie\u00dfend<span> folgt die <\/span>Auftragskl\u00e4rung (1. Sitzung):<\/strong> Ziele definieren, Erfolgskriterien festlegen, Rahmen vereinbaren<\/p>\n<p class=\"whitespace-normal break-words\"><strong>Daraufhin<span> starten die Coaching-Sessions<\/span> (6-10 Sitzungen \u00e0 60-90 Min):<\/strong> Im 2-4 Wochen-Rhythmus arbeiten wir an deinen Themen<\/p>\n<p class=\"whitespace-normal break-words\"><strong>W\u00e4hrenddessen<span> machen wir eine Zwischenbilanz<\/span> (nach 4-5 Sitzungen):<\/strong> Wo stehen wir? Was braucht es noch?<\/p>\n<p class=\"whitespace-normal break-words\"><strong>Schlie\u00dflich<span> sichern wir die Erkenntnisse<\/span>:<\/strong> Erkenntnisse sichern, Nachhaltigkeit gew\u00e4hrleisten<\/p>\n<p class=\"whitespace-normal break-words\"><strong>Gegebenenfalls<span> schauen wir im <\/span>Follow-up (optional):<\/strong> Nach 3-6 Monaten schauen wir, wie die Umsetzung l\u00e4uft<\/p><\/div><\/div>\n            <\/div>\n\t\t\t<\/div><div class=\"et_pb_module et_d4_element dipl_faq_page_schema_item dipl_faq_page_schema_item_7\">\n\t\t\t\t<div class=\"dipl_faq_item_wrapper\" itemscope itemprop=\"mainEntity\" itemtype=\"https:\/\/schema.org\/Question\">\n                <div class=\"dipl_question_wrapper\"><h2 itemprop=\"name\" id=\"was-kostet-coaching-bei-dir\">Was kostet Coaching bei dir?<\/h2><\/div>\n                <div class=\"dipl_answer_wrapper\" itemscope itemprop=\"acceptedAnswer\" itemtype=\"https:\/\/schema.org\/Answer\"><div itemprop=\"text\"><p class=\"whitespace-normal break-words\"><strong>Einzelcoaching:<\/strong><\/p>\n<ul class=\"&#091;&amp;:not(:last-child)_ul&#093;:pb-1 &#091;&amp;:not(:last-child)_ol&#093;:pb-1 list-disc space-y-1.5 pl-7\">\n<li class=\"whitespace-normal break-words\">Standardsatz: 120-180 \u20ac\/Stunde (zzgl. MwSt.)<\/li>\n<li class=\"whitespace-normal break-words\">10er-Paket: 1.100 \u20ac (140 \u20ac\/Sitzung)<\/li>\n<li class=\"whitespace-normal break-words\">Sonderkonditionen f\u00fcr Gemeinn\u00fctzige: 100 \u20ac\/Stunde<\/li>\n<li class=\"whitespace-normal break-words\">LGBTQIA+ Community-Preis: auf Anfrage<\/li>\n<\/ul>\n<p class=\"whitespace-normal break-words\"><strong>Team-Coaching:<\/strong><\/p>\n<ul class=\"&#091;&amp;:not(:last-child)_ul&#093;:pb-1 &#091;&amp;:not(:last-child)_ol&#093;:pb-1 list-disc space-y-1.5 pl-7\">\n<li class=\"whitespace-normal break-words\">Tagessatz: 1.500-2.000 \u20ac<\/li>\n<li class=\"whitespace-normal break-words\">Halbtagesworkshop: 800-1.000 \u20ac<\/li>\n<\/ul>\n<p class=\"whitespace-normal break-words\">\u00dcbrigens ist die Erstberatung (30 Min) grunds\u00e4tzlich kostenlos, damit du mich unverbindlich kennenlernen kannst.<\/p><\/div><\/div>\n            <\/div>\n\t\t\t<\/div><div class=\"et_pb_module et_d4_element dipl_faq_page_schema_item dipl_faq_page_schema_item_8\">\n\t\t\t\t<div class=\"dipl_faq_item_wrapper\" itemscope itemprop=\"mainEntity\" itemtype=\"https:\/\/schema.org\/Question\">\n                <div class=\"dipl_question_wrapper\"><h2 itemprop=\"name\" id=\"kann-coaching-auch-online-stattfinden\">Kann Coaching auch online stattfinden?<\/h2><\/div>\n                <div class=\"dipl_answer_wrapper\" itemscope itemprop=\"acceptedAnswer\" itemtype=\"https:\/\/schema.org\/Answer\"><div itemprop=\"text\"><p class=\"whitespace-normal break-words\">Absolut! Etwa 30% meiner Coachings finden online statt. Ich nutze professionelle Video-Tools und digitale Whiteboards f\u00fcr interaktive Arbeit.<\/p>\n<p class=\"whitespace-normal break-words\">Online-Coaching hat sogar einige Vorteile: Zum einen entf\u00e4llt die Anfahrt, zum anderen ist die Terminierung flexibler. Zudem coachst du von deinem sicheren Ort aus, wodurch die Wirksamkeit genauso hoch ist wie bei Pr\u00e4senz-Coaching.<\/p><\/div><\/div>\n            <\/div>\n\t\t\t<\/div><div class=\"et_pb_module et_d4_element dipl_faq_page_schema_item dipl_faq_page_schema_item_9\">\n\t\t\t\t<div class=\"dipl_faq_item_wrapper\" itemscope itemprop=\"mainEntity\" itemtype=\"https:\/\/schema.org\/Question\">\n                <div class=\"dipl_question_wrapper\"><h2 itemprop=\"name\" id=\"was-ist-der-unterschied-zwischen-mediation-und-coaching\">Was ist der Unterschied zwischen Mediation und Coaching?<\/h2><\/div>\n                <div class=\"dipl_answer_wrapper\" itemscope itemprop=\"acceptedAnswer\" itemtype=\"https:\/\/schema.org\/Answer\"><div itemprop=\"text\"><p class=\"whitespace-normal break-words\"><strong>Mediation<\/strong> ist f\u00fcr konkrete Konflikte zwischen zwei oder mehr Parteien. Ich bin dabei allparteilich und helfe, eine gemeinsame L\u00f6sung zu finden.<\/p>\n<p class=\"whitespace-normal break-words\"><strong>Coaching<\/strong> ist f\u00fcr pers\u00f6nliche oder berufliche Entwicklung einer Person oder eines Teams. Hier bin ich parteilich f\u00fcr deine\/eure Ziele.<\/p>\n<p class=\"whitespace-normal break-words\"><span>Allerdings \u00fcberschneiden sich beide Formate manchmal \u2013 wie du in dieser <\/span><strong>Coaching Mediation FAQ Berlin<\/strong><span> \u00dcbersicht siehst, sind die Grenzen oft flie\u00dfend. Dann kl\u00e4ren wir gemeinsam<\/span>, was gerade gebraucht wird. Dabei entscheiden wir stets im Sinne deines Anliegens.<\/p><\/div><\/div>\n            <\/div>\n\t\t\t<\/div><div class=\"et_pb_module et_d4_element dipl_faq_page_schema_item dipl_faq_page_schema_item_10\">\n\t\t\t\t<div class=\"dipl_faq_item_wrapper\" itemscope itemprop=\"mainEntity\" itemtype=\"https:\/\/schema.org\/Question\">\n                <div class=\"dipl_question_wrapper\"><h2 itemprop=\"name\" id=\"wie-laeuft-eine-mediation-ab\">Wie l\u00e4uft eine Mediation ab?<\/h2><\/div>\n                <div class=\"dipl_answer_wrapper\" itemscope itemprop=\"acceptedAnswer\" itemtype=\"https:\/\/schema.org\/Answer\"><div itemprop=\"text\"><p class=\"whitespace-normal break-words\"><strong>Schritt 1: Auftragskl\u00e4rung<\/strong><\/p>\n<ul class=\"&#091;&amp;:not(:last-child)_ul&#093;:pb-1 &#091;&amp;:not(:last-child)_ol&#093;:pb-1 list-disc space-y-1.5 pl-7\">\n<li>Kl\u00e4rung der Rahmenbedingungen<\/li>\n<li class=\"whitespace-normal break-words\">ggf. Einzelgespr\u00e4che mit allen Beteiligten<\/li>\n<li class=\"whitespace-normal break-words\">Mediationsvereinbarung<\/li>\n<\/ul>\n<p class=\"whitespace-normal break-words\"><strong>Danach folgt: Themensammlung<\/strong><\/p>\n<ul class=\"&#091;&amp;:not(:last-child)_ul&#093;:pb-1 &#091;&amp;:not(:last-child)_ol&#093;:pb-1 list-disc space-y-1.5 pl-7\">\n<li class=\"whitespace-normal break-words\">Alle bringen ihre Sicht ein<\/li>\n<li class=\"whitespace-normal break-words\">Konfliktthemen werden gesammelt<\/li>\n<li class=\"whitespace-normal break-words\">Priorit\u00e4ten festlegen<\/li>\n<\/ul>\n<p class=\"whitespace-normal break-words\"><strong>Im dritten Schritt: Interessenkl\u00e4rung<\/strong><\/p>\n<ul class=\"&#091;&amp;:not(:last-child)_ul&#093;:pb-1 &#091;&amp;:not(:last-child)_ol&#093;:pb-1 list-disc space-y-1.5 pl-7\">\n<li class=\"whitespace-normal break-words\">Hinter Positionen liegende Bed\u00fcrfnisse erkunden<\/li>\n<li class=\"whitespace-normal break-words\">Gegenseitiges Verstehen f\u00f6rdern<\/li>\n<\/ul>\n<p class=\"whitespace-normal break-words\"><strong>Anschlie\u00dfend: L\u00f6sungsentwicklung<\/strong><\/p>\n<ul class=\"&#091;&amp;:not(:last-child)_ul&#093;:pb-1 &#091;&amp;:not(:last-child)_ol&#093;:pb-1 list-disc space-y-1.5 pl-7\">\n<li class=\"whitespace-normal break-words\">Kreative Optionen sammeln<\/li>\n<li class=\"whitespace-normal break-words\">Win-Win-L\u00f6sungen entwickeln<\/li>\n<\/ul>\n<p class=\"whitespace-normal break-words\"><strong>Zum Abschluss: Vereinbarung<\/strong><\/p>\n<ul class=\"&#091;&amp;:not(:last-child)_ul&#093;:pb-1 &#091;&amp;:not(:last-child)_ol&#093;:pb-1 list-disc space-y-1.5 pl-7\">\n<li class=\"whitespace-normal break-words\">Konkrete Absprachen<\/li>\n<li class=\"whitespace-normal break-words\">Schriftliche Dokumentation<\/li>\n<li class=\"whitespace-normal break-words\">Follow-up vereinbaren<\/li>\n<\/ul>\n<p class=\"whitespace-normal break-words\">Dauer: variiert nach Konfliktthema<\/p><\/div><\/div>\n            <\/div>\n\t\t\t<\/div><div class=\"et_pb_module et_d4_element dipl_faq_page_schema_item dipl_faq_page_schema_item_11\">\n\t\t\t\t<div class=\"dipl_faq_item_wrapper\" itemscope itemprop=\"mainEntity\" itemtype=\"https:\/\/schema.org\/Question\">\n                <div class=\"dipl_question_wrapper\"><h2 itemprop=\"name\" id=\"wann-ist-mediation-sinnvoll\">Wann ist Mediation sinnvoll?<\/h2><\/div>\n                <div class=\"dipl_answer_wrapper\" itemscope itemprop=\"acceptedAnswer\" itemtype=\"https:\/\/schema.org\/Answer\"><div itemprop=\"text\"><p class=\"whitespace-normal break-words\">Mediation hilft bei:<\/p>\n<ul class=\"&#091;&amp;:not(:last-child)_ul&#093;:pb-1 &#091;&amp;:not(:last-child)_ol&#093;:pb-1 list-disc space-y-1.5 pl-7\">\n<li class=\"whitespace-normal break-words\">Teamkonflikten, die die Arbeit belasten<\/li>\n<li class=\"whitespace-normal break-words\">Spannungen zwischen F\u00fchrungskraft und Team<\/li>\n<li class=\"whitespace-normal break-words\">Konflikten zwischen Abteilungen<\/li>\n<li class=\"whitespace-normal break-words\">Gesellschafterkonflikten<\/li>\n<li class=\"whitespace-normal break-words\">Generationskonflikten<\/li>\n<li class=\"whitespace-normal break-words\">Interkulturellen Konflikten<\/li>\n<li class=\"whitespace-normal break-words\">Nachbarschafts- oder Projektkonflikten<\/li>\n<li class=\"whitespace-normal break-words\">Trennungsprozessen im Privaten oder in Organisationen<\/li>\n<\/ul>\n<p class=\"whitespace-normal break-words\">Jedoch ist die Voraussetzung: Alle Beteiligten m\u00fcssen freiwillig teilnehmen, denn nur dann kann Mediation wirklich erfolgreich sein. Au\u00dferdem sollte grunds\u00e4tzlich Interesse an einer L\u00f6sung bestehen.<\/p><\/div><\/div>\n            <\/div>\n\t\t\t<\/div><div class=\"et_pb_module et_d4_element dipl_faq_page_schema_item dipl_faq_page_schema_item_12\">\n\t\t\t\t<div class=\"dipl_faq_item_wrapper\" itemscope itemprop=\"mainEntity\" itemtype=\"https:\/\/schema.org\/Question\">\n                <div class=\"dipl_question_wrapper\"><h2 itemprop=\"name\" id=\"was-kostet-eine-mediation\">Was kostet eine Mediation?<\/h2><\/div>\n                <div class=\"dipl_answer_wrapper\" itemscope itemprop=\"acceptedAnswer\" itemtype=\"https:\/\/schema.org\/Answer\"><div itemprop=\"text\"><p class=\"whitespace-normal break-words\"><strong>Zwei-Parteien-Mediation:<\/strong><\/p>\n<ul class=\"&#091;&amp;:not(:last-child)_ul&#093;:pb-1 &#091;&amp;:not(:last-child)_ol&#093;:pb-1 list-disc space-y-1.5 pl-7\">\n<li class=\"whitespace-normal break-words\">120-220 \u20ac\/Stunde (geteilt durch beide Parteien)<\/li>\n<li class=\"whitespace-normal break-words\">Paket (5 Sitzungen): 1.100 \u20ac<\/li>\n<\/ul>\n<p class=\"whitespace-normal break-words\"><strong>Team-Mediation:<\/strong><\/p>\n<ul class=\"&#091;&amp;:not(:last-child)_ul&#093;:pb-1 &#091;&amp;:not(:last-child)_ol&#093;:pb-1 list-disc space-y-1.5 pl-7\">\n<li class=\"whitespace-normal break-words\">Tagessatz: 1.800-2.500 \u20ac<\/li>\n<li class=\"whitespace-normal break-words\">2-Tages-Intensiv: 3.500 \u20ac<\/li>\n<\/ul>\n<p>Die Kosten werden \u00fcblicherweise zwischen den Parteien geteilt, wobei die Erstberatung grunds\u00e4tzlich kostenlos ist.<\/p><\/div><\/div>\n            <\/div>\n\t\t\t<\/div><div class=\"et_pb_module et_d4_element dipl_faq_page_schema_item dipl_faq_page_schema_item_13\">\n\t\t\t\t<div class=\"dipl_faq_item_wrapper\" itemscope itemprop=\"mainEntity\" itemtype=\"https:\/\/schema.org\/Question\">\n                <div class=\"dipl_question_wrapper\"><h2 itemprop=\"name\" id=\"ist-vertraulichkeit-garantiert\">Ist Vertraulichkeit garantiert?<\/h2><\/div>\n                <div class=\"dipl_answer_wrapper\" itemscope itemprop=\"acceptedAnswer\" itemtype=\"https:\/\/schema.org\/Answer\"><div itemprop=\"text\"><p class=\"whitespace-normal break-words\"><span>Ja, absolut. Als Mediator unterliege ich der Verschwiegenheit. Nichts, was in der Mediation besprochen wird, darf ich ohne Zustimmung aller Beteiligten nach au\u00dfen tragen. Das gilt auch vor Gericht. Diese Vertraulichkeit ist Grundlage f\u00fcr den gesch\u00fctzten Raum der Mediation.<\/span><\/p><\/div><\/div>\n            <\/div>\n\t\t\t<\/div><div class=\"et_pb_module et_d4_element dipl_faq_page_schema_item dipl_faq_page_schema_item_14\">\n\t\t\t\t<div class=\"dipl_faq_item_wrapper\" itemscope itemprop=\"mainEntity\" itemtype=\"https:\/\/schema.org\/Question\">\n                <div class=\"dipl_question_wrapper\"><h5 itemprop=\"name\">Was umfasst Organisationsentwicklungs-Prozess konkret?<\/h5><\/div>\n                <div class=\"dipl_answer_wrapper\" itemscope itemprop=\"acceptedAnswer\" itemtype=\"https:\/\/schema.org\/Answer\"><div itemprop=\"text\"><p class=\"whitespace-normal break-words\">Organisationsentwicklung bedeutet, deine Organisation als Gesamtsystem weiterzuentwickeln:<\/p>\n<ul class=\"&#091;&amp;:not(:last-child)_ul&#093;:pb-1 &#091;&amp;:not(:last-child)_ol&#093;:pb-1 list-disc space-y-1.5 pl-7\">\n<li class=\"whitespace-normal break-words\"><strong>Strukturen:<\/strong> Organigramme, Prozesse, Abl\u00e4ufe optimieren<\/li>\n<li class=\"whitespace-normal break-words\"><strong>Kultur:<\/strong> Werte, Kommunikation, Zusammenarbeit verbessern<\/li>\n<li class=\"whitespace-normal break-words\"><strong>Strategie:<\/strong> Vision, Mission, Ziele entwickeln und umsetzen<\/li>\n<li class=\"whitespace-normal break-words\"><strong>Menschen:<\/strong> Kompetenzen, Rollen, Teams entwickeln<\/li>\n<li class=\"whitespace-normal break-words\"><strong>Change:<\/strong> Ver\u00e4nderungsprozesse gestalten und begleiten<\/li>\n<\/ul>\n<p>Dabei schaue ich grunds\u00e4tzlich auf alle Ebenen, um integrierte L\u00f6sungen zu entwickeln. Denn nur so entstehen nachhaltige Ver\u00e4nderungen.<\/p><\/div><\/div>\n            <\/div>\n\t\t\t<\/div><div class=\"et_pb_module et_d4_element dipl_faq_page_schema_item dipl_faq_page_schema_item_15\">\n\t\t\t\t<div class=\"dipl_faq_item_wrapper\" itemscope itemprop=\"mainEntity\" itemtype=\"https:\/\/schema.org\/Question\">\n                <div class=\"dipl_question_wrapper\"><h2 itemprop=\"name\" id=\"wie-lange-dauert-ein-oe-prozess\">Wie lange dauert ein OE-Prozess?<\/h2><\/div>\n                <div class=\"dipl_answer_wrapper\" itemscope itemprop=\"acceptedAnswer\" itemtype=\"https:\/\/schema.org\/Answer\"><div itemprop=\"text\"><p class=\"whitespace-normal break-words\">Das h\u00e4ngt von Gr\u00f6\u00dfe und Komplexit\u00e4t ab:<\/p>\n<ul class=\"&#091;&amp;:not(:last-child)_ul&#093;:pb-1 &#091;&amp;:not(:last-child)_ol&#093;:pb-1 list-disc space-y-1.5 pl-7\">\n<li class=\"whitespace-normal break-words\"><strong>Kompakt-Analyse:<\/strong> 4-6 Wochen<\/li>\n<li class=\"whitespace-normal break-words\"><strong>Strategieentwicklung:<\/strong> 2-3 Monate<\/li>\n<li class=\"whitespace-normal break-words\"><strong>Change-Prozess:<\/strong> 6-12 Monate<\/li>\n<li class=\"whitespace-normal break-words\"><strong>Kulturentwicklung:<\/strong> 12-24 Monate<\/li>\n<\/ul>\n<p class=\"whitespace-normal break-words\">Allerdings ist wichtig zu verstehen: Organisationsentwicklung ist nie wirklich 'fertig'. Deshalb helfe ich dir dabei, selbstlernende Strukturen aufzubauen, sodass die Entwicklung kontinuierlich weitergeht.<\/p><\/div><\/div>\n            <\/div>\n\t\t\t<\/div><div class=\"et_pb_module et_d4_element dipl_faq_page_schema_item dipl_faq_page_schema_item_16\">\n\t\t\t\t<div class=\"dipl_faq_item_wrapper\" itemscope itemprop=\"mainEntity\" itemtype=\"https:\/\/schema.org\/Question\">\n                <div class=\"dipl_question_wrapper\"><h2 itemprop=\"name\" id=\"kannst-du-auch-kleine-organisationen-begleiten\">Kannst du auch kleine Organisationen begleiten?<\/h2><\/div>\n                <div class=\"dipl_answer_wrapper\" itemscope itemprop=\"acceptedAnswer\" itemtype=\"https:\/\/schema.org\/Answer\"><div itemprop=\"text\"><p class=\"whitespace-normal break-words\">Absolut! Gerade kleine Organisationen profitieren von professioneller Begleitung. Ich biete skalierbare Formate:<\/p>\n<ul class=\"&#091;&amp;:not(:last-child)_ul&#093;:pb-1 &#091;&amp;:not(:last-child)_ol&#093;:pb-1 list-disc space-y-1.5 pl-7\">\n<li class=\"whitespace-normal break-words\"><strong>Starter-Paket<\/strong> f\u00fcr Organisationen bis 10 Personen<\/li>\n<li class=\"whitespace-normal break-words\"><strong>Kompakt-Workshops<\/strong> statt langwieriger Prozesse<\/li>\n<li class=\"whitespace-normal break-words\"><strong>Peer-Learning-Gruppen<\/strong> f\u00fcr Kostenteilung<\/li>\n<li class=\"whitespace-normal break-words\"><strong>Sonderkonditionen<\/strong> f\u00fcr Gemeinn\u00fctzige<\/li>\n<\/ul>\n<p class=\"whitespace-normal break-words\">Tats\u00e4chlich sind kleine Teams sogar oft agiler, weshalb sie Ver\u00e4nderungen schneller umsetzen k\u00f6nnen. Daher macht professionelle Begleitung gerade hier besonders viel Sinn.<\/p><\/div><\/div>\n            <\/div>\n\t\t\t<\/div><div class=\"et_pb_module et_d4_element dipl_faq_page_schema_item dipl_faq_page_schema_item_17\">\n\t\t\t\t<div class=\"dipl_faq_item_wrapper\" itemscope itemprop=\"mainEntity\" itemtype=\"https:\/\/schema.org\/Question\">\n                <div class=\"dipl_question_wrapper\"><h2 itemprop=\"name\" id=\"bietest-du-auch-standard-trainings-an\">Bietest du auch Standard-Trainings an?<\/h2><\/div>\n                <div class=\"dipl_answer_wrapper\" itemscope itemprop=\"acceptedAnswer\" itemtype=\"https:\/\/schema.org\/Answer\"><div itemprop=\"text\"><p class=\"whitespace-normal break-words\">Nein, bewusst nicht. Jede Organisation ist einzigartig, jedes Team hat spezifische Bed\u00fcrfnisse. Ich entwickle ma\u00dfgeschneiderte Workshops, die genau zu euch passen.<\/p>\n<p class=\"whitespace-normal break-words\">Das bedeutet: Vorher sprechen wir \u00fcber eure Situation, eure Ziele, eure Kultur. Dann entwickle ich ein passgenaues Konzept. So ist garantiert, dass der Workshop wirklich wirkt.<\/p><\/div><\/div>\n            <\/div>\n\t\t\t<\/div><div class=\"et_pb_module et_d4_element dipl_faq_page_schema_item dipl_faq_page_schema_item_18\">\n\t\t\t\t<div class=\"dipl_faq_item_wrapper\" itemscope itemprop=\"mainEntity\" itemtype=\"https:\/\/schema.org\/Question\">\n                <div class=\"dipl_question_wrapper\"><h2 itemprop=\"name\" id=\"wie-viele-teilnehmende-sind-optimal\">Wie viele Teilnehmende sind optimal?<\/h2><\/div>\n                <div class=\"dipl_answer_wrapper\" itemscope itemprop=\"acceptedAnswer\" itemtype=\"https:\/\/schema.org\/Answer\"><div itemprop=\"text\"><p class=\"whitespace-normal break-words\">Das h\u00e4ngt vom Format ab:<\/p>\n<ul class=\"&#091;&amp;:not(:last-child)_ul&#093;:pb-1 &#091;&amp;:not(:last-child)_ol&#093;:pb-1 list-disc space-y-1.5 pl-7\">\n<li class=\"whitespace-normal break-words\"><strong>Intensiv-Coaching-Workshop:<\/strong> 6-8 Personen<\/li>\n<li class=\"whitespace-normal break-words\"><strong>Team-Workshop:<\/strong> 8-15 Personen<\/li>\n<li class=\"whitespace-normal break-words\"><strong>Standard-Training:<\/strong> 12-20 Personen<\/li>\n<li class=\"whitespace-normal break-words\"><strong>Gro\u00dfgruppenformat:<\/strong> 20-100+ Personen<\/li>\n<\/ul>\n<p class=\"whitespace-normal break-words\">Als Grundsatz gilt dabei: Je kleiner die Gruppe, desto intensiver die Arbeit. Hingegen bieten gr\u00f6\u00dfere Gruppen mehr Perspektivenvielfalt.<\/p><\/div><\/div>\n            <\/div>\n\t\t\t<\/div><div class=\"et_pb_module et_d4_element dipl_faq_page_schema_item dipl_faq_page_schema_item_19\">\n\t\t\t\t<div class=\"dipl_faq_item_wrapper\" itemscope itemprop=\"mainEntity\" itemtype=\"https:\/\/schema.org\/Question\">\n                <div class=\"dipl_question_wrapper\"><h2 itemprop=\"name\" id=\"machst-du-auch-outdoor-trainings\">Machst du auch Outdoor-Trainings?<\/h2><\/div>\n                <div class=\"dipl_answer_wrapper\" itemscope itemprop=\"acceptedAnswer\" itemtype=\"https:\/\/schema.org\/Answer\"><div itemprop=\"text\"><p class=\"whitespace-normal break-words\"><span>Als Coach bin ich kein klassischer Outdoor-Trainer<\/span>, integriere aber gerne Elemente:<\/p>\n<ul class=\"&#091;&amp;:not(:last-child)_ul&#093;:pb-1 &#091;&amp;:not(:last-child)_ol&#093;:pb-1 list-disc space-y-1.5 pl-7\">\n<li class=\"whitespace-normal break-words\"><strong>Walking-Sessions<\/strong> f\u00fcr Perspektivwechsel<\/li>\n<li class=\"whitespace-normal break-words\"><strong>Arbeit im Park<\/strong> bei gutem Wetter<\/li>\n<li class=\"whitespace-normal break-words\"><strong>Bewegungselemente<\/strong> zur Aktivierung<\/li>\n<\/ul>\n<p class=\"whitespace-normal break-words\">Der Fokus liegt auf dem Inhalt, nicht auf der Action. Hochseilg\u00e4rten wirst du bei mir nicht finden \u2013 daf\u00fcr tiefe, nachhaltige Entwicklungsarbeit.<\/p><\/div><\/div>\n            <\/div>\n\t\t\t<\/div><div class=\"et_pb_module et_d4_element dipl_faq_page_schema_item dipl_faq_page_schema_item_20\">\n\t\t\t\t<div class=\"dipl_faq_item_wrapper\" itemscope itemprop=\"mainEntity\" itemtype=\"https:\/\/schema.org\/Question\">\n                <div class=\"dipl_question_wrapper\"><h2 itemprop=\"name\" id=\"gibt-es-foerdermoeglichkeiten\">Gibt es F\u00f6rderm\u00f6glichkeiten?<\/h2><\/div>\n                <div class=\"dipl_answer_wrapper\" itemscope itemprop=\"acceptedAnswer\" itemtype=\"https:\/\/schema.org\/Answer\"><div itemprop=\"text\"><p class=\"whitespace-normal break-words\">Meine Leistungen sind aktuell nicht \u00fcber \u00f6ffentliche F\u00f6rderprogramme finanzierbar, da ich nicht bei den entsprechenden Stellen registriert bin. Das hat auch Vorteile:<\/p>\n<ul class=\"&#091;&amp;:not(:last-child)_ul&#093;:pb-1 &#091;&amp;:not(:last-child)_ol&#093;:pb-1 list-disc space-y-1.5 pl-7\">\n<li class=\"whitespace-normal break-words\"><strong>Keine B\u00fcrokratie:<\/strong> Wir starten direkt, ohne Antragsverfahren<\/li>\n<li class=\"whitespace-normal break-words\"><strong>Flexibilit\u00e4t:<\/strong> Keine starren F\u00f6rderrichtlinien schr\u00e4nken uns ein<\/li>\n<li class=\"whitespace-normal break-words\"><strong>Schnelligkeit:<\/strong> Kein Warten auf Bewilligungen<\/li>\n<\/ul>\n<p class=\"whitespace-normal break-words\"><strong>Alternativen zur Finanzierung:<\/strong><\/p>\n<ul class=\"&#091;&amp;:not(:last-child)_ul&#093;:pb-1 &#091;&amp;:not(:last-child)_ol&#093;:pb-1 list-disc space-y-1.5 pl-7\">\n<li class=\"whitespace-normal break-words\">Viele Unternehmen haben eigene Weiterbildungsbudgets<\/li>\n<li class=\"whitespace-normal break-words\">Au\u00dferdem sind Coaching und Beratung steuerlich absetzbar<\/li>\n<li class=\"whitespace-normal break-words\">Bei Bedarf ist Ratenzahlung nach Absprache m\u00f6glich<\/li>\n<li class=\"whitespace-normal break-words\">Zus\u00e4tzlich gibt es Sonderkonditionen f\u00fcr Gemeinn\u00fctzige<\/li>\n<\/ul>\n<p class=\"whitespace-normal break-words\">Ich berate dich gerne zu individuellen Finanzierungsm\u00f6glichkeiten.<\/p><\/div><\/div>\n            <\/div>\n\t\t\t<\/div><div class=\"et_pb_module et_d4_element dipl_faq_page_schema_item dipl_faq_page_schema_item_21\">\n\t\t\t\t<div class=\"dipl_faq_item_wrapper\" itemscope itemprop=\"mainEntity\" itemtype=\"https:\/\/schema.org\/Question\">\n                <div class=\"dipl_question_wrapper\"><h2 itemprop=\"name\" id=\"warum-unterschiedliche-preise-fuer-verschiedene-zielgruppen\">Warum unterschiedliche Preise f\u00fcr verschiedene Zielgruppen?<\/h2><\/div>\n                <div class=\"dipl_answer_wrapper\" itemscope itemprop=\"acceptedAnswer\" itemtype=\"https:\/\/schema.org\/Answer\"><div itemprop=\"text\"><p class=\"whitespace-normal break-words\">Weil meine Arbeit allen zug\u00e4nglich sein soll, die sie brauchen, habe ich folgendes System entwickelt:<\/p>\n<ul class=\"&#091;&amp;:not(:last-child)_ul&#093;:pb-1 &#091;&amp;:not(:last-child)_ol&#093;:pb-1 list-disc space-y-1.5 pl-7\">\n<li class=\"whitespace-normal break-words\"><strong>Unternehmen<\/strong> zahlen markt\u00fcbliche Preise<\/li>\n<li class=\"whitespace-normal break-words\"><strong>Gemeinn\u00fctzige<\/strong> erhalten reduzierte S\u00e4tze<\/li>\n<li class=\"whitespace-normal break-words\"><strong>LGBTQIA+ Community<\/strong> bekommt Sonderkonditionen<\/li>\n<li class=\"whitespace-normal break-words\"><strong>Pro-Bono-Kontingent<\/strong> f\u00fcr besondere F\u00e4lle<\/li>\n<\/ul>\n<p class=\"whitespace-normal break-words\">So k\u00f6nnen die, die mehr haben, die unterst\u00fctzen, die weniger haben. Solidarit\u00e4t in der Praxis.<\/p><\/div><\/div>\n            <\/div>\n\t\t\t<\/div><div class=\"et_pb_module et_d4_element dipl_faq_page_schema_item dipl_faq_page_schema_item_22\">\n\t\t\t\t<div class=\"dipl_faq_item_wrapper\" itemscope itemprop=\"mainEntity\" itemtype=\"https:\/\/schema.org\/Question\">\n                <div class=\"dipl_question_wrapper\"><h2 itemprop=\"name\" id=\"kann-man-dich-auch-stundenweise-buchen\">Kann man dich auch stundenweise buchen?<\/h2><\/div>\n                <div class=\"dipl_answer_wrapper\" itemscope itemprop=\"acceptedAnswer\" itemtype=\"https:\/\/schema.org\/Answer\"><div itemprop=\"text\"><p class=\"whitespace-normal break-words\">Ja, jedoch:<\/p>\n<ul class=\"&#091;&amp;:not(:last-child)_ul&#093;:pb-1 &#091;&amp;:not(:last-child)_ol&#093;:pb-1 list-disc space-y-1.5 pl-7\">\n<li class=\"whitespace-normal break-words\"><strong>Coaching:<\/strong> Mindestens 3 Sitzungen f\u00fcr nachhaltige Wirkung<\/li>\n<li class=\"whitespace-normal break-words\"><strong>Beratung:<\/strong> Stundenweise m\u00f6glich ab 2 Stunden<\/li>\n<li class=\"whitespace-normal break-words\"><strong>Sparring:<\/strong> Einzelstunden f\u00fcr konkrete Fragen<\/li>\n<li class=\"whitespace-normal break-words\"><strong>Supervision:<\/strong> Regelm\u00e4\u00dfig oder nach Bedarf<\/li>\n<\/ul>\n<p class=\"whitespace-normal break-words\">F\u00fcr einmalige Kurzberatungen (unter 2 Stunden) berechne ich einen Aufschlag von 25%.<\/p><\/div><\/div>\n            <\/div>\n\t\t\t<\/div><div class=\"et_pb_module et_d4_element dipl_faq_page_schema_item dipl_faq_page_schema_item_23\">\n\t\t\t\t<div class=\"dipl_faq_item_wrapper\" itemscope itemprop=\"mainEntity\" itemtype=\"https:\/\/schema.org\/Question\">\n                <div class=\"dipl_question_wrapper\"><h2 itemprop=\"name\" id=\"wie-schnell-kann-es-losgehen\">Wie schnell kann es losgehen?<\/h2><\/div>\n                <div class=\"dipl_answer_wrapper\" itemscope itemprop=\"acceptedAnswer\" itemtype=\"https:\/\/schema.org\/Answer\"><div itemprop=\"text\"><p class=\"whitespace-normal break-words\"><span>Das Erstgespr\u00e4ch ist <\/span><strong>meist<\/strong><span> innerhalb von 2-5 Tagen m\u00f6glich, <\/span><strong>w\u00e4hrend<\/strong><span> der Coaching-Start <\/span><strong>dann<\/strong><span> 1-2 Wochen nach dem Erstgespr\u00e4ch erfolgt. <\/span><strong>F\u00fcr<\/strong><span> Workshops plane ich 2-4 Wochen Vorlauf ein, <\/span><strong>jedoch<\/strong><span> kann Mediation bei Dringlichkeit <\/span><strong>sogar <\/strong><span>innerhalb von 48 Stunden starten.<\/span><\/p>\n<p class=\"whitespace-normal break-words\"><span>F\u00fcr dringende F\u00e4lle halte ich immer Kapazit\u00e4ten frei<\/span>.<\/p><\/div><\/div>\n            <\/div>\n\t\t\t<\/div><div class=\"et_pb_module et_d4_element dipl_faq_page_schema_item dipl_faq_page_schema_item_24\">\n\t\t\t\t<div class=\"dipl_faq_item_wrapper\" itemscope itemprop=\"mainEntity\" itemtype=\"https:\/\/schema.org\/Question\">\n                <div class=\"dipl_question_wrapper\"><h2 itemprop=\"name\" id=\"wo-finden-deine-leistungen-statt\">Wo finden deine Leistungen statt?<\/h2><\/div>\n                <div class=\"dipl_answer_wrapper\" itemscope itemprop=\"acceptedAnswer\" itemtype=\"https:\/\/schema.org\/Answer\"><div itemprop=\"text\"><p class=\"whitespace-normal break-words\">Flexibel nach deinem Bedarf:<\/p>\n<ul class=\"&#091;&amp;:not(:last-child)_ul&#093;:pb-1 &#091;&amp;:not(:last-child)_ol&#093;:pb-1 list-disc space-y-1.5 pl-7\">\n<li class=\"whitespace-normal break-words\"><strong>Mein Raum in Berlin-Prenzlauer Berg:<\/strong> Ruhige, vertrauliche Atmosph\u00e4re<\/li>\n<li class=\"whitespace-normal break-words\"><strong>Bei dir vor Ort:<\/strong> In deinen R\u00e4umen, deutschlandweit<\/li>\n<li class=\"whitespace-normal break-words\"><strong>Externe Location:<\/strong> Neutrale Orte, Tagungsh\u00e4user<\/li>\n<li class=\"whitespace-normal break-words\"><strong>Online:<\/strong> Via Zoom, Google Meets oder deiner Plattform<\/li>\n<li class=\"whitespace-normal break-words\"><strong>Hybrid:<\/strong> Mix aus Pr\u00e4senz und Online<\/li>\n<\/ul>\n<p class=\"whitespace-normal break-words\"><span>Die Ortswahl besprechen wir gemeinsam \u2013 sie sollte zum Prozess passen. Mehr Details zu den verschiedenen Settings findest du in den anderen Abschnitten dieser <\/span><strong>Coaching Mediation FAQ Berlin<\/strong><span> Seite.<\/span><\/p><\/div><\/div>\n            <\/div>\n\t\t\t<\/div><div class=\"et_pb_module et_d4_element dipl_faq_page_schema_item dipl_faq_page_schema_item_25\">\n\t\t\t\t<div class=\"dipl_faq_item_wrapper\" itemscope itemprop=\"mainEntity\" itemtype=\"https:\/\/schema.org\/Question\">\n                <div class=\"dipl_question_wrapper\"><h2 itemprop=\"name\" id=\"was-passiert-zwischen-den-sitzungen\">Was passiert zwischen den Sitzungen?<\/h2><\/div>\n                <div class=\"dipl_answer_wrapper\" itemscope itemprop=\"acceptedAnswer\" itemtype=\"https:\/\/schema.org\/Answer\"><div itemprop=\"text\"><p class=\"whitespace-normal break-words\">Der Prozess geht weiter:<\/p>\n<p>Einerseits gibt es Reflexionsaufgaben zur Vertiefung.<br \/>Andererseits f\u00fchrst du Umsetzungsexperimente im Alltag durch.<br \/>Zus\u00e4tzlich biete ich E-Mail-Support bei dringenden Fragen.<br \/>Au\u00dferdem erh\u00e4ltst du Materialien zum Nachlesen.<br \/>Optional steht dir auch WhatsApp\/Telegram\/Signal-Support zur Verf\u00fcgung.<\/p>\n<p class=\"whitespace-normal break-words\">Denn die eigentliche Ver\u00e4nderung passiert zwischen unseren Treffen \u2013 deshalb gebe ich dir Werkzeuge daf\u00fcr mit. Au\u00dferdem stehe ich bei Bedarf per E-Mail zur Verf\u00fcgung.<\/p><\/div><\/div>\n            <\/div>\n\t\t\t<\/div><div class=\"et_pb_module et_d4_element dipl_faq_page_schema_item dipl_faq_page_schema_item_26\">\n\t\t\t\t<div class=\"dipl_faq_item_wrapper\" itemscope itemprop=\"mainEntity\" itemtype=\"https:\/\/schema.org\/Question\">\n                <div class=\"dipl_question_wrapper\"><h2 itemprop=\"name\" id=\"wie-verbindlich-sind-deine-prozesse\">Wie verbindlich sind deine Prozesse?<\/h2><\/div>\n                <div class=\"dipl_answer_wrapper\" itemscope itemprop=\"acceptedAnswer\" itemtype=\"https:\/\/schema.org\/Answer\"><div itemprop=\"text\"><p class=\"whitespace-normal break-words\"><strong>Grundsatz:<\/strong> Freiwilligkeit und Flexibilit\u00e4t<\/p>\n<ul class=\"&#091;&amp;:not(:last-child)_ul&#093;:pb-1 &#091;&amp;:not(:last-child)_ol&#093;:pb-1 list-disc space-y-1.5 pl-7\">\n<li class=\"whitespace-normal break-words\">Du kannst jederzeit aussteigen (mit fairer Vorank\u00fcndigung)<\/li>\n<li class=\"whitespace-normal break-words\">Wir evaluieren regelm\u00e4\u00dfig und passen an<\/li>\n<li class=\"whitespace-normal break-words\">Keine Knebelvertr\u00e4ge, keine versteckten Kosten<\/li>\n<li class=\"whitespace-normal break-words\">Transparente Vereinbarungen<\/li>\n<\/ul>\n<p class=\"whitespace-normal break-words\">Verbindlichkeit entsteht durch Qualit\u00e4t, nicht durch Vertr\u00e4ge.<\/p><\/div><\/div>\n            <\/div>\n\t\t\t<\/div><div class=\"et_pb_module et_d4_element dipl_faq_page_schema_item dipl_faq_page_schema_item_27\">\n\t\t\t\t<div class=\"dipl_faq_item_wrapper\" itemscope itemprop=\"mainEntity\" itemtype=\"https:\/\/schema.org\/Question\">\n                <div class=\"dipl_question_wrapper\"><h2 itemprop=\"name\" id=\"wo-finde-ich-weitere-infos-zu-deinem-coaching-und-mediation-angebot-in-berlin\">Wo finde ich weitere Infos zu deinem Coaching und Mediation Angebot in Berlin?<\/h2><\/div>\n                <div class=\"dipl_answer_wrapper\" itemscope itemprop=\"acceptedAnswer\" itemtype=\"https:\/\/schema.org\/Answer\"><div itemprop=\"text\"><p class=\"whitespace-normal break-words\"><span>Neben dieser <\/span><strong>Coaching Mediation FAQ Berlin<\/strong><span> Seite findest du detaillierte Informationen auf meinen Unterseiten zu Coaching, Mediation und Organisationsentwicklung. Au\u00dferdem kannst du mich jederzeit direkt kontaktieren, wenn deine spezifische Frage hier nicht beantwortet wurde.<\/span><\/p><\/div><\/div>\n            <\/div>\n\t\t\t<\/div><\/div>\n\t\t\t<\/div>\n\n\n<div class=\"et_pb_text_2 et_pb_text et_pb_bg_layout_light et_pb_module et_block_module preset--module--divi-text--2869322e-9c99-4d25-bb14-da3370c8d955\"><div class=\"et_pb_text_inner\"><p><span>Das waren die wichtigsten Fragen aus meiner <\/span><strong>Coaching Mediation FAQ Berlin<\/strong><span> Sammlung. Diese FAQ-Seite wird regelm\u00e4\u00dfig erweitert, basierend auf den Fragen meiner Berliner Klient*innen. Falls deine Frage zu <\/span><strong>Coaching und Mediation in Berlin<\/strong><span> hier nicht dabei war, schreib mir gerne direkt.<\/span><\/p>\n<\/div><\/div>\n\n<div class=\"et_pb_image_0 et_pb_image et_pb_module et_block_module\"><span class=\"et_pb_image_wrap\"><img loading=\"lazy\" decoding=\"async\" src=\"https:\/\/veraenderungsarchitekt.de\/wp-content\/uploads\/2025\/09\/Marcel-Weber-2025_michaelgeipel.de_web-16.avif\" width=\"1200\" height=\"800\" srcset=\"https:\/\/veraenderungsarchitekt.de\/wp-content\/uploads\/2025\/09\/Marcel-Weber-2025_michaelgeipel.de_web-16.avif 1200w, https:\/\/veraenderungsarchitekt.de\/wp-content\/uploads\/2025\/09\/Marcel-Weber-2025_michaelgeipel.de_web-16-300x200.avif 300w, https:\/\/veraenderungsarchitekt.de\/wp-content\/uploads\/2025\/09\/Marcel-Weber-2025_michaelgeipel.de_web-16-1024x683.avif 1024w, https:\/\/veraenderungsarchitekt.de\/wp-content\/uploads\/2025\/09\/Marcel-Weber-2025_michaelgeipel.de_web-16-768x512.avif 768w, https:\/\/veraenderungsarchitekt.de\/wp-content\/uploads\/2025\/09\/Marcel-Weber-2025_michaelgeipel.de_web-16-1080x720.avif 1080w, https:\/\/veraenderungsarchitekt.de\/wp-content\/uploads\/2025\/09\/Marcel-Weber-2025_michaelgeipel.de_web-16-980x653.avif 980w, https:\/\/veraenderungsarchitekt.de\/wp-content\/uploads\/2025\/09\/Marcel-Weber-2025_michaelgeipel.de_web-16-480x320.avif 480w\" sizes=\"(max-width: 1200px) 100vw, 1200px\" class=\"wp-image-54\" title=\"Marcel Weber 2025_michaelgeipel.de_web-16\" alt=\"Marcel Weber begleitet als Coach Klientin in einem Walk and Talk\" \/><\/span><\/div>\n<\/div>\n<\/div>\n<\/div>\n\n<div class=\"et_pb_section_1 et_pb_section et_section_regular et_block_section\">\n<div class=\"et_pb_row_1 et_pb_row et_pb_gutters2 et_block_row\">\n<div class=\"et_pb_column_1 et_pb_column et_pb_column_1_2 et_block_column et_pb_css_mix_blend_mode_passthrough\">\n<div class=\"et_pb_image_1 et_pb_image et_pb_module et_block_module\"><span class=\"et_pb_image_wrap\"><img loading=\"lazy\" decoding=\"async\" src=\"https:\/\/veraenderungsarchitekt.de\/wp-content\/uploads\/2025\/09\/career-coach-illustration-05@2x-1-1.avif\" width=\"240\" height=\"400\" srcset=\"https:\/\/veraenderungsarchitekt.de\/wp-content\/uploads\/2025\/09\/career-coach-illustration-05@2x-1-1.avif 240w, https:\/\/veraenderungsarchitekt.de\/wp-content\/uploads\/2025\/09\/career-coach-illustration-05@2x-1-1-180x300.avif 180w\" sizes=\"(max-width: 240px) 100vw, 240px\" class=\"wp-image-151\" title=\"career-coach-illustration-05@2x\" alt=\"Change Management und Transformation - Beratung f\u00fcr Organisationsentwicklung\" \/><\/span><\/div>\n\n<div class=\"et_pb_text_3 et_pb_text et_pb_bg_layout_light et_pb_module et_block_module preset--module--divi-text--e3893e62-b7d6-4467-b54d-b920e5e0fe0e\"><div class=\"et_pb_text_inner\"><h4>Change- &amp; Transformationsberatung<\/h4>\n<\/div><\/div>\n\n<div class=\"et_pb_text_4 et_pb_text et_pb_bg_layout_light et_pb_module et_block_module preset--module--divi-text--54675a57-ffa2-4053-9606-d050e30581c7\"><div class=\"et_pb_text_inner\"><h3 id=\"in-organisationen\">In Organisationen<\/h3>\n<\/div><\/div>\n\n<div class=\"et_pb_module et_pb_button_module_wrapper et_pb_button_0_wrapper preset--module--divi-button--82bc54da-3b8a-4354-853f-8ece6fe55b8c_wrapper\"><a class=\"et_pb_button_0 et_pb_button et_pb_bg_layout_light et_pb_module et_block_module preset--module--divi-button--82bc54da-3b8a-4354-853f-8ece6fe55b8c\" href=\"https:\/\/veraenderungsarchitekt.de\/coaching-mediation-beratung-berlin\/organisationsentwicklung-berlin\/\">Mehr erfahren<\/a><\/div>\n<\/div>\n\n<div class=\"et_pb_column_2 et_pb_column et_pb_column_1_2 et-last-child et_block_column et_pb_css_mix_blend_mode_passthrough\">\n<div class=\"et_pb_image_2 et_pb_image et_pb_module et_block_module\"><span class=\"et_pb_image_wrap\"><img loading=\"lazy\" decoding=\"async\" src=\"https:\/\/veraenderungsarchitekt.de\/wp-content\/uploads\/2025\/09\/career-coach-illustration-08@2x-1.avif\" width=\"240\" height=\"400\" srcset=\"https:\/\/veraenderungsarchitekt.de\/wp-content\/uploads\/2025\/09\/career-coach-illustration-08@2x-1.avif 240w, https:\/\/veraenderungsarchitekt.de\/wp-content\/uploads\/2025\/09\/career-coach-illustration-08@2x-1-180x300.avif 180w\" sizes=\"(max-width: 240px) 100vw, 240px\" class=\"wp-image-152\" title=\"career-coach-illustration-08@2x\" alt=\"FAQ Konfliktmediation - Antworten zu Mediation, Coaching und Konfliktl\u00f6sung in Berlin\" \/><\/span><\/div>\n\n<div class=\"et_pb_text_5 et_pb_text et_pb_bg_layout_light et_pb_module et_block_module preset--module--divi-text--e3893e62-b7d6-4467-b54d-b920e5e0fe0e\"><div class=\"et_pb_text_inner\"><h4>Konfliktmediation<\/h4>\n<\/div><\/div>\n\n<div class=\"et_pb_text_6 et_pb_text et_pb_bg_layout_light et_pb_module et_block_module preset--module--divi-text--54675a57-ffa2-4053-9606-d050e30581c7\"><div class=\"et_pb_text_inner\"><h3 id=\"loesungen-im-streit\">L\u00f6sungen im Streit<\/h3>\n<\/div><\/div>\n\n<div class=\"et_pb_module et_pb_button_module_wrapper et_pb_button_1_wrapper preset--module--divi-button--82bc54da-3b8a-4354-853f-8ece6fe55b8c_wrapper\"><a class=\"et_pb_button_1 et_pb_button et_pb_bg_layout_light et_pb_module et_block_module preset--module--divi-button--82bc54da-3b8a-4354-853f-8ece6fe55b8c\" href=\"https:\/\/veraenderungsarchitekt.de\/coaching-mediation-beratung-berlin\/mediation-berlin\/\">Mehr erfahren<\/a><\/div>\n<\/div>\n<\/div>\n\n<div class=\"et_pb_row_2 et_pb_row et_pb_gutters2 et_block_row\">\n<div class=\"et_pb_column_3 et_pb_column et_pb_column_1_2 et_block_column et_pb_css_mix_blend_mode_passthrough\">\n<div class=\"et_pb_image_3 et_pb_image et_pb_module et_block_module\"><span class=\"et_pb_image_wrap\"><img loading=\"lazy\" decoding=\"async\" src=\"https:\/\/veraenderungsarchitekt.de\/wp-content\/uploads\/2025\/09\/career-coach-illustration-orange-02@2x-1.avif\" width=\"240\" height=\"400\" srcset=\"https:\/\/veraenderungsarchitekt.de\/wp-content\/uploads\/2025\/09\/career-coach-illustration-orange-02@2x-1.avif 240w, https:\/\/veraenderungsarchitekt.de\/wp-content\/uploads\/2025\/09\/career-coach-illustration-orange-02@2x-1-180x300.avif 180w\" sizes=\"(max-width: 240px) 100vw, 240px\" class=\"wp-image-153\" title=\"career-coach-illustration-orange-02@2x\" alt=\"FAQ Business Coaching - Antworten zu Coaching-Ablauf, Kosten und pers\u00f6nlicher Entwicklung\" \/><\/span><\/div>\n\n<div class=\"et_pb_text_7 et_pb_text et_pb_bg_layout_light et_pb_module et_block_module preset--module--divi-text--e3893e62-b7d6-4467-b54d-b920e5e0fe0e\"><div class=\"et_pb_text_inner\"><h4>Coaching &amp; Empowerment<\/h4>\n<\/div><\/div>\n\n<div class=\"et_pb_text_8 et_pb_text et_pb_bg_layout_light et_pb_module et_block_module preset--module--divi-text--54675a57-ffa2-4053-9606-d050e30581c7\"><div class=\"et_pb_text_inner\"><h3 id=\"deine-entwicklung\">Deine Entwicklung<\/h3>\n<\/div><\/div>\n\n<div class=\"et_pb_module et_pb_button_module_wrapper et_pb_button_2_wrapper preset--module--divi-button--e1820615-17d4-430c-a985-4046ad00187f_wrapper\"><a class=\"et_pb_button_2 et_pb_button et_pb_bg_layout_light et_pb_module et_block_module preset--module--divi-button--e1820615-17d4-430c-a985-4046ad00187f\" href=\"https:\/\/veraenderungsarchitekt.de\/coaching-mediation-beratung-berlin\/coaching-berlin\/\">Mehr erfahren<\/a><\/div>\n<\/div>\n\n<div class=\"et_pb_column_4 et_pb_column et_pb_column_1_2 et-last-child et_block_column et_pb_css_mix_blend_mode_passthrough\">\n<div class=\"et_pb_image_4 et_pb_image et_pb_module et_block_module\"><span class=\"et_pb_image_wrap\"><img loading=\"lazy\" decoding=\"async\" src=\"https:\/\/veraenderungsarchitekt.de\/wp-content\/uploads\/2025\/09\/career-coach-illustration-07@2x-1.avif\" width=\"240\" height=\"400\" srcset=\"https:\/\/veraenderungsarchitekt.de\/wp-content\/uploads\/2025\/09\/career-coach-illustration-07@2x-1.avif 240w, https:\/\/veraenderungsarchitekt.de\/wp-content\/uploads\/2025\/09\/career-coach-illustration-07@2x-1-180x300.avif 180w\" sizes=\"(max-width: 240px) 100vw, 240px\" class=\"wp-image-154\" title=\"career-coach-illustration-07@2x\" alt=\"Workshops und Trainings - Teamentwicklung und Kommunikation f\u00fcr Gruppen\" \/><\/span><\/div>\n\n<div class=\"et_pb_text_9 et_pb_text et_pb_bg_layout_light et_pb_module et_block_module preset--module--divi-text--e3893e62-b7d6-4467-b54d-b920e5e0fe0e\"><div class=\"et_pb_text_inner\"><h4>Workshops &amp; Trainings<\/h4>\n<\/div><\/div>\n\n<div class=\"et_pb_text_10 et_pb_text et_pb_bg_layout_light et_pb_module et_block_module preset--module--divi-text--54675a57-ffa2-4053-9606-d050e30581c7\"><div class=\"et_pb_text_inner\"><h3 id=\"fuer-teams\">F\u00fcr Teams<\/h3>\n<\/div><\/div>\n\n<div class=\"et_pb_module et_pb_button_module_wrapper et_pb_button_3_wrapper preset--module--divi-button--82bc54da-3b8a-4354-853f-8ece6fe55b8c_wrapper\"><a class=\"et_pb_button_3 et_pb_button et_pb_bg_layout_light et_pb_module et_block_module preset--module--divi-button--82bc54da-3b8a-4354-853f-8ece6fe55b8c\" href=\"https:\/\/veraenderungsarchitekt.de\/coaching-mediation-beratung-berlin\/workshops-trainings-berlin\/\">Mehr erfahren<\/a><\/div>\n<\/div>\n<\/div>\n<\/div>\n\n<div class=\"et_pb_section_2 et_pb_section et_section_regular et_block_section\">\n<div class=\"et_pb_row_3 et_pb_row et_pb_equal_columns et_block_row\">\n<div class=\"et_pb_column_5 et_pb_column et_pb_column_1_3 et_block_column et_pb_css_mix_blend_mode_passthrough et_pb_section_parallax\"><span class=\"et-pb-parallax-wrapper et-pb-parallax-hidden-phone\"><span class=\"et-pb-parallax-background et-pb-parallax-background-module--divi-column-5\" style=\"background-image:url(https:\/\/veraenderungsarchitekt.de\/wp-content\/uploads\/2025\/09\/Marci-Bonus-Pics_2.000px-lange-Kante_web-57.avif)\"><\/span><\/span>\n<div class=\"et_pb_divider_0 et_pb_divider_hidden et_pb_space et_pb_divider_position_top et_pb_module\"><div class=\"et_pb_divider_internal\"><\/div><\/div>\n<\/div>\n\n<div class=\"et_pb_column_6 et_pb_column et_pb_column_2_3 et-last-child et_block_column et_pb_css_mix_blend_mode_passthrough\">\n<div class=\"et_pb_text_11 et_pb_text et_pb_bg_layout_light et_pb_module et_block_module preset--module--divi-text--5a6db22d-d9f2-4d3b-8bd6-d2390c23d62f\"><div class=\"et_pb_text_inner\"><h2 id=\"bereit-fuer-veraenderung-lass-uns-sprechen\"><span>Bereit f\u00fcr Ver\u00e4nderung? Lass uns sprechen<\/span><\/h2>\n<\/div><\/div>\n\n<div class=\"et_pb_contact_form_0 et_pb_contact_form_container clearfix et_pb_recaptcha_enabled et_pb_module et_flex_module\" data-form_unique_num=\"0\" data-form_unique_id=\"3b9ff40e-5f34-4f1e-8605-88cf2b55a7ef\" id=\"et_pb_contact_form_3b9ff40e-5f34-4f1e-8605-88cf2b55a7ef\"><div class=\"et-pb-contact-message\"><\/div><div class=\"et_pb_contact\"><form class=\"et_pb_contact_form et_flex_module\" method=\"post\" action=\"https:\/\/veraenderungsarchitekt.de\/coaching-mediation-beratung-berlin\/wp-json\/wp\/v2\/pages\/549\">\n<div class=\"et_pb_contact_field_0 et_pb_contact_field et_pb_module et_flex_module et_flex_column_24_24 et_flex_column_24_24_tablet et_flex_column_24_24_phone\" data-id=\"name\" data-type=\"input\"><label class=\"et_pb_contact_form_label\" for=\"et_pb_contact_0_name_0\">Name<\/label><input type=\"text\" name=\"et_pb_contact_0_name_0\" id=\"et_pb_contact_0_name_0\" class=\"input\" data-required_mark=\"required\" data-field_type=\"input\" data-original_id=\"name\" placeholder=\"Name\" title=\"\" value=\"\" \/><\/div>\n\n<div class=\"et_pb_contact_field_1 et_pb_contact_field et_pb_module et_flex_module et_flex_column_24_24 et_flex_column_24_24_tablet et_flex_column_24_24_phone\" data-id=\"email\" data-type=\"email\"><label class=\"et_pb_contact_form_label\" for=\"et_pb_contact_0_email_1\">Email Addresse<\/label><input type=\"text\" name=\"et_pb_contact_0_email_1\" id=\"et_pb_contact_0_email_1\" class=\"input\" data-required_mark=\"required\" data-field_type=\"email\" data-original_id=\"email\" placeholder=\"Email Addresse\" title=\"\" value=\"\" \/><\/div>\n\n<div class=\"et_pb_contact_field_2 et_pb_contact_field et_pb_module et_flex_module et_flex_column_24_24 et_flex_column_24_24_tablet et_flex_column_24_24_phone\" data-id=\"phone\" data-type=\"input\"><label class=\"et_pb_contact_form_label\" for=\"et_pb_contact_0_phone_2\" data-et-mv-hidden-tablet=\"true\" data-et-mv-hidden-phone=\"true\">Telefonnummer f\u00fcr R\u00fcckfragen<\/label><input type=\"text\" name=\"et_pb_contact_0_phone_2\" id=\"et_pb_contact_0_phone_2\" class=\"input\" data-required_mark=\"required\" data-field_type=\"input\" data-original_id=\"phone\" placeholder=\"Telefonnummer f\u00fcr R\u00fcckfragen\" title=\"\" value=\"\" \/><\/div>\n\n<div class=\"et_pb_contact_field_3 et_pb_contact_field et_pb_module et_flex_module et_flex_column_24_24 et_flex_column_24_24_tablet et_flex_column_24_24_phone\" data-id=\"message\" data-type=\"text\"><label class=\"et_pb_contact_form_label\" for=\"et_pb_contact_0_message_3\">Nachricht<\/label><textarea name=\"et_pb_contact_0_message_3\" id=\"et_pb_contact_0_message_3\" class=\"et_pb_contact_message input\" data-required_mark=\"required\" data-field_type=\"text\" data-original_id=\"message\" placeholder=\"Nachricht\"><\/textarea><\/div>\n<input type=\"hidden\" name=\"et_pb_contactform_submit_3b9ff40e-5f34-4f1e-8605-88cf2b55a7ef\" value=\"et_contact_proccess\" \/><div class=\"et_contact_bottom_container\"><div class=\"et_pb_button_wrapper\"><button type=\"submit\" name=\"et_builder_submit_button\" class=\"et_pb_button et_pb_contact_submit\">Absenden<\/button><\/div><\/div><input type=\"hidden\" id=\"_wpnonce-et-pb-contact-form-submitted-3b9ff40e-5f34-4f1e-8605-88cf2b55a7ef\" name=\"_wpnonce-et-pb-contact-form-submitted-3b9ff40e-5f34-4f1e-8605-88cf2b55a7ef\" value=\"adf7703a60\" \/><input type=\"hidden\" name=\"_wp_http_referer\" value=\"\/coaching-mediation-beratung-berlin\/wp-json\/wp\/v2\/pages\/549\" \/><\/form><\/div><\/div>\n\n<div class=\"et_pb_module et_pb_button_module_wrapper et_pb_button_4_wrapper preset--module--divi-button--ef98e337-0947-484b-9750-6d3202769835_wrapper\"><a class=\"et_pb_button_4 et_pb_button et_pb_bg_layout_light et_pb_module et_block_module preset--module--divi-button--ef98e337-0947-484b-9750-6d3202769835\" href=\"https:\/\/zeeg.me\/marcelweber\/30min\" target=\"_blank\">30 min. kostenfrei<\/a><\/div>\n<\/div>\n<\/div>\n<\/div>\n\n<div class=\"et_pb_section_3 et_pb_section et_section_regular et_block_section\">\n<div class=\"et_pb_row_4 et_pb_row et_block_row\">\n<div class=\"et_pb_column_7 et_pb_column et_pb_column_1_3 et_block_column et_pb_css_mix_blend_mode_passthrough\">\n<div class=\"et_pb_text_12 et_pb_text et_pb_bg_layout_light et_pb_module et_block_module preset--module--divi-text--d9656736-106e-433d-92a0-3513c52df5d4\"><div class=\"et_pb_text_inner\"><h6>Email<\/h6>\n<\/div><\/div>\n\n<div class=\"et_pb_text_13 et_pb_text et_pb_bg_layout_light et_pb_module et_block_module preset--module--divi-text--2a32efeb-110d-4812-8cc1-80c3d99e8803\"><div class=\"et_pb_text_inner\"><h5><a href=\"mailto:hallo@veraenderungsarchitekt.de\">hallo@veraenderungsarchitekt.de<\/a><\/h5>\n<\/div><\/div>\n\n<div class=\"et_pb_text_14 et_pb_text et_pb_bg_layout_light et_pb_module et_block_module preset--module--divi-text--d9656736-106e-433d-92a0-3513c52df5d4\"><div class=\"et_pb_text_inner\"><h6>Telefon<\/h6>\n<\/div><\/div>\n\n<div class=\"et_pb_text_15 et_pb_text et_pb_bg_layout_light et_pb_module et_block_module preset--module--divi-text--8f17ddf6-94f5-4f4c-b8f4-4c9f813f7505\"><div class=\"et_pb_text_inner\"><p><span>(030) 48 49 38 91<\/span><\/p>\n<\/div><\/div>\n\n<div class=\"et_pb_text_16 et_pb_text et_pb_bg_layout_light et_pb_module et_block_module preset--module--divi-text--d9656736-106e-433d-92a0-3513c52df5d4\"><div class=\"et_pb_text_inner\"><h6>Adresse<\/h6>\n<\/div><\/div>\n\n<div class=\"et_pb_text_17 et_pb_text et_pb_bg_layout_light et_pb_module et_block_module preset--module--divi-text--8f17ddf6-94f5-4f4c-b8f4-4c9f813f7505\"><div class=\"et_pb_text_inner\"><p>Prenzlauer Allee 217<br \/>10405 Berlin<\/p>\n<\/div><\/div>\n<\/div>\n\n<div class=\"et_pb_column_8 et_pb_column et_pb_column_1_3 et_block_column et_pb_css_mix_blend_mode_passthrough\">\n<div class=\"et_pb_text_18 et_pb_text et_pb_bg_layout_light et_pb_module et_block_module preset--module--divi-text--d9656736-106e-433d-92a0-3513c52df5d4\"><div class=\"et_pb_text_inner\"><h6>Follow<\/h6>\n<\/div><\/div>\n\n<div class=\"et_pb_text_19 et_pb_text et_pb_bg_layout_light et_pb_module et_block_module preset--module--divi-text--3c83b4a0-00a3-4a9c-abe5-583e64d9b151\"><div class=\"et_pb_text_inner\"><h3 id=\"linkedin\"><a href=\"https:\/\/www.linkedin.com\/in\/marcel-weber-berlin\/\" target=\"_blank\" rel=\"noopener\">LinkedIn<\/a><\/h3>\n<\/div><\/div>\n\n<div class=\"et_pb_text_20 et_pb_text et_pb_bg_layout_light et_pb_module et_block_module preset--module--divi-text--3c83b4a0-00a3-4a9c-abe5-583e64d9b151\"><div class=\"et_pb_text_inner\"><h3 id=\"instagram\"><a href=\"https:\/\/www.instagram.com\/veraenderungsarchitekt\/\" target=\"_blank\" rel=\"noopener\">Instagram<\/a><\/h3>\n<\/div><\/div>\n\n<div class=\"et_pb_text_21 et_pb_text et_pb_bg_layout_light et_pb_module et_block_module preset--module--divi-text--3c83b4a0-00a3-4a9c-abe5-583e64d9b151\"><div class=\"et_pb_text_inner\"><h3 id=\"tiktok\"><a href=\"https:\/\/www.tiktok.com\/@veraenderungsarchitekt\" target=\"_blank\" rel=\"noopener\">TikTok<\/a><\/h3>\n<\/div><\/div>\n<\/div>\n\n<div class=\"et_pb_column_9 et_pb_column et_pb_column_1_3 et-last-child et_block_column et_pb_css_mix_blend_mode_passthrough\">\n<div class=\"et_pb_text_22 et_pb_text et_pb_bg_layout_light et_pb_module et_block_module preset--module--divi-text--d9656736-106e-433d-92a0-3513c52df5d4\"><div class=\"et_pb_text_inner\"><h6>Angebote<\/h6>\n<\/div><\/div>\n\n<div class=\"et_pb_text_23 et_pb_text et_pb_bg_layout_light et_clickable et_pb_module et_block_module preset--module--divi-text--2a32efeb-110d-4812-8cc1-80c3d99e8803\"><div class=\"et_pb_text_inner\"><h5>Change &amp; Transformationsberatung<\/h5>\n<\/div><\/div>\n\n<div class=\"et_pb_text_24 et_pb_text et_pb_bg_layout_light et_clickable et_pb_module et_block_module preset--module--divi-text--2a32efeb-110d-4812-8cc1-80c3d99e8803\"><div class=\"et_pb_text_inner\"><h5>Coaching &amp; Empowerment<\/h5>\n<\/div><\/div>\n\n<div class=\"et_pb_text_25 et_pb_text et_pb_bg_layout_light et_clickable et_pb_module et_block_module preset--module--divi-text--2a32efeb-110d-4812-8cc1-80c3d99e8803\"><div class=\"et_pb_text_inner\"><h5>Konfliktmediation<\/h5>\n<\/div><\/div>\n\n<div class=\"et_pb_text_26 et_pb_text et_pb_bg_layout_light et_clickable et_pb_module et_block_module preset--module--divi-text--2a32efeb-110d-4812-8cc1-80c3d99e8803\"><div class=\"et_pb_text_inner\"><h5>Workshops &amp; Trainings<\/h5>\n<\/div><\/div>\n<\/div>\n<\/div>\n\n<div class=\"et_pb_row_5 et_pb_row et_block_row\">\n<div class=\"et_pb_column_10 et_pb_column et_pb_column_4_4 et-last-child et_block_column et_pb_css_mix_blend_mode_passthrough\">\n<div class=\"et_pb_text_27 et_pb_text et_pb_bg_layout_light et_pb_module et_block_module preset--module--divi-text--aaa39f7e-575b-48bc-b08b-65c3932bd5e3\"><div class=\"et_pb_text_inner\"><p>Copyright &copy; 2026 Marcel Weber - Ver\u00e4nderungsarchitekt<\/p>\n<\/div><\/div>\n<\/div>\n<\/div>\n<\/div>","protected":false},"excerpt":{"rendered":"","protected":false},"author":1,"featured_media":0,"parent":0,"menu_order":0,"comment_status":"closed","ping_status":"closed","template":"","meta":{"_et_pb_use_builder":"on","_et_pb_old_content":"","_et_gb_content_width":"","footnotes":""},"class_list":["post-549","page","type-page","status-publish","hentry"],"yoast_head":"<!-- This site is optimized with the Yoast SEO plugin v27.4 - https:\/\/yoast.com\/product\/yoast-seo-wordpress\/ -->\n<title>Coaching Mediation FAQ Berlin | H\u00e4ufige Fragen &amp; Antworten<\/title>\n<meta name=\"description\" content=\"Coaching Mediation FAQ Berlin - H\u00e4ufige Fragen beantwortet \u2713 Was kostet Coaching? \u2713 Wie l\u00e4uft Mediation ab? \u2713 Alle Antworten hier\" \/>\n<meta name=\"robots\" content=\"index, follow, max-snippet:-1, max-image-preview:large, max-video-preview:-1\" \/>\n<link rel=\"canonical\" href=\"https:\/\/veraenderungsarchitekt.de\/coaching-mediation-beratung-berlin\/coaching-mediation-faq-berlin\/\" \/>\n<meta property=\"og:locale\" content=\"de_DE\" \/>\n<meta property=\"og:type\" content=\"article\" \/>\n<meta property=\"og:title\" content=\"Coaching Mediation FAQ Berlin | H\u00e4ufige Fragen &amp; Antworten\" \/>\n<meta property=\"og:description\" content=\"Coaching Mediation FAQ Berlin - H\u00e4ufige Fragen beantwortet \u2713 Was kostet Coaching? \u2713 Wie l\u00e4uft Mediation ab? \u2713 Alle Antworten hier\" \/>\n<meta property=\"og:url\" content=\"https:\/\/veraenderungsarchitekt.de\/coaching-mediation-beratung-berlin\/coaching-mediation-faq-berlin\/\" \/>\n<meta property=\"og:site_name\" content=\"Marcel Weber - Ver\u00e4nderungsarchitekt\" \/>\n<meta property=\"article:modified_time\" content=\"2026-04-19T10:11:15+00:00\" \/>\n<meta property=\"og:image\" content=\"https:\/\/veraenderungsarchitekt.de\/wp-content\/uploads\/2025\/10\/coaching-mediation-beratung-berlin-social-1.png\" \/>\n\t<meta property=\"og:image:width\" content=\"1200\" \/>\n\t<meta property=\"og:image:height\" content=\"630\" \/>\n\t<meta property=\"og:image:type\" content=\"image\/png\" \/>\n<meta name=\"twitter:card\" content=\"summary_large_image\" \/>\n<meta name=\"twitter:label1\" content=\"Gesch\u00e4tzte Lesezeit\" \/>\n\t<meta name=\"twitter:data1\" content=\"2\u00a0Minuten\" \/>\n<script type=\"application\/ld+json\" class=\"yoast-schema-graph\">{\"@context\":\"https:\\\/\\\/schema.org\",\"@graph\":[{\"@type\":\"WebPage\",\"@id\":\"https:\\\/\\\/veraenderungsarchitekt.de\\\/coaching-mediation-beratung-berlin\\\/coaching-mediation-faq-berlin\\\/\",\"url\":\"https:\\\/\\\/veraenderungsarchitekt.de\\\/coaching-mediation-beratung-berlin\\\/coaching-mediation-faq-berlin\\\/\",\"name\":\"Coaching Mediation FAQ Berlin | H\u00e4ufige Fragen & Antworten\",\"isPartOf\":{\"@id\":\"https:\\\/\\\/veraenderungsarchitekt.de\\\/coaching-mediation-beratung-berlin\\\/#website\"},\"datePublished\":\"2025-10-06T14:38:19+00:00\",\"dateModified\":\"2026-04-19T10:11:15+00:00\",\"description\":\"Coaching Mediation FAQ Berlin - H\u00e4ufige Fragen beantwortet \u2713 Was kostet Coaching? \u2713 Wie l\u00e4uft Mediation ab? \u2713 Alle Antworten hier\",\"breadcrumb\":{\"@id\":\"https:\\\/\\\/veraenderungsarchitekt.de\\\/coaching-mediation-beratung-berlin\\\/coaching-mediation-faq-berlin\\\/#breadcrumb\"},\"inLanguage\":\"de\",\"potentialAction\":[{\"@type\":\"ReadAction\",\"target\":[\"https:\\\/\\\/veraenderungsarchitekt.de\\\/coaching-mediation-beratung-berlin\\\/coaching-mediation-faq-berlin\\\/\"]}]},{\"@type\":\"BreadcrumbList\",\"@id\":\"https:\\\/\\\/veraenderungsarchitekt.de\\\/coaching-mediation-beratung-berlin\\\/coaching-mediation-faq-berlin\\\/#breadcrumb\",\"itemListElement\":[{\"@type\":\"ListItem\",\"position\":1,\"name\":\"Startseite\",\"item\":\"https:\\\/\\\/veraenderungsarchitekt.de\\\/coaching-mediation-beratung-berlin\\\/\"},{\"@type\":\"ListItem\",\"position\":2,\"name\":\"FAQ\"}]},{\"@type\":\"WebSite\",\"@id\":\"https:\\\/\\\/veraenderungsarchitekt.de\\\/coaching-mediation-beratung-berlin\\\/#website\",\"url\":\"https:\\\/\\\/veraenderungsarchitekt.de\\\/coaching-mediation-beratung-berlin\\\/\",\"name\":\"Marcel Weber - Ver\u00e4nderungsarchitekt\",\"description\":\"Coaching, Mediation, Beratung, Workshops &amp; Trainings in Berlin\",\"publisher\":{\"@id\":\"https:\\\/\\\/veraenderungsarchitekt.de\\\/coaching-mediation-beratung-berlin\\\/#organization\"},\"alternateName\":\"Ver\u00e4nderungsarchitekt\",\"potentialAction\":[{\"@type\":\"SearchAction\",\"target\":{\"@type\":\"EntryPoint\",\"urlTemplate\":\"https:\\\/\\\/veraenderungsarchitekt.de\\\/coaching-mediation-beratung-berlin\\\/?s={search_term_string}\"},\"query-input\":{\"@type\":\"PropertyValueSpecification\",\"valueRequired\":true,\"valueName\":\"search_term_string\"}}],\"inLanguage\":\"de\"},{\"@type\":\"Organization\",\"@id\":\"https:\\\/\\\/veraenderungsarchitekt.de\\\/coaching-mediation-beratung-berlin\\\/#organization\",\"name\":\"Marcel Weber - Ver\u00e4nderungsarchitekt\",\"url\":\"https:\\\/\\\/veraenderungsarchitekt.de\\\/coaching-mediation-beratung-berlin\\\/\",\"logo\":{\"@type\":\"ImageObject\",\"inLanguage\":\"de\",\"@id\":\"https:\\\/\\\/veraenderungsarchitekt.de\\\/coaching-mediation-beratung-berlin\\\/#\\\/schema\\\/logo\\\/image\\\/\",\"url\":\"https:\\\/\\\/veraenderungsarchitekt.de\\\/wp-content\\\/uploads\\\/2025\\\/09\\\/logo_web.avif\",\"contentUrl\":\"https:\\\/\\\/veraenderungsarchitekt.de\\\/wp-content\\\/uploads\\\/2025\\\/09\\\/logo_web.avif\",\"width\":512,\"height\":512,\"caption\":\"Marcel Weber - Ver\u00e4nderungsarchitekt\"},\"image\":{\"@id\":\"https:\\\/\\\/veraenderungsarchitekt.de\\\/coaching-mediation-beratung-berlin\\\/#\\\/schema\\\/logo\\\/image\\\/\"},\"sameAs\":[\"https:\\\/\\\/www.linkedin.com\\\/in\\\/marcel-weber-berlin\\\/\",\"https:\\\/\\\/www.instagram.com\\\/veraenderungsarchitekt\\\/\",\"https:\\\/\\\/www.tiktok.com\\\/@veraenderungsarchitekt\"]}]}<\/script>\n<!-- \/ Yoast SEO plugin. -->","yoast_head_json":{"title":"Coaching Mediation FAQ Berlin | H\u00e4ufige Fragen & Antworten","description":"Coaching Mediation FAQ Berlin - H\u00e4ufige Fragen beantwortet \u2713 Was kostet Coaching? \u2713 Wie l\u00e4uft Mediation ab? \u2713 Alle Antworten hier","robots":{"index":"index","follow":"follow","max-snippet":"max-snippet:-1","max-image-preview":"max-image-preview:large","max-video-preview":"max-video-preview:-1"},"canonical":"https:\/\/veraenderungsarchitekt.de\/coaching-mediation-beratung-berlin\/coaching-mediation-faq-berlin\/","og_locale":"de_DE","og_type":"article","og_title":"Coaching Mediation FAQ Berlin | H\u00e4ufige Fragen & Antworten","og_description":"Coaching Mediation FAQ Berlin - H\u00e4ufige Fragen beantwortet \u2713 Was kostet Coaching? \u2713 Wie l\u00e4uft Mediation ab? \u2713 Alle Antworten hier","og_url":"https:\/\/veraenderungsarchitekt.de\/coaching-mediation-beratung-berlin\/coaching-mediation-faq-berlin\/","og_site_name":"Marcel Weber - Ver\u00e4nderungsarchitekt","article_modified_time":"2026-04-19T10:11:15+00:00","og_image":[{"width":1200,"height":630,"url":"https:\/\/veraenderungsarchitekt.de\/wp-content\/uploads\/2025\/10\/coaching-mediation-beratung-berlin-social-1.png","type":"image\/png"}],"twitter_card":"summary_large_image","twitter_misc":{"Gesch\u00e4tzte Lesezeit":"2\u00a0Minuten"},"schema":{"@context":"https:\/\/schema.org","@graph":[{"@type":"WebPage","@id":"https:\/\/veraenderungsarchitekt.de\/coaching-mediation-beratung-berlin\/coaching-mediation-faq-berlin\/","url":"https:\/\/veraenderungsarchitekt.de\/coaching-mediation-beratung-berlin\/coaching-mediation-faq-berlin\/","name":"Coaching Mediation FAQ Berlin | H\u00e4ufige Fragen & Antworten","isPartOf":{"@id":"https:\/\/veraenderungsarchitekt.de\/coaching-mediation-beratung-berlin\/#website"},"datePublished":"2025-10-06T14:38:19+00:00","dateModified":"2026-04-19T10:11:15+00:00","description":"Coaching Mediation FAQ Berlin - H\u00e4ufige Fragen beantwortet \u2713 Was kostet Coaching? \u2713 Wie l\u00e4uft Mediation ab? \u2713 Alle Antworten hier","breadcrumb":{"@id":"https:\/\/veraenderungsarchitekt.de\/coaching-mediation-beratung-berlin\/coaching-mediation-faq-berlin\/#breadcrumb"},"inLanguage":"de","potentialAction":[{"@type":"ReadAction","target":["https:\/\/veraenderungsarchitekt.de\/coaching-mediation-beratung-berlin\/coaching-mediation-faq-berlin\/"]}]},{"@type":"BreadcrumbList","@id":"https:\/\/veraenderungsarchitekt.de\/coaching-mediation-beratung-berlin\/coaching-mediation-faq-berlin\/#breadcrumb","itemListElement":[{"@type":"ListItem","position":1,"name":"Startseite","item":"https:\/\/veraenderungsarchitekt.de\/coaching-mediation-beratung-berlin\/"},{"@type":"ListItem","position":2,"name":"FAQ"}]},{"@type":"WebSite","@id":"https:\/\/veraenderungsarchitekt.de\/coaching-mediation-beratung-berlin\/#website","url":"https:\/\/veraenderungsarchitekt.de\/coaching-mediation-beratung-berlin\/","name":"Marcel Weber - Ver\u00e4nderungsarchitekt","description":"Coaching, Mediation, Beratung, Workshops &amp; Trainings in Berlin","publisher":{"@id":"https:\/\/veraenderungsarchitekt.de\/coaching-mediation-beratung-berlin\/#organization"},"alternateName":"Ver\u00e4nderungsarchitekt","potentialAction":[{"@type":"SearchAction","target":{"@type":"EntryPoint","urlTemplate":"https:\/\/veraenderungsarchitekt.de\/coaching-mediation-beratung-berlin\/?s={search_term_string}"},"query-input":{"@type":"PropertyValueSpecification","valueRequired":true,"valueName":"search_term_string"}}],"inLanguage":"de"},{"@type":"Organization","@id":"https:\/\/veraenderungsarchitekt.de\/coaching-mediation-beratung-berlin\/#organization","name":"Marcel Weber - Ver\u00e4nderungsarchitekt","url":"https:\/\/veraenderungsarchitekt.de\/coaching-mediation-beratung-berlin\/","logo":{"@type":"ImageObject","inLanguage":"de","@id":"https:\/\/veraenderungsarchitekt.de\/coaching-mediation-beratung-berlin\/#\/schema\/logo\/image\/","url":"https:\/\/veraenderungsarchitekt.de\/wp-content\/uploads\/2025\/09\/logo_web.avif","contentUrl":"https:\/\/veraenderungsarchitekt.de\/wp-content\/uploads\/2025\/09\/logo_web.avif","width":512,"height":512,"caption":"Marcel Weber - Ver\u00e4nderungsarchitekt"},"image":{"@id":"https:\/\/veraenderungsarchitekt.de\/coaching-mediation-beratung-berlin\/#\/schema\/logo\/image\/"},"sameAs":["https:\/\/www.linkedin.com\/in\/marcel-weber-berlin\/","https:\/\/www.instagram.com\/veraenderungsarchitekt\/","https:\/\/www.tiktok.com\/@veraenderungsarchitekt"]}]}},"_links":{"self":[{"href":"https:\/\/veraenderungsarchitekt.de\/coaching-mediation-beratung-berlin\/wp-json\/wp\/v2\/pages\/549","targetHints":{"allow":["GET"]}}],"collection":[{"href":"https:\/\/veraenderungsarchitekt.de\/coaching-mediation-beratung-berlin\/wp-json\/wp\/v2\/pages"}],"about":[{"href":"https:\/\/veraenderungsarchitekt.de\/coaching-mediation-beratung-berlin\/wp-json\/wp\/v2\/types\/page"}],"author":[{"embeddable":true,"href":"https:\/\/veraenderungsarchitekt.de\/coaching-mediation-beratung-berlin\/wp-json\/wp\/v2\/users\/1"}],"replies":[{"embeddable":true,"href":"https:\/\/veraenderungsarchitekt.de\/coaching-mediation-beratung-berlin\/wp-json\/wp\/v2\/comments?post=549"}],"version-history":[{"count":10,"href":"https:\/\/veraenderungsarchitekt.de\/coaching-mediation-beratung-berlin\/wp-json\/wp\/v2\/pages\/549\/revisions"}],"predecessor-version":[{"id":910,"href":"https:\/\/veraenderungsarchitekt.de\/coaching-mediation-beratung-berlin\/wp-json\/wp\/v2\/pages\/549\/revisions\/910"}],"wp:attachment":[{"href":"https:\/\/veraenderungsarchitekt.de\/coaching-mediation-beratung-berlin\/wp-json\/wp\/v2\/media?parent=549"}],"curies":[{"name":"wp","href":"https:\/\/api.w.org\/{rel}","templated":true}]}}