{"id":474,"date":"2025-10-04T23:10:27","date_gmt":"2025-10-04T21:10:27","guid":{"rendered":"https:\/\/veraenderungsarchitekt.de\/coaching-mediation-beratung-berlin\/?page_id=474"},"modified":"2026-04-19T13:07:54","modified_gmt":"2026-04-19T11:07:54","slug":"ueber-mich","status":"publish","type":"page","link":"https:\/\/veraenderungsarchitekt.de\/coaching-mediation-beratung-berlin\/ueber-mich\/","title":{"rendered":"\u00dcber mich"},"content":{"rendered":"<div class=\"et_pb_section_0 et_pb_section et_section_regular et_block_section\">\n<div class=\"et_pb_row_0 et_pb_row et_block_row\">\n<div class=\"et_pb_column_0 et_pb_column et_pb_column_2_3 et_block_column et_pb_css_mix_blend_mode_passthrough\">\n<div class=\"et_pb_text_0 et_pb_text et_pb_bg_layout_light et_pb_module et_block_module preset--module--divi-text--09cfd76f-4880-42a9-ae34-b9c73b7654b1\"><div class=\"et_pb_text_inner\"><h1>\u00dcber mich -<\/h1>\n<\/div><\/div>\n\n<div class=\"et_pb_text_1 et_pb_text et_pb_bg_layout_light et_pb_module et_block_module preset--module--divi-text--09cfd76f-4880-42a9-ae34-b9c73b7654b1\"><div class=\"et_pb_text_inner\"><h1>Marcel Weber, Ver\u00e4nderungsarchitekt<\/h1>\n<\/div><\/div>\n\n<div class=\"et_pb_text_2 et_pb_text et_pb_bg_layout_light et_pb_module et_block_module preset--module--divi-text--cfdc9902-28e7-4fb7-8086-589a6421b0de\"><div class=\"et_pb_text_inner\"><h5>Mein Weg war alles andere als gradlinig. Und genau das macht mich zu dem Berater, Coach und Mediator, der ich heute bin. Jemand, der wei\u00df, dass Ver\u00e4nderung selten nach Plan verl\u00e4uft \u2013 und trotzdem gelingt.<\/h5>\n<\/div><\/div>\n<\/div>\n\n<div class=\"et_pb_column_1 et_pb_column et_pb_column_1_3 et-last-child et_block_column et_pb_css_mix_blend_mode_passthrough\">\n<div class=\"et_pb_image_0 et_pb_image et_pb_module et_block_module\"><span class=\"et_pb_image_wrap\"><img loading=\"lazy\" decoding=\"async\" src=\"https:\/\/veraenderungsarchitekt.de\/wp-content\/uploads\/2025\/09\/Marci-Bonus-Pics_2.000px-lange-Kante_web-45.avif\" width=\"1333\" height=\"2000\" srcset=\"https:\/\/veraenderungsarchitekt.de\/wp-content\/uploads\/2025\/09\/Marci-Bonus-Pics_2.000px-lange-Kante_web-45.avif 1333w, https:\/\/veraenderungsarchitekt.de\/wp-content\/uploads\/2025\/09\/Marci-Bonus-Pics_2.000px-lange-Kante_web-45-200x300.avif 200w, https:\/\/veraenderungsarchitekt.de\/wp-content\/uploads\/2025\/09\/Marci-Bonus-Pics_2.000px-lange-Kante_web-45-682x1024.avif 682w, https:\/\/veraenderungsarchitekt.de\/wp-content\/uploads\/2025\/09\/Marci-Bonus-Pics_2.000px-lange-Kante_web-45-768x1152.avif 768w, https:\/\/veraenderungsarchitekt.de\/wp-content\/uploads\/2025\/09\/Marci-Bonus-Pics_2.000px-lange-Kante_web-45-1024x1536.avif 1024w, https:\/\/veraenderungsarchitekt.de\/wp-content\/uploads\/2025\/09\/Marci-Bonus-Pics_2.000px-lange-Kante_web-45-1080x1620.avif 1080w, https:\/\/veraenderungsarchitekt.de\/wp-content\/uploads\/2025\/09\/Marci-Bonus-Pics_2.000px-lange-Kante_web-45-1280x1920.avif 1280w, https:\/\/veraenderungsarchitekt.de\/wp-content\/uploads\/2025\/09\/Marci-Bonus-Pics_2.000px-lange-Kante_web-45-980x1470.avif 980w, https:\/\/veraenderungsarchitekt.de\/wp-content\/uploads\/2025\/09\/Marci-Bonus-Pics_2.000px-lange-Kante_web-45-480x720.avif 480w\" sizes=\"(max-width: 1333px) 100vw, 1333px\" class=\"wp-image-115\" title=\"Marci Bonus Pics_2.000px lange Kante_web-45\" \/><\/span><\/div>\n<\/div>\n<\/div>\n<\/div>\n\n<div class=\"et_pb_section_1 et_pb_section et_section_regular et_block_section\">\n<div class=\"et_pb_row_1 et_pb_row et_block_row\">\n<div class=\"et_pb_column_2 et_pb_column et_pb_column_1_2 et_block_column et_pb_css_mix_blend_mode_passthrough\">\n<div class=\"et_pb_text_3 et_pb_text et_pb_bg_layout_light et_pb_module et_block_module preset--module--divi-text--e157e4e9-c61a-4943-9d8b-a933de0e2620\"><div class=\"et_pb_text_inner\"><h2>Meine Geschichte<\/h2>\n<\/div><\/div>\n\n<div class=\"et_pb_text_4 et_pb_text et_pb_bg_layout_light et_pb_module et_block_module preset--module--divi-text--6b8697c1-4e6a-422c-813a-ff870977bf6f\"><div class=\"et_pb_text_inner\"><p><strong>Ende der 90er<\/strong> <span>startete meine berufliche Reise in der Berliner Kulturszene \u2013 nicht im B\u00fcro, sondern in der vielf\u00e4ltigen Club- und Kulturlandschaft dieser Stadt. Hier lernte ich drei wichtige Dinge: Diversit\u00e4t ist kein Problem, sondern eine Bereicherung, w\u00e4hrend Authentizit\u00e4t Anpassung schl\u00e4gt und Community bedeutet, f\u00fcreinander da zu sein.<\/span><\/p>\n<p><strong>2012 bis 2024<\/strong> war ich Gesch\u00e4ftsf\u00fchrer einer der bedeutendsten queeren Kulturinstitutionen Deutschlands. Diese zw\u00f6lf Jahre pr\u00e4gten mich nachhaltig \u2013 als F\u00fchrungskraft, als Krisenmanager, als Mensch.<\/p>\n<p><strong>130 Mitarbeitende<\/strong>, <span>komplexe Herausforderungen und wertvolle Erfahrungen: Ich navigierte nicht nur durch die Corona-Pandemie, sondern gestaltete auch einen komplexen Standortwechsel und f\u00fchrte dabei strukturelle Transformationen durch.<\/span> <span>Dabei lernte ich: F\u00fchrung bedeutet nicht, alle Antworten zu haben, sondern die richtigen Fragen zu stellen, damit wir gemeinsam Wege finden k\u00f6nnen<\/span>.<\/p>\n<p><strong>2024<\/strong> \u2013 Zeit f\u00fcr neue Wege: <span>Nach fast dreizehn intensiven Jahren \u00fcbergab ich die Gesch\u00e4ftsf\u00fchrung planm\u00e4\u00dfig, um mich seither vollst\u00e4ndig meiner Berufung zu widmen: Menschen und Organisationen in Ver\u00e4nderungsprozessen zu begleiten, wobei ich die Erfahrung aus \u00fcber einem Jahrzehnt F\u00fchrungsarbeit einbringe.<\/span><\/p>\n<p><strong>2026<\/strong> - Bildung f\u00fcr Erwachsene wird zus\u00e4tzlicher Teil meines beruflichen Alltags. Seit Februar arbeite ich als freier Dozent f\u00fcr die <a href=\"https:\/\/www.bta-weiterbildung.de\" target=\"_blank\" rel=\"noopener\">BTA<\/a> (Business Trends Academy). Ich unterrichte verschiedene Module in den Kursen \"zertifizerter Coach\", \"Mediation\" und \"systemische Organisationsberatung\".<\/p>\n<\/div><\/div>\n\n<div class=\"et_pb_image_1 et_pb_image et_pb_module et_block_module\"><span class=\"et_pb_image_wrap\"><img loading=\"lazy\" decoding=\"async\" src=\"https:\/\/veraenderungsarchitekt.de\/wp-content\/uploads\/2025\/09\/Marci-Bonus-Pics_2.000px-lange-Kante_web-12.avif\" width=\"2000\" height=\"1333\" srcset=\"https:\/\/veraenderungsarchitekt.de\/wp-content\/uploads\/2025\/09\/Marci-Bonus-Pics_2.000px-lange-Kante_web-12.avif 2000w, https:\/\/veraenderungsarchitekt.de\/wp-content\/uploads\/2025\/09\/Marci-Bonus-Pics_2.000px-lange-Kante_web-12-300x200.avif 300w, https:\/\/veraenderungsarchitekt.de\/wp-content\/uploads\/2025\/09\/Marci-Bonus-Pics_2.000px-lange-Kante_web-12-1024x682.avif 1024w, https:\/\/veraenderungsarchitekt.de\/wp-content\/uploads\/2025\/09\/Marci-Bonus-Pics_2.000px-lange-Kante_web-12-768x512.avif 768w, https:\/\/veraenderungsarchitekt.de\/wp-content\/uploads\/2025\/09\/Marci-Bonus-Pics_2.000px-lange-Kante_web-12-1536x1024.avif 1536w, https:\/\/veraenderungsarchitekt.de\/wp-content\/uploads\/2025\/09\/Marci-Bonus-Pics_2.000px-lange-Kante_web-12-1080x720.avif 1080w, https:\/\/veraenderungsarchitekt.de\/wp-content\/uploads\/2025\/09\/Marci-Bonus-Pics_2.000px-lange-Kante_web-12-1280x853.avif 1280w, https:\/\/veraenderungsarchitekt.de\/wp-content\/uploads\/2025\/09\/Marci-Bonus-Pics_2.000px-lange-Kante_web-12-980x653.avif 980w, https:\/\/veraenderungsarchitekt.de\/wp-content\/uploads\/2025\/09\/Marci-Bonus-Pics_2.000px-lange-Kante_web-12-480x320.avif 480w\" sizes=\"(max-width: 2000px) 100vw, 2000px\" class=\"wp-image-96\" title=\"Marci Bonus Pics_2.000px lange Kante_web-12\" \/><\/span><\/div>\n\n<div class=\"et_pb_text_5 et_pb_text et_pb_bg_layout_light et_pb_module et_block_module preset--module--divi-text--cfdc9902-28e7-4fb7-8086-589a6421b0de\"><div class=\"et_pb_text_inner\"><h5><span>Pers\u00f6nliches<\/span><\/h5>\n<\/div><\/div>\n\n<div class=\"et_pb_text_6 et_pb_text et_pb_bg_layout_light et_pb_module et_block_module preset--module--divi-text--6b8697c1-4e6a-422c-813a-ff870977bf6f\"><div class=\"et_pb_text_inner\"><p class=\"whitespace-normal break-words\"><strong>Das erdet mich:<br \/><\/strong>Gute Gespr\u00e4che mit Freund*innen und eine Nacht im Club.<\/p>\n<p class=\"whitespace-normal break-words\"><strong>Ich bin inspiriert durch:<\/strong><br \/>Menschen, die gegen Widerst\u00e4nde ihren Weg gehen.<\/p>\n<p class=\"whitespace-normal break-words\"><strong>Mein Antrieb:<\/strong><br \/>Die \u00dcberzeugung, dass Ver\u00e4nderung m\u00f6glich ist \u2013 immer!<\/p>\n<p class=\"whitespace-normal break-words\"><strong>Dieses Motto treibt mich an:<\/strong><br \/>\"Ver\u00e4nderung beginnt mit der Erlaubnis, nicht perfekt zu sein.\"<\/p>\n<\/div><\/div>\n<\/div>\n\n<div class=\"et_pb_column_3 et_pb_column et_pb_column_1_2 et-last-child et_block_column et_pb_css_mix_blend_mode_passthrough\">\n<div class=\"et_pb_text_7 et_pb_text et_pb_bg_layout_light et_pb_module et_block_module preset--module--divi-text--e157e4e9-c61a-4943-9d8b-a933de0e2620\"><div class=\"et_pb_text_inner\"><h2>Was mich ausmacht<\/h2>\n<\/div><\/div>\n\n<div class=\"et_pb_text_8 et_pb_text et_pb_bg_layout_light et_pb_module et_block_module preset--module--divi-text--cfdc9902-28e7-4fb7-8086-589a6421b0de\"><div class=\"et_pb_text_inner\"><h5>Praktiker, nicht Theoretiker<\/h5>\n<\/div><\/div>\n\n<div class=\"et_pb_text_9 et_pb_text et_pb_bg_layout_light et_pb_module et_block_module preset--module--divi-text--6b8697c1-4e6a-422c-813a-ff870977bf6f\"><div class=\"et_pb_text_inner\"><p><span>Ich habe selbst gef\u00fchrt, selbst Fehler gemacht und selbst Erfolge gefeiert, sodass ich \u00fcber Change Management nicht nur theoretisch sprechen kann, sondern aus echter Erfahrung.<\/span><\/p>\n<\/div><\/div>\n\n<div class=\"et_pb_text_10 et_pb_text et_pb_bg_layout_light et_pb_module et_block_module preset--module--divi-text--cfdc9902-28e7-4fb7-8086-589a6421b0de\"><div class=\"et_pb_text_inner\"><h5>Systemischer Blick<\/h5>\n<\/div><\/div>\n\n<div class=\"et_pb_text_11 et_pb_text et_pb_bg_layout_light et_pb_module et_block_module preset--module--divi-text--6b8697c1-4e6a-422c-813a-ff870977bf6f\"><div class=\"et_pb_text_inner\"><p><span>Menschen und Organisationen sind komplexe Systeme, weshalb meine Ausbildung als systemischer Business Coach (Quadriga Hochschule) mir die Werkzeuge gibt, diese Komplexit\u00e4t zu navigieren.<\/span><\/p>\n<\/div><\/div>\n\n<div class=\"et_pb_text_12 et_pb_text et_pb_bg_layout_light et_pb_module et_block_module preset--module--divi-text--cfdc9902-28e7-4fb7-8086-589a6421b0de\"><div class=\"et_pb_text_inner\"><h5>Mediator mit Herz<\/h5>\n<\/div><\/div>\n\n<div class=\"et_pb_text_13 et_pb_text et_pb_bg_layout_light et_pb_module et_block_module preset--module--divi-text--6b8697c1-4e6a-422c-813a-ff870977bf6f\"><div class=\"et_pb_text_inner\"><p><span>Konflikte sind Chancen, denn als zertifizierter Mediator (kl\u00e4ren + l\u00f6sen, Standards des Bundesverbands Mediation) schaffe ich R\u00e4ume, in denen aus Gegnerschaft wieder Zusammenarbeit wird.<\/span><\/p>\n<\/div><\/div>\n\n<div class=\"et_pb_text_14 et_pb_text et_pb_bg_layout_light et_pb_module et_block_module preset--module--divi-text--cfdc9902-28e7-4fb7-8086-589a6421b0de\"><div class=\"et_pb_text_inner\"><h5>Queer und stolz darauf<\/h5>\n<\/div><\/div>\n\n<div class=\"et_pb_text_15 et_pb_text et_pb_bg_layout_light et_pb_module et_block_module preset--module--divi-text--6b8697c1-4e6a-422c-813a-ff870977bf6f\"><div class=\"et_pb_text_inner\"><p><span>Meine Identit\u00e4t als queerer Mensch ist keine Nebensache, sondern pr\u00e4gt sowohl meine Perspektive als auch meine Sensibilit\u00e4t f\u00fcr Ausschl\u00fcsse und meine Kompetenz in Diversity-Fragen.<\/span><\/p>\n<\/div><\/div>\n\n<div class=\"et_pb_text_16 et_pb_text et_pb_bg_layout_light et_pb_module et_block_module preset--module--divi-text--cfdc9902-28e7-4fb7-8086-589a6421b0de\"><div class=\"et_pb_text_inner\"><h5>Vernetzt in Berlin<\/h5>\n<\/div><\/div>\n\n<div class=\"et_pb_text_17 et_pb_text et_pb_bg_layout_light et_pb_module et_block_module preset--module--divi-text--6b8697c1-4e6a-422c-813a-ff870977bf6f\"><div class=\"et_pb_text_inner\"><p><span>Als Vorstand der Clubcommission, Beirat der Berliner Sparkasse und des Musicboard Berlin bin ich tief in der Stadtgesellschaft verwurzelt, sodass ich diese Netzwerke f\u00fcr meine Klient*innen einbringen kann.<\/span><\/p>\n<\/div><\/div>\n\n<div class=\"et_pb_text_18 et_pb_text et_pb_bg_layout_light et_pb_module et_block_module preset--module--divi-text--cfdc9902-28e7-4fb7-8086-589a6421b0de\"><div class=\"et_pb_text_inner\"><h5><span>Werte, die mich leiten<\/span><\/h5>\n<\/div><\/div>\n\n<div class=\"et_pb_text_19 et_pb_text et_pb_bg_layout_light et_pb_module et_block_module preset--module--divi-text--6b8697c1-4e6a-422c-813a-ff870977bf6f\"><div class=\"et_pb_text_inner\"><ul class=\"[&amp;:not(:last-child)_ul]:pb-1 [&amp;:not(:last-child)_ol]:pb-1 list-disc space-y-1.5 pl-7\">\n<li class=\"whitespace-normal break-words\"><strong>Integrit\u00e4t:<\/strong> Walk the talk \u2013 ich lebe, was ich lehre<\/li>\n<li class=\"whitespace-normal break-words\"><strong>Respekt:<\/strong> Jeder Mensch verdient Wertsch\u00e4tzung<\/li>\n<li class=\"whitespace-normal break-words\"><strong>Neugier:<\/strong> Es gibt immer etwas zu lernen<\/li>\n<li class=\"whitespace-normal break-words\"><strong>Mut:<\/strong> Ver\u00e4nderung braucht Courage<\/li>\n<li class=\"whitespace-normal break-words\"><strong>Verbindung:<\/strong> Wir sind st\u00e4rker gemeinsam<\/li>\n<\/ul>\n<\/div><\/div>\n\n<div class=\"et_pb_text_20 et_pb_text et_pb_bg_layout_light et_pb_module et_block_module preset--module--divi-text--cfdc9902-28e7-4fb7-8086-589a6421b0de\"><div class=\"et_pb_text_inner\"><h5>Berlin \u2013 meine Stadt, mein Zuhause<\/h5>\n<\/div><\/div>\n\n<div class=\"et_pb_text_21 et_pb_text et_pb_bg_layout_light et_pb_module et_block_module preset--module--divi-text--6b8697c1-4e6a-422c-813a-ff870977bf6f\"><div class=\"et_pb_text_inner\"><p>Berlin ist mehr als mein Wohnort. Diese Stadt hat mich gepr\u00e4gt, herausgefordert, wachsen lassen. <span>Hier habe ich drei wichtige Lektionen gelernt: Verschiedenheit ist normal, Wandel bleibt die einzige Konstante, und es gibt immer einen Weg \u2013 selbst wenn er durch einen Hinterhof f\u00fchrt. Meine Arbeit ist zwar tief in Berlin verwurzelt, aber nicht darauf begrenzt, denn ich arbeite deutschland- und europaweit, w\u00e4hrend ich immer ein St\u00fcck Berliner Spirit mitbringe: direkt, kreativ und weltoffen.<\/span><\/p>\n<\/div><\/div>\n\n<div class=\"et_pb_image_2 et_pb_image et_pb_module et_block_module\"><span class=\"et_pb_image_wrap\"><img loading=\"lazy\" decoding=\"async\" src=\"https:\/\/veraenderungsarchitekt.de\/wp-content\/uploads\/2025\/09\/Marci-Bonus-Pics_2.000px-lange-Kante_web-58.avif\" width=\"2000\" height=\"1333\" srcset=\"https:\/\/veraenderungsarchitekt.de\/wp-content\/uploads\/2025\/09\/Marci-Bonus-Pics_2.000px-lange-Kante_web-58.avif 2000w, https:\/\/veraenderungsarchitekt.de\/wp-content\/uploads\/2025\/09\/Marci-Bonus-Pics_2.000px-lange-Kante_web-58-300x200.avif 300w, https:\/\/veraenderungsarchitekt.de\/wp-content\/uploads\/2025\/09\/Marci-Bonus-Pics_2.000px-lange-Kante_web-58-1024x682.avif 1024w, https:\/\/veraenderungsarchitekt.de\/wp-content\/uploads\/2025\/09\/Marci-Bonus-Pics_2.000px-lange-Kante_web-58-768x512.avif 768w, https:\/\/veraenderungsarchitekt.de\/wp-content\/uploads\/2025\/09\/Marci-Bonus-Pics_2.000px-lange-Kante_web-58-1536x1024.avif 1536w, https:\/\/veraenderungsarchitekt.de\/wp-content\/uploads\/2025\/09\/Marci-Bonus-Pics_2.000px-lange-Kante_web-58-1080x720.avif 1080w, https:\/\/veraenderungsarchitekt.de\/wp-content\/uploads\/2025\/09\/Marci-Bonus-Pics_2.000px-lange-Kante_web-58-1280x853.avif 1280w, https:\/\/veraenderungsarchitekt.de\/wp-content\/uploads\/2025\/09\/Marci-Bonus-Pics_2.000px-lange-Kante_web-58-980x653.avif 980w, https:\/\/veraenderungsarchitekt.de\/wp-content\/uploads\/2025\/09\/Marci-Bonus-Pics_2.000px-lange-Kante_web-58-480x320.avif 480w\" sizes=\"(max-width: 2000px) 100vw, 2000px\" class=\"wp-image-113\" title=\"Marci Bonus Pics_2.000px lange Kante_web-58\" \/><\/span><\/div>\n\n<div class=\"et_pb_text_22 et_pb_text et_pb_bg_layout_light et_pb_module et_block_module preset--module--divi-text--6b8697c1-4e6a-422c-813a-ff870977bf6f\"><div class=\"et_pb_text_inner\"><p class=\"whitespace-normal break-words\"><span>\"Menschen zu begleiten ist ein Privileg. Ihre Ver\u00e4nderung miterleben zu d\u00fcrfen, eine Ehre. Das treibt mich jeden Tag an.\"<\/span><\/p>\n<\/div><\/div>\n<\/div>\n<\/div>\n<\/div>\n\n<div class=\"et_pb_section_2 et_pb_section et_section_regular et_block_section\">\n<div class=\"et_pb_row_2 et_pb_row et_block_row\">\n<div class=\"et_pb_column_4 et_pb_column et_pb_column_1_3 et_block_column et_pb_css_mix_blend_mode_passthrough\">\n<div class=\"et_pb_text_23 et_pb_text et_pb_bg_layout_light et_pb_module et_block_module preset--module--divi-text--cfdc9902-28e7-4fb7-8086-589a6421b0de\"><div class=\"et_pb_text_inner\"><h5>Ausbildung &amp; Zertifizierung:<\/h5>\n<\/div><\/div>\n\n<div class=\"et_pb_text_24 et_pb_text et_pb_bg_layout_light et_pb_module et_block_module preset--module--divi-text--6b8697c1-4e6a-422c-813a-ff870977bf6f\"><div class=\"et_pb_text_inner\"><p class=\"whitespace-normal break-words\"><strong><\/strong><\/p>\n<ul class=\"[&amp;:not(:last-child)_ul]:pb-1 [&amp;:not(:last-child)_ol]:pb-1 list-disc space-y-1.5 pl-7\">\n<li class=\"whitespace-normal break-words\">Systemischer Business Coach (<a href=\"https:\/\/coaching.quadriga-hochschule.com\/\" target=\"_blank\" rel=\"noopener\">Quadriga<\/a> Hochschule Berlin, 2021)<\/li>\n<li class=\"whitespace-normal break-words\">Mediator (<a href=\"https:\/\/www.klaeren-und-loesen.de\/\" target=\"_blank\" rel=\"noopener\">kl\u00e4ren &amp; l\u00f6sen<\/a>, nach BM-Standards, 2025)<\/li>\n<li class=\"whitespace-normal break-words\">Unternehmenskultur (<a href=\"https:\/\/ifm-business.de\/\" target=\"_blank\" rel=\"noopener\">IFM<\/a>, 2021)<\/li>\n<li>F\u00fchrungskompetenz (IFM, 2021 &amp; 2022)<\/li>\n<li class=\"whitespace-normal break-words\">Diversity Grundausbildung (<a href=\"https:\/\/www.ewdv-diversity.de\/\" target=\"_blank\" rel=\"noopener\">Eine Welt der Vielfalt<\/a>, 2023)<\/li>\n<\/ul>\n<\/div><\/div>\n<\/div>\n\n<div class=\"et_pb_column_5 et_pb_column et_pb_column_1_3 et_block_column et_pb_css_mix_blend_mode_passthrough\">\n<div class=\"et_pb_text_25 et_pb_text et_pb_bg_layout_light et_pb_module et_block_module preset--module--divi-text--cfdc9902-28e7-4fb7-8086-589a6421b0de\"><div class=\"et_pb_text_inner\"><h5>F\u00fchrungserfahrung:<\/h5>\n<\/div><\/div>\n\n<div class=\"et_pb_text_26 et_pb_text et_pb_bg_layout_light et_pb_module et_block_module preset--module--divi-text--6b8697c1-4e6a-422c-813a-ff870977bf6f\"><div class=\"et_pb_text_inner\"><p class=\"whitespace-normal break-words\"><strong><\/strong><\/p>\n<ul class=\"[&amp;:not(:last-child)_ul]:pb-1 [&amp;:not(:last-child)_ol]:pb-1 list-disc space-y-1.5 pl-7\">\n<li class=\"whitespace-normal break-words\">12 Jahre Gesch\u00e4ftsf\u00fchrung in der Kulturbranche (2012-2024)<\/li>\n<li class=\"whitespace-normal break-words\">F\u00fchrung von 130+ Mitarbeitenden<\/li>\n<li class=\"whitespace-normal break-words\">Verantwortung f\u00fcr 3,5-Millionen-Budget<\/li>\n<li class=\"whitespace-normal break-words\">Erfolgreiche Krisenbew\u00e4ltigung (Corona, Standortwechsel)<\/li>\n<\/ul>\n<\/div><\/div>\n<\/div>\n\n<div class=\"et_pb_column_6 et_pb_column et_pb_column_1_3 et-last-child et_block_column et_pb_css_mix_blend_mode_passthrough\">\n<div class=\"et_pb_text_27 et_pb_text et_pb_bg_layout_light et_pb_module et_block_module preset--module--divi-text--cfdc9902-28e7-4fb7-8086-589a6421b0de\"><div class=\"et_pb_text_inner\"><h5>Gremienarbeit &amp; Engagement:<\/h5>\n<\/div><\/div>\n\n<div class=\"et_pb_text_28 et_pb_text et_pb_bg_layout_light et_pb_module et_block_module preset--module--divi-text--6b8697c1-4e6a-422c-813a-ff870977bf6f\"><div class=\"et_pb_text_inner\"><p class=\"whitespace-normal break-words\"><strong><\/strong><\/p>\n<ul class=\"[&amp;:not(:last-child)_ul]:pb-1 [&amp;:not(:last-child)_ol]:pb-1 list-disc space-y-1.5 pl-7\">\n<li class=\"whitespace-normal break-words\">Vorstand <a href=\"https:\/\/www.clubcommission.de\/\" target=\"_blank\" rel=\"noopener\">Clubcommission<\/a> Berlin e.V. (seit 2016)<\/li>\n<li class=\"whitespace-normal break-words\">Erweiterter Vorstand <a href=\"https:\/\/www.livemusikkommission.de\/\" target=\"_blank\" rel=\"noopener\">LiveKomm<\/a> e.V. (seit 2024)<\/li>\n<li class=\"whitespace-normal break-words\">Beirat <a href=\"https:\/\/www.berliner-sparkasse.de\/de\/home\/ihre-sparkasse\/ihre-sparkasse-vor-ort\/organe-und-sparkassenverband.html\" target=\"_blank\" rel=\"noopener\">Berliner Sparkasse<\/a> (seit 2023)<\/li>\n<li class=\"whitespace-normal break-words\">Aufsichtsrat <a href=\"https:\/\/www.vollgut.berlin\/\" target=\"_blank\" rel=\"noopener\">VOLLGUT<\/a> eG (seit 2023)<\/li>\n<li class=\"whitespace-normal break-words\">Aufsichtsrat <a href=\"https:\/\/freude-eg.de\/\" target=\"_blank\" rel=\"noopener\">Mit Freude<\/a> eG (seit 2024)<\/li>\n<li class=\"whitespace-normal break-words\">COO <a href=\"https:\/\/queermentor.org\/\" target=\"_blank\" rel=\"noopener\">Queermentor<\/a> gGmbH (seit 2025)<\/li>\n<li class=\"whitespace-normal break-words\">Mitglied im Bundesverband Mediation <a href=\"https:\/\/www.bmev.de\/de\/\" target=\"_blank\" rel=\"noopener\">BMEV<\/a> (seit 2025)<\/li>\n<\/ul>\n<\/div><\/div>\n<\/div>\n<\/div>\n<\/div>\n\n<div class=\"et_pb_section_3 et_pb_section et_section_regular et_block_section\">\n<div class=\"et_pb_row_3 et_pb_row et_block_row\">\n<div class=\"et_pb_column_7 et_pb_column et_pb_column_4_4 et-last-child et_block_column et_pb_css_mix_blend_mode_passthrough\">\n<div class=\"et_pb_text_29 et_pb_text et_pb_bg_layout_light et_pb_module et_block_module preset--module--divi-text--47ad1746-2778-4158-99b2-5f3f20e9ae06\"><div class=\"et_pb_text_inner\"><h2>Erfolgreiche <strong>Geschichten<\/strong><\/h2>\n<\/div><\/div>\n<\/div>\n<\/div>\n\n<div class=\"et_pb_row_4 et_pb_row et_block_row\">\n<div class=\"et_pb_column_8 et_pb_column et_pb_column_4_4 et-last-child et_block_column et_pb_css_mix_blend_mode_passthrough\">\n<div class=\"et_pb_slider_0 et_pb_slider et_pb_slider_fullwidth_off et_pb_slider_no_pagination et_pb_slider_show_image et_pb_module et_block_module preset--module--divi-slider--d4f37b64-c6dd-4a6c-97f1-ad3c1d02b7b3\"><div class=\"et_pb_slides\">\n<div class=\"et_pb_slide_0 et_pb_slide et_pb_slide_with_image et_pb_media_alignment_center et_pb_bg_layout_dark et_pb_text_align_center\" data-slide-id=\"divi\/slide-0\"><div class=\"et_pb_container\"><div class=\"et_pb_slider_container_inner\"><div class=\"et_pb_slide_image\"><img loading=\"lazy\" decoding=\"async\" src=\"https:\/\/veraenderungsarchitekt.de\/wp-content\/uploads\/2025\/10\/testimonial-alexander-koose.webp\" width=\"1080\" height=\"1080\" srcset=\"https:\/\/veraenderungsarchitekt.de\/wp-content\/uploads\/2025\/10\/testimonial-alexander-koose.webp 1080w, https:\/\/veraenderungsarchitekt.de\/wp-content\/uploads\/2025\/10\/testimonial-alexander-koose-980x980.webp 980w, https:\/\/veraenderungsarchitekt.de\/wp-content\/uploads\/2025\/10\/testimonial-alexander-koose-480x480.webp 480w\" sizes=\"(min-width: 0px) and (max-width: 480px) 480px, (min-width: 481px) and (max-width: 980px) 980px, (min-width: 981px) 1080px, 100vw\" class=\"wp-image-742 wp-image-157\" alt=\"Alexander Koose \u2013 Testimonial f\u00fcr Change Management\" \/><\/div><div class=\"et_pb_slide_description\"><h2 class=\"et_pb_slide_title\">Alexander Koose<\/h2><div class=\"et_pb_slide_content\"><p>Channel Marketing Manager<br \/><a href=\"https:\/\/www.resound.com\/de-de\/\">GN Hearing GmbH<\/a><\/p>\n<p>\"Marcel begleitet mich seit Jahren als Coach in meiner pers\u00f6nlichen Entwicklung. Die individuell angepassten Methoden halfen mir, meine St\u00e4rken zu erkennen und meine Pers\u00f6nlichkeit weiterzuentwickeln. Durch das Coaching habe ich nun ein klares Verst\u00e4ndnis meiner St\u00e4rken, Herausforderungen und Motivationen.\"<\/p>\n<\/div><\/div><\/div><\/div><\/div>\n\n<div class=\"et_pb_slide_1 et_pb_slide et_pb_slide_with_image et_pb_media_alignment_center et_pb_bg_layout_dark et_pb_text_align_center\" data-slide-id=\"divi\/slide-1\"><div class=\"et_pb_container\"><div class=\"et_pb_slider_container_inner\"><div class=\"et_pb_slide_image\"><img loading=\"lazy\" decoding=\"async\" src=\"https:\/\/veraenderungsarchitekt.de\/wp-content\/uploads\/2025\/10\/testimonial-catrin-raab.webp\" width=\"1080\" height=\"1080\" srcset=\"https:\/\/veraenderungsarchitekt.de\/wp-content\/uploads\/2025\/10\/testimonial-catrin-raab.webp 1080w, https:\/\/veraenderungsarchitekt.de\/wp-content\/uploads\/2025\/10\/testimonial-catrin-raab-980x980.webp 980w, https:\/\/veraenderungsarchitekt.de\/wp-content\/uploads\/2025\/10\/testimonial-catrin-raab-480x480.webp 480w\" sizes=\"(min-width: 0px) and (max-width: 480px) 480px, (min-width: 481px) and (max-width: 980px) 980px, (min-width: 981px) 1080px, 100vw\" class=\"wp-image-744\" alt=\"Catrin Raab - Klientin f\u00fcr Pers\u00f6nlichkeits- und Organisationsentwicklung\" \/><\/div><div class=\"et_pb_slide_description\"><h2 class=\"et_pb_slide_title\">Catrin Raab<\/h2><div class=\"et_pb_slide_content\"><p>Gastronomin<br \/>Raab &amp; Petersen GbR<\/p>\n<p>\"Ich hatte sowohl Einzelcoaching als auch gemeinsames Coaching zusammen mit meiner Gesch\u00e4ftspartnerin. Marcel hat es geschafft, dass ich aus allen Sessions positiv und motiviert herausgegangen bin. Langfristig haben die Coachings vor allem mein Selbstbewusstsein gest\u00e4rkt, so dass ich positiver und mutiger in die Zukunft schaue.\"<\/p>\n<\/div><\/div><\/div><\/div><\/div>\n\n<div class=\"et_pb_slide_2 et_pb_slide et_pb_slide_with_image et_pb_media_alignment_center et_pb_bg_layout_dark et_pb_text_align_center et_clickable\" data-slide-id=\"divi\/slide-2\"><div class=\"et_pb_container\"><div class=\"et_pb_slider_container_inner\"><div class=\"et_pb_slide_image\"><picture class=\"wp-picture-768\" style=\"display: contents;\"><source type=\"image\/avif\" srcset=\"https:\/\/veraenderungsarchitekt.de\/wp-content\/uploads\/2025\/11\/Goscinska-N-SKA-jpg.avif 1024w, https:\/\/veraenderungsarchitekt.de\/wp-content\/uploads\/2025\/11\/Goscinska-N-SKA-980x551-jpg.avif 980w, https:\/\/veraenderungsarchitekt.de\/wp-content\/uploads\/2025\/11\/Goscinska-N-SKA-480x270-jpg.avif 480w\" sizes=\"(min-width: 0px) and (max-width: 480px) 480px, (min-width: 481px) and (max-width: 980px) 980px, (min-width: 981px) 1024px, 100vw\"><picture class=\"wp-picture-768\" style=\"display: contents;\"><source type=\"image\/avif\" srcset=\"https:\/\/veraenderungsarchitekt.de\/wp-content\/uploads\/2025\/11\/Goscinska-N-SKA-jpg.avif 1024w, https:\/\/veraenderungsarchitekt.de\/wp-content\/uploads\/2025\/11\/Goscinska-N-SKA-980x551-jpg.avif 980w, https:\/\/veraenderungsarchitekt.de\/wp-content\/uploads\/2025\/11\/Goscinska-N-SKA-480x270-jpg.avif 480w\" sizes=\"(min-width: 0px) and (max-width: 480px) 480px, (min-width: 481px) and (max-width: 980px) 980px, (min-width: 981px) 1024px, 100vw\"><img loading=\"lazy\" decoding=\"async\" src=\"https:\/\/veraenderungsarchitekt.de\/wp-content\/uploads\/2025\/11\/Goscinska-N-SKA.jpg\" width=\"1024\" height=\"1024\" srcset=\"https:\/\/veraenderungsarchitekt.de\/wp-content\/uploads\/2025\/11\/Goscinska-N-SKA.jpg 1024w, https:\/\/veraenderungsarchitekt.de\/wp-content\/uploads\/2025\/11\/Goscinska-N-SKA-980x980.jpg 980w, https:\/\/veraenderungsarchitekt.de\/wp-content\/uploads\/2025\/11\/Goscinska-N-SKA-480x480.jpg 480w\" sizes=\"(min-width: 0px) and (max-width: 480px) 480px, (min-width: 481px) and (max-width: 980px) 980px, (min-width: 981px) 1024px, 100vw\" class=\"wp-image-768\" \/><\/picture><\/picture><\/div><div class=\"et_pb_slide_description\"><h2 class=\"et_pb_slide_title\">Kasia Go\u015bci\u0144ska \/N SKA\/<\/h2><div class=\"et_pb_slide_content\"><p><span>Project &amp; Event Manager<\/span><\/p>\n<p><span>\"Working with Marcel brought me clarity about where I stand with my skills. The session on identifying limiting beliefs finally got me unstuck and helped me integrate my scattered experiences across different industries. I truly appreciate how Marcel holds space - the atmosphere is cozy and relaxed, while his facilitation is warm, respectful, clear and decisive. His holistic approach is deeply personal and tailored to individual needs. I'm sure Marcel can bring clarity and direction to anyone.\"<\/span><\/p>\n<p><span>\u00a0<\/span><\/p>\n<\/div><\/div><\/div><\/div><\/div>\n\n<div class=\"et_pb_slide_3 et_pb_slide et_pb_slide_with_image et_pb_media_alignment_center et_pb_bg_layout_dark et_pb_text_align_center\" data-slide-id=\"divi\/slide-3\"><div class=\"et_pb_container\"><div class=\"et_pb_slider_container_inner\"><div class=\"et_pb_slide_image\"><picture class=\"wp-picture-795\" style=\"display: contents;\"><source type=\"image\/avif\" srcset=\"https:\/\/veraenderungsarchitekt.de\/wp-content\/uploads\/2025\/11\/Testimonial-Florian-Winkler-Schwarz-scaled-jpg.avif 1920w, https:\/\/veraenderungsarchitekt.de\/wp-content\/uploads\/2025\/11\/Testimonial-Florian-Winkler-Schwarz-1280x720-heic.avif 1280w, https:\/\/veraenderungsarchitekt.de\/wp-content\/uploads\/2025\/11\/Testimonial-Florian-Winkler-Schwarz-980x551-heic.avif 980w, https:\/\/veraenderungsarchitekt.de\/wp-content\/uploads\/2025\/11\/Testimonial-Florian-Winkler-Schwarz-480x270-heic.avif 480w\" sizes=\"(min-width: 0px) and (max-width: 480px) 480px, (min-width: 481px) and (max-width: 980px) 980px, (min-width: 981px) and (max-width: 1280px) 1280px, (min-width: 1281px) 1920px, 100vw\"><picture class=\"wp-picture-795\" style=\"display: contents;\"><source type=\"image\/avif\" srcset=\"https:\/\/veraenderungsarchitekt.de\/wp-content\/uploads\/2025\/11\/Testimonial-Florian-Winkler-Schwarz-scaled-jpg.avif 1920w, https:\/\/veraenderungsarchitekt.de\/wp-content\/uploads\/2025\/11\/Testimonial-Florian-Winkler-Schwarz-1280x720-heic.avif 1280w, https:\/\/veraenderungsarchitekt.de\/wp-content\/uploads\/2025\/11\/Testimonial-Florian-Winkler-Schwarz-980x551-heic.avif 980w, https:\/\/veraenderungsarchitekt.de\/wp-content\/uploads\/2025\/11\/Testimonial-Florian-Winkler-Schwarz-480x270-heic.avif 480w\" sizes=\"(min-width: 0px) and (max-width: 480px) 480px, (min-width: 481px) and (max-width: 980px) 980px, (min-width: 981px) and (max-width: 1280px) 1280px, (min-width: 1281px) 1920px, 100vw\"><img loading=\"lazy\" decoding=\"async\" src=\"https:\/\/veraenderungsarchitekt.de\/wp-content\/uploads\/2025\/11\/Testimonial-Florian-Winkler-Schwarz-scaled.jpg\" width=\"1920\" height=\"2560\" srcset=\"https:\/\/veraenderungsarchitekt.de\/wp-content\/uploads\/2025\/11\/Testimonial-Florian-Winkler-Schwarz-scaled.jpg 1920w, https:\/\/veraenderungsarchitekt.de\/wp-content\/uploads\/2025\/11\/Testimonial-Florian-Winkler-Schwarz-1280x1707.jpg 1280w, https:\/\/veraenderungsarchitekt.de\/wp-content\/uploads\/2025\/11\/Testimonial-Florian-Winkler-Schwarz-980x1307.jpg 980w, https:\/\/veraenderungsarchitekt.de\/wp-content\/uploads\/2025\/11\/Testimonial-Florian-Winkler-Schwarz-480x640.jpg 480w\" sizes=\"(min-width: 0px) and (max-width: 480px) 480px, (min-width: 481px) and (max-width: 980px) 980px, (min-width: 981px) and (max-width: 1280px) 1280px, (min-width: 1281px) 1920px, 100vw\" class=\"wp-image-795\" \/><\/picture><\/picture><\/div><div class=\"et_pb_slide_description\"><h2 class=\"et_pb_slide_title\">Florian Winkler-Schwarz<\/h2><div class=\"et_pb_slide_content\"><p><span>Gesch\u00e4ftsf\u00fchrung<br \/><a href=\"https:\/\/lsvd.berlin\" target=\"_blank\" rel=\"noopener\">LSVD Verband Queere Vielfalt<\/a><br \/><a href=\"https:\/\/lsvd.berlin\" target=\"_blank\" rel=\"noopener\">Berlin-Brandenburg<\/a><\/span><\/p>\n<p><span>\u201eMarcel bringt eine au\u00dfergew\u00f6hnliche Sensibilit\u00e4t und fachliche Tiefe f\u00fcr die Bed\u00fcrfnisse queerer Communities mit. In seiner Arbeit verbindet er seine fundierte Expertise und eine klare wertbasierte Haltung, die Menschen wirklich st\u00e4rkt. F\u00fcr alle, die im queeren Kontext Ver\u00e4nderung gestalten oder Konflikte gut begleiten m\u00f6chten, ist Marcel ein Gewinn \u2013 er schafft R\u00e4ume, in denen Vertrauen, Reflexion und echte Entwicklung m\u00f6glich werden.\u201c<\/span><\/p>\n<\/div><\/div><\/div><\/div><\/div>\n\n<div class=\"et_pb_slide_4 et_pb_slide et_pb_slide_with_image et_pb_media_alignment_center et_pb_bg_layout_dark et_pb_text_align_center\" data-slide-id=\"divi\/slide-4\"><div class=\"et_pb_container\"><div class=\"et_pb_slider_container_inner\"><div class=\"et_pb_slide_image\"><img loading=\"lazy\" decoding=\"async\" src=\"https:\/\/veraenderungsarchitekt.de\/wp-content\/uploads\/2025\/12\/Testmonial-Simon-Lee-Ucholl-Portrait-scaled-e1765387941112.webp\" width=\"1707\" height=\"1707\" srcset=\"https:\/\/veraenderungsarchitekt.de\/wp-content\/uploads\/2025\/12\/Testmonial-Simon-Lee-Ucholl-Portrait-scaled-e1765387941112.webp 1707w, https:\/\/veraenderungsarchitekt.de\/wp-content\/uploads\/2025\/12\/Testmonial-Simon-Lee-Ucholl-Portrait-scaled-e1765387941112-1280x720.webp 1280w, https:\/\/veraenderungsarchitekt.de\/wp-content\/uploads\/2025\/12\/Testmonial-Simon-Lee-Ucholl-Portrait-scaled-e1765387941112-980x551.webp 980w, https:\/\/veraenderungsarchitekt.de\/wp-content\/uploads\/2025\/12\/Testmonial-Simon-Lee-Ucholl-Portrait-scaled-e1765387941112-480x270.webp 480w\" sizes=\"(min-width: 0px) and (max-width: 480px) 480px, (min-width: 481px) and (max-width: 980px) 980px, (min-width: 981px) and (max-width: 1280px) 1280px, (min-width: 1281px) 1707px, 100vw\" class=\"wp-image-810\" \/><\/div><div class=\"et_pb_slide_description\"><h2 class=\"et_pb_slide_title\">Simon Uhcholl Lee<\/h2><div class=\"et_pb_slide_content\"><p><span> Co-Gesch\u00e4ftsf\u00fchrer<br \/><\/span><a href=\"https:\/\/www.instagram.com\/ktb.berlin\" target=\"_blank\" rel=\"noopener\"><span>Korea Town Berlin<\/span><\/a><\/p>\n<p><span>\"Seit \u00fcber zehn Jahren kenne und sch\u00e4tze ich Marcels Begleitung. Er hat die seltene F\u00e4higkeit, mit bemerkenswerter Ruhe zuzuh\u00f6ren, das Wesentliche in komplexen oder angespannten Situationen rasch zu erkennen und daraus L\u00f6sungen zu entwickeln, die realistisch, nachvollziehbar und direkt anwendbar sind. Seine Unterst\u00fctzung hat mir schon mehrfach Klarheit und Orientierung gegeben.\"<\/span><\/p>\n<\/div><\/div><\/div><\/div><\/div>\n\n<div class=\"et_pb_slide_5 et_pb_slide et_pb_slide_with_image et_pb_media_alignment_center et_pb_bg_layout_dark et_pb_text_align_center\" data-slide-id=\"divi\/slide-5\"><div class=\"et_pb_container\"><div class=\"et_pb_slider_container_inner\"><div class=\"et_pb_slide_image\"><picture class=\"wp-picture-821\" style=\"display: contents;\"><picture class=\"wp-picture-821\" style=\"display: contents;\"><img loading=\"lazy\" decoding=\"async\" src=\"https:\/\/veraenderungsarchitekt.de\/wp-content\/uploads\/2026\/02\/PressefotoGudrun_01-e1770972111601.jpeg\" width=\"427\" height=\"570\" srcset=\"https:\/\/veraenderungsarchitekt.de\/wp-content\/uploads\/2026\/02\/PressefotoGudrun_01-e1770972111601.jpeg 427w\" sizes=\"(min-width: 0px) and (max-width: 427px) 427px, 100vw\" class=\"wp-image-821\" \/><\/picture><\/picture><\/div><div class=\"et_pb_slide_description\"><h2 class=\"et_pb_slide_title\">Gudrun Fertig<\/h2><div class=\"et_pb_slide_content\"><p>CEO Special Media<br \/><a href=\"https:\/\/www.siegessaeule.de\" target=\"_blank\" rel=\"noopener\">(SIEGESS\u00c4ULE \/ L-MAG)<\/a><\/p>\n<p><span>\u201eMarcel hat uns sehr erfolgreich beim\u00a0Gr\u00fcndungsprozess der SIEGESS\u00c4ULE Queere Medien Genossenschaft i.G.\u00a0begleitet. Ich sch\u00e4tze seine strukturierte Herangehensweise, die\u00a0dennoch Spielraum f\u00fcr\u00a0Menschliches l\u00e4sst. Besonders begeistert\u00a0hat mich sein Gesp\u00fcr f\u00fcr die Momente, in denen Zeit und Raum f\u00fcr\u00a0weitere Fortschritte n\u00f6tig sind und kein hektisches Durchziehen\u00a0einer Agenda.\u201c<\/span><\/p>\n<\/div><\/div><\/div><\/div><\/div>\n<\/div><\/div>\n<\/div>\n<\/div>\n<\/div>\n\n<div class=\"et_pb_section_4 et_pb_section et_section_regular et_block_section\">\n<div class=\"et_pb_row_5 et_pb_row et_block_row\">\n<div class=\"et_pb_column_9 et_pb_column et_pb_column_1_2 et_block_column et_pb_css_mix_blend_mode_passthrough\">\n<div class=\"et_pb_image_3 et_pb_image et_pb_module et_block_module\"><span class=\"et_pb_image_wrap\"><img loading=\"lazy\" decoding=\"async\" src=\"https:\/\/veraenderungsarchitekt.de\/wp-content\/uploads\/2025\/09\/Marci-Bonus-Pics_2.000px-lange-Kante_web-3.avif\" width=\"1333\" height=\"2000\" srcset=\"https:\/\/veraenderungsarchitekt.de\/wp-content\/uploads\/2025\/09\/Marci-Bonus-Pics_2.000px-lange-Kante_web-3.avif 1333w, https:\/\/veraenderungsarchitekt.de\/wp-content\/uploads\/2025\/09\/Marci-Bonus-Pics_2.000px-lange-Kante_web-3-200x300.avif 200w, https:\/\/veraenderungsarchitekt.de\/wp-content\/uploads\/2025\/09\/Marci-Bonus-Pics_2.000px-lange-Kante_web-3-682x1024.avif 682w, https:\/\/veraenderungsarchitekt.de\/wp-content\/uploads\/2025\/09\/Marci-Bonus-Pics_2.000px-lange-Kante_web-3-768x1152.avif 768w, https:\/\/veraenderungsarchitekt.de\/wp-content\/uploads\/2025\/09\/Marci-Bonus-Pics_2.000px-lange-Kante_web-3-1024x1536.avif 1024w, https:\/\/veraenderungsarchitekt.de\/wp-content\/uploads\/2025\/09\/Marci-Bonus-Pics_2.000px-lange-Kante_web-3-1080x1620.avif 1080w, https:\/\/veraenderungsarchitekt.de\/wp-content\/uploads\/2025\/09\/Marci-Bonus-Pics_2.000px-lange-Kante_web-3-1280x1920.avif 1280w, https:\/\/veraenderungsarchitekt.de\/wp-content\/uploads\/2025\/09\/Marci-Bonus-Pics_2.000px-lange-Kante_web-3-980x1470.avif 980w, https:\/\/veraenderungsarchitekt.de\/wp-content\/uploads\/2025\/09\/Marci-Bonus-Pics_2.000px-lange-Kante_web-3-480x720.avif 480w\" sizes=\"(max-width: 1333px) 100vw, 1333px\" class=\"wp-image-107\" title=\"Marci Bonus Pics_2.000px lange Kante_web-3\" \/><\/span><\/div>\n<\/div>\n\n<div class=\"et_pb_column_10 et_pb_column et_pb_column_1_2 et-last-child et_block_column et_pb_css_mix_blend_mode_passthrough\">\n<div class=\"et_pb_text_30 et_pb_text et_pb_bg_layout_light et_pb_module et_block_module preset--module--divi-text--e157e4e9-c61a-4943-9d8b-a933de0e2620\"><div class=\"et_pb_text_inner\"><h2>Wof\u00fcr ich brenne<\/h2>\n<\/div><\/div>\n\n<div class=\"et_pb_text_31 et_pb_text et_pb_bg_layout_light et_pb_module et_block_module preset--module--divi-text--6b8697c1-4e6a-422c-813a-ff870977bf6f\"><div class=\"et_pb_text_inner\"><p class=\"whitespace-normal break-words\"><strong>Nachhaltige Ver\u00e4nderung:<\/strong> Quick Fixes interessieren mich nicht. Ich will Transformationen, die von innen kommen und dauerhaft wirken.<\/p>\n<p class=\"whitespace-normal break-words\"><strong>Authentizit\u00e4t:<\/strong> <span>In einer Welt voller Masken und Rollen schaffe ich R\u00e4ume, in denen Menschen sie selbst sein k\u00f6nnen, ohne sich verstellen zu m\u00fcssen.<\/span><\/p>\n<p class=\"whitespace-normal break-words\"><strong>Diversit\u00e4t:<\/strong> <span>Vielfalt ist keine Bedrohung, sondern unsere gr\u00f6\u00dfte St\u00e4rke, weshalb ich Organisationen helfe, das zu erkennen und zu nutzen.<\/span><\/p>\n<p class=\"whitespace-normal break-words\"><strong>Empowerment:<\/strong> <span>Menschen haben die L\u00f6sungen bereits in sich, sodass ich ihnen helfe, diese zu entdecken und umzusetzen.<\/span><\/p>\n<\/div><\/div>\n\n<div class=\"et_pb_text_32 et_pb_text et_pb_bg_layout_light et_pb_module et_block_module preset--module--divi-text--e157e4e9-c61a-4943-9d8b-a933de0e2620\"><div class=\"et_pb_text_inner\"><h2>Meine Arbeitsweise<\/h2>\n<\/div><\/div>\n\n<div class=\"et_pb_text_33 et_pb_text et_pb_bg_layout_light et_pb_module et_block_module preset--module--divi-text--6b8697c1-4e6a-422c-813a-ff870977bf6f\"><div class=\"et_pb_text_inner\"><p class=\"whitespace-normal break-words\"><strong>Augenh\u00f6he statt Expertentum<\/strong> <span>Ich komme nicht als der allwissende Berater, sondern als Partner auf Augenh\u00f6he, der gemeinsam dir L\u00f6sungen entwickelt.<\/span><\/p>\n<p class=\"whitespace-normal break-words\"><strong>Prozess vor Ergebnis<\/strong> <span>Der Weg ist oft wichtiger als das Ziel, denn wie wir zu L\u00f6sungen kommen, bestimmt, ob sie nachhaltig sind.<\/span><\/p>\n<p class=\"whitespace-normal break-words\"><strong>Humor und Ernsthaftigkeit<\/strong> <span>Ver\u00e4nderung darf auch Spa\u00df machen, weshalb ich Leichtigkeit in schwere Themen bringe, ohne sie zu verharmlosen.<\/span><\/p>\n<p class=\"whitespace-normal break-words\"><strong>Klarheit und Empathie<\/strong> <span>Ich sage, was ich denke \u2013 respektvoll und wertsch\u00e4tzend, denn Ehrlichkeit und Mitgef\u00fchl schlie\u00dfen sich nicht aus.<\/span><\/p>\n<\/div><\/div>\n\n<div class=\"et_pb_module et_pb_button_module_wrapper et_pb_button_0_wrapper preset--module--divi-button--8fd54d64-2a1e-4fe4-88ef-02369a0cbe23_wrapper\"><a class=\"et_pb_button_0 et_pb_button et_pb_bg_layout_light et_pb_module et_block_module preset--module--divi-button--8fd54d64-2a1e-4fe4-88ef-02369a0cbe23\" href=\"https:\/\/veraenderungsarchitekt.de\/coaching-mediation-beratung-berlin\/kontakt\/\">Lass uns sprechen<\/a><\/div>\n\n<div class=\"et_pb_module et_pb_button_module_wrapper et_pb_button_1_wrapper preset--module--divi-button--ef98e337-0947-484b-9750-6d3202769835_wrapper\"><a class=\"et_pb_button_1 et_pb_button et_pb_bg_layout_light et_pb_module et_block_module preset--module--divi-button--ef98e337-0947-484b-9750-6d3202769835\" href=\"https:\/\/zeeg.me\/marcelweber\/30min\" target=\"_blank\">30 Minuten kostenfrei<\/a><\/div>\n<\/div>\n<\/div>\n<\/div>\n\n<div class=\"et_pb_section_5 et_pb_section et_section_regular et_block_section\">\n<div class=\"et_pb_row_6 et_pb_row et_pb_gutters2 et_block_row\">\n<div class=\"et_pb_column_11 et_pb_column et_pb_column_1_2 et_block_column et_pb_css_mix_blend_mode_passthrough\">\n<div class=\"et_pb_image_4 et_pb_image et_pb_module et_block_module\"><span class=\"et_pb_image_wrap\"><img loading=\"lazy\" decoding=\"async\" src=\"https:\/\/veraenderungsarchitekt.de\/wp-content\/uploads\/2025\/09\/career-coach-illustration-05@2x-1-1.avif\" width=\"240\" height=\"400\" srcset=\"https:\/\/veraenderungsarchitekt.de\/wp-content\/uploads\/2025\/09\/career-coach-illustration-05@2x-1-1.avif 240w, https:\/\/veraenderungsarchitekt.de\/wp-content\/uploads\/2025\/09\/career-coach-illustration-05@2x-1-1-180x300.avif 180w\" sizes=\"(max-width: 240px) 100vw, 240px\" class=\"wp-image-151\" title=\"career-coach-illustration-05@2x\" alt=\"Organisationsentwicklung - Expertise aus Clubkultur und Genossenschaftswesen Berlin\" \/><\/span><\/div>\n\n<div class=\"et_pb_text_34 et_pb_text et_pb_bg_layout_light et_pb_module et_block_module preset--module--divi-text--cabb9294-3c2b-4503-ab83-80cc21a376da\"><div class=\"et_pb_text_inner\"><h4>Change- &amp; Transformationsberatung<\/h4>\n<\/div><\/div>\n\n<div class=\"et_pb_text_35 et_pb_text et_pb_bg_layout_light et_pb_module et_block_module preset--module--divi-text--f98a3e87-2e24-4bef-81d4-5041b23ccc2a\"><div class=\"et_pb_text_inner\"><h3>In Organisationen<\/h3>\n<\/div><\/div>\n\n<div class=\"et_pb_module et_pb_button_module_wrapper et_pb_button_2_wrapper preset--module--divi-button--78ea6025-f499-464d-9da7-8e1d3d2324b3_wrapper\"><a class=\"et_pb_button_2 et_pb_button et_pb_bg_layout_light et_pb_module et_block_module preset--module--divi-button--78ea6025-f499-464d-9da7-8e1d3d2324b3\" href=\"https:\/\/veraenderungsarchitekt.de\/coaching-mediation-beratung-berlin\/organisationsentwicklung-berlin\/\">Mehr erfahren<\/a><\/div>\n<\/div>\n\n<div class=\"et_pb_column_12 et_pb_column et_pb_column_1_2 et-last-child et_block_column et_pb_css_mix_blend_mode_passthrough\">\n<div class=\"et_pb_image_5 et_pb_image et_pb_module et_block_module\"><span class=\"et_pb_image_wrap\"><img loading=\"lazy\" decoding=\"async\" src=\"https:\/\/veraenderungsarchitekt.de\/wp-content\/uploads\/2025\/09\/career-coach-illustration-08@2x-1.avif\" width=\"240\" height=\"400\" srcset=\"https:\/\/veraenderungsarchitekt.de\/wp-content\/uploads\/2025\/09\/career-coach-illustration-08@2x-1.avif 240w, https:\/\/veraenderungsarchitekt.de\/wp-content\/uploads\/2025\/09\/career-coach-illustration-08@2x-1-180x300.avif 180w\" sizes=\"(max-width: 240px) 100vw, 240px\" class=\"wp-image-152\" title=\"career-coach-illustration-08@2x\" alt=\"Mediator Berlin - Ausgebildete Konfliktl\u00f6sung f\u00fcr Kultur und Sozialwirtschaft\" \/><\/span><\/div>\n\n<div class=\"et_pb_text_36 et_pb_text et_pb_bg_layout_light et_pb_module et_block_module preset--module--divi-text--cabb9294-3c2b-4503-ab83-80cc21a376da\"><div class=\"et_pb_text_inner\"><h4>Konfliktmediation<\/h4>\n<\/div><\/div>\n\n<div class=\"et_pb_text_37 et_pb_text et_pb_bg_layout_light et_pb_module et_block_module preset--module--divi-text--f98a3e87-2e24-4bef-81d4-5041b23ccc2a\"><div class=\"et_pb_text_inner\"><h3>L\u00f6sungen im Streit<\/h3>\n<\/div><\/div>\n\n<div class=\"et_pb_module et_pb_button_module_wrapper et_pb_button_3_wrapper preset--module--divi-button--78ea6025-f499-464d-9da7-8e1d3d2324b3_wrapper\"><a class=\"et_pb_button_3 et_pb_button et_pb_bg_layout_light et_pb_module et_block_module preset--module--divi-button--78ea6025-f499-464d-9da7-8e1d3d2324b3\" href=\"https:\/\/veraenderungsarchitekt.de\/coaching-mediation-beratung-berlin\/mediation-berlin\/\">Mehr erfahren<\/a><\/div>\n<\/div>\n<\/div>\n\n<div class=\"et_pb_row_7 et_pb_row et_pb_gutters2 et_block_row\">\n<div class=\"et_pb_column_13 et_pb_column et_pb_column_1_2 et_block_column et_pb_css_mix_blend_mode_passthrough\">\n<div class=\"et_pb_image_6 et_pb_image et_pb_module et_block_module\"><span class=\"et_pb_image_wrap\"><img loading=\"lazy\" decoding=\"async\" src=\"https:\/\/veraenderungsarchitekt.de\/wp-content\/uploads\/2025\/09\/career-coach-illustration-orange-02@2x-1.avif\" width=\"240\" height=\"400\" srcset=\"https:\/\/veraenderungsarchitekt.de\/wp-content\/uploads\/2025\/09\/career-coach-illustration-orange-02@2x-1.avif 240w, https:\/\/veraenderungsarchitekt.de\/wp-content\/uploads\/2025\/09\/career-coach-illustration-orange-02@2x-1-180x300.avif 180w\" sizes=\"(max-width: 240px) 100vw, 240px\" class=\"wp-image-153\" title=\"career-coach-illustration-orange-02@2x\" alt=\"Coach f\u00fcr Ver\u00e4nderungsprozesse - Erfahrung aus F\u00fchrung im Kulturbereich Berlin\" \/><\/span><\/div>\n\n<div class=\"et_pb_text_38 et_pb_text et_pb_bg_layout_light et_pb_module et_block_module preset--module--divi-text--cabb9294-3c2b-4503-ab83-80cc21a376da\"><div class=\"et_pb_text_inner\"><h4>Coaching &amp; Empowerment<\/h4>\n<\/div><\/div>\n\n<div class=\"et_pb_text_39 et_pb_text et_pb_bg_layout_light et_pb_module et_block_module preset--module--divi-text--f98a3e87-2e24-4bef-81d4-5041b23ccc2a\"><div class=\"et_pb_text_inner\"><h3>Deine Entwicklung<\/h3>\n<\/div><\/div>\n\n<div class=\"et_pb_module et_pb_button_module_wrapper et_pb_button_4_wrapper preset--module--divi-button--fbca62ba-6e93-40a3-8908-d06b2c3fe401_wrapper\"><a class=\"et_pb_button_4 et_pb_button et_pb_bg_layout_light et_pb_module et_block_module preset--module--divi-button--fbca62ba-6e93-40a3-8908-d06b2c3fe401\" href=\"https:\/\/veraenderungsarchitekt.de\/coaching-mediation-beratung-berlin\/coaching-berlin\/\">Mehr erfahren<\/a><\/div>\n<\/div>\n\n<div class=\"et_pb_column_14 et_pb_column et_pb_column_1_2 et-last-child et_block_column et_pb_css_mix_blend_mode_passthrough\">\n<div class=\"et_pb_image_7 et_pb_image et_pb_module et_block_module\"><span class=\"et_pb_image_wrap\"><img loading=\"lazy\" decoding=\"async\" src=\"https:\/\/veraenderungsarchitekt.de\/wp-content\/uploads\/2025\/09\/career-coach-illustration-07@2x-1.avif\" width=\"240\" height=\"400\" srcset=\"https:\/\/veraenderungsarchitekt.de\/wp-content\/uploads\/2025\/09\/career-coach-illustration-07@2x-1.avif 240w, https:\/\/veraenderungsarchitekt.de\/wp-content\/uploads\/2025\/09\/career-coach-illustration-07@2x-1-180x300.avif 180w\" sizes=\"(max-width: 240px) 100vw, 240px\" class=\"wp-image-154\" title=\"career-coach-illustration-07@2x\" alt=\"Trainer f\u00fcr gewaltfreie Kommunikation - Workshops und Seminare Berlin\" \/><\/span><\/div>\n\n<div class=\"et_pb_text_40 et_pb_text et_pb_bg_layout_light et_pb_module et_block_module preset--module--divi-text--cabb9294-3c2b-4503-ab83-80cc21a376da\"><div class=\"et_pb_text_inner\"><h4>Workshops &amp; Trainings<\/h4>\n<\/div><\/div>\n\n<div class=\"et_pb_text_41 et_pb_text et_pb_bg_layout_light et_pb_module et_block_module preset--module--divi-text--f98a3e87-2e24-4bef-81d4-5041b23ccc2a\"><div class=\"et_pb_text_inner\"><h3>F\u00fcr Teams<\/h3>\n<\/div><\/div>\n\n<div class=\"et_pb_module et_pb_button_module_wrapper et_pb_button_5_wrapper preset--module--divi-button--78ea6025-f499-464d-9da7-8e1d3d2324b3_wrapper\"><a class=\"et_pb_button_5 et_pb_button et_pb_bg_layout_light et_pb_module et_block_module preset--module--divi-button--78ea6025-f499-464d-9da7-8e1d3d2324b3\" href=\"https:\/\/veraenderungsarchitekt.de\/coaching-mediation-beratung-berlin\/workshops-trainings-berlin\/\">Mehr erfahren<\/a><\/div>\n<\/div>\n<\/div>\n<\/div>\n\n<div class=\"et_pb_section_6 et_pb_section et_section_regular et_block_section\">\n<div class=\"et_pb_row_8 et_pb_row et_block_row\">\n<div class=\"et_pb_column_15 et_pb_column et_pb_column_1_3 et_block_column et_pb_css_mix_blend_mode_passthrough\">\n<div class=\"et_pb_text_42 et_pb_text et_pb_bg_layout_light et_pb_module et_block_module preset--module--divi-text--d9656736-106e-433d-92a0-3513c52df5d4\"><div class=\"et_pb_text_inner\"><h6>Email<\/h6>\n<\/div><\/div>\n\n<div class=\"et_pb_text_43 et_pb_text et_pb_bg_layout_light et_pb_module et_block_module preset--module--divi-text--2a32efeb-110d-4812-8cc1-80c3d99e8803\"><div class=\"et_pb_text_inner\"><h5><a href=\"mailto:hallo@veraenderungsarchitekt.de\">hallo@veraenderungsarchitekt.de<\/a><\/h5>\n<\/div><\/div>\n\n<div class=\"et_pb_text_44 et_pb_text et_pb_bg_layout_light et_pb_module et_block_module preset--module--divi-text--d9656736-106e-433d-92a0-3513c52df5d4\"><div class=\"et_pb_text_inner\"><h6>Telefon<\/h6>\n<\/div><\/div>\n\n<div class=\"et_pb_text_45 et_pb_text et_pb_bg_layout_light et_pb_module et_block_module preset--module--divi-text--8f17ddf6-94f5-4f4c-b8f4-4c9f813f7505\"><div class=\"et_pb_text_inner\"><p><span>(030) 48 49 38 91<\/span><\/p>\n<\/div><\/div>\n\n<div class=\"et_pb_text_46 et_pb_text et_pb_bg_layout_light et_pb_module et_block_module preset--module--divi-text--d9656736-106e-433d-92a0-3513c52df5d4\"><div class=\"et_pb_text_inner\"><h6>Adresse<\/h6>\n<\/div><\/div>\n\n<div class=\"et_pb_text_47 et_pb_text et_pb_bg_layout_light et_pb_module et_block_module preset--module--divi-text--8f17ddf6-94f5-4f4c-b8f4-4c9f813f7505\"><div class=\"et_pb_text_inner\"><p>Prenzlauer Allee 217<br \/>10405 Berlin<\/p>\n<\/div><\/div>\n<\/div>\n\n<div class=\"et_pb_column_16 et_pb_column et_pb_column_1_3 et_block_column et_pb_css_mix_blend_mode_passthrough\">\n<div class=\"et_pb_text_48 et_pb_text et_pb_bg_layout_light et_pb_module et_block_module preset--module--divi-text--d9656736-106e-433d-92a0-3513c52df5d4\"><div class=\"et_pb_text_inner\"><h6>Follow<\/h6>\n<\/div><\/div>\n\n<div class=\"et_pb_text_49 et_pb_text et_pb_bg_layout_light et_pb_module et_block_module preset--module--divi-text--3c83b4a0-00a3-4a9c-abe5-583e64d9b151\"><div class=\"et_pb_text_inner\"><h3><a href=\"https:\/\/www.linkedin.com\/in\/marcel-weber-berlin\/\" target=\"_blank\" rel=\"noopener\">LinkedIn<\/a><\/h3>\n<\/div><\/div>\n\n<div class=\"et_pb_text_50 et_pb_text et_pb_bg_layout_light et_pb_module et_block_module preset--module--divi-text--3c83b4a0-00a3-4a9c-abe5-583e64d9b151\"><div class=\"et_pb_text_inner\"><h3><a href=\"https:\/\/www.instagram.com\/veraenderungsarchitekt\/\" target=\"_blank\" rel=\"noopener\">Instagram<\/a><\/h3>\n<\/div><\/div>\n\n<div class=\"et_pb_text_51 et_pb_text et_pb_bg_layout_light et_pb_module et_block_module preset--module--divi-text--3c83b4a0-00a3-4a9c-abe5-583e64d9b151\"><div class=\"et_pb_text_inner\"><h3><a href=\"https:\/\/www.tiktok.com\/@veraenderungsarchitekt\" target=\"_blank\" rel=\"noopener\">TikTok<\/a><\/h3>\n<\/div><\/div>\n<\/div>\n\n<div class=\"et_pb_column_17 et_pb_column et_pb_column_1_3 et-last-child et_block_column et_pb_css_mix_blend_mode_passthrough\">\n<div class=\"et_pb_text_52 et_pb_text et_pb_bg_layout_light et_pb_module et_block_module preset--module--divi-text--d9656736-106e-433d-92a0-3513c52df5d4\"><div class=\"et_pb_text_inner\"><h6>Angebote<\/h6>\n<\/div><\/div>\n\n<div class=\"et_pb_text_53 et_pb_text et_pb_bg_layout_light et_clickable et_pb_module et_block_module preset--module--divi-text--2a32efeb-110d-4812-8cc1-80c3d99e8803\"><div class=\"et_pb_text_inner\"><h5>Change &amp; Transformationsberatung<\/h5>\n<\/div><\/div>\n\n<div class=\"et_pb_text_54 et_pb_text et_pb_bg_layout_light et_clickable et_pb_module et_block_module preset--module--divi-text--2a32efeb-110d-4812-8cc1-80c3d99e8803\"><div class=\"et_pb_text_inner\"><h5>Coaching &amp; Empowerment<\/h5>\n<\/div><\/div>\n\n<div class=\"et_pb_text_55 et_pb_text et_pb_bg_layout_light et_clickable et_pb_module et_block_module preset--module--divi-text--2a32efeb-110d-4812-8cc1-80c3d99e8803\"><div class=\"et_pb_text_inner\"><h5>Konfliktmediation<\/h5>\n<\/div><\/div>\n\n<div class=\"et_pb_text_56 et_pb_text et_pb_bg_layout_light et_clickable et_pb_module et_block_module preset--module--divi-text--2a32efeb-110d-4812-8cc1-80c3d99e8803\"><div class=\"et_pb_text_inner\"><h5>Workshops &amp; Trainings<\/h5>\n<\/div><\/div>\n<\/div>\n<\/div>\n\n<div class=\"et_pb_row_9 et_pb_row et_block_row\">\n<div class=\"et_pb_column_18 et_pb_column et_pb_column_4_4 et-last-child et_block_column et_pb_css_mix_blend_mode_passthrough\">\n<div class=\"et_pb_text_57 et_pb_text et_pb_bg_layout_light et_pb_module et_block_module preset--module--divi-text--815add0e-5552-4cb7-8364-056177851908\"><div class=\"et_pb_text_inner\"><p>Copyright &copy; 2026 Marcel Weber - Ver\u00e4nderungsarchitekt<\/p>\n<\/div><\/div>\n<\/div>\n<\/div>\n<\/div>","protected":false},"excerpt":{"rendered":"","protected":false},"author":1,"featured_media":0,"parent":0,"menu_order":0,"comment_status":"closed","ping_status":"closed","template":"","meta":{"footnotes":""},"class_list":["post-474","page","type-page","status-publish","hentry"],"yoast_head":"<!-- This site is optimized with the Yoast SEO plugin v27.4 - https:\/\/yoast.com\/product\/yoast-seo-wordpress\/ -->\n<title>\u00dcber Ver\u00e4nderungsarchitekt Marcel Weber, Coach &amp; Mediator<\/title>\n<meta name=\"description\" content=\"Marcel Weber - Ver\u00e4nderungsarchitekt Berlin \u2713 13 Jahre F\u00fchrung \u2713 Systemischer Coach \u2713 Mediator \u2713 Berater \u2713 Pers\u00f6nlich kennenlernen\" \/>\n<meta name=\"robots\" content=\"index, follow, max-snippet:-1, max-image-preview:large, max-video-preview:-1\" \/>\n<link rel=\"canonical\" href=\"https:\/\/veraenderungsarchitekt.de\/coaching-mediation-beratung-berlin\/ueber-mich\/\" \/>\n<meta property=\"og:locale\" content=\"de_DE\" \/>\n<meta property=\"og:type\" content=\"article\" \/>\n<meta property=\"og:title\" content=\"\u00dcber Ver\u00e4nderungsarchitekt Marcel Weber, Coach &amp; Mediator\" \/>\n<meta property=\"og:description\" content=\"Marcel Weber - Ver\u00e4nderungsarchitekt Berlin \u2713 13 Jahre F\u00fchrung \u2713 Systemischer Coach \u2713 Mediator \u2713 Berater \u2713 Pers\u00f6nlich kennenlernen\" \/>\n<meta property=\"og:url\" content=\"https:\/\/veraenderungsarchitekt.de\/coaching-mediation-beratung-berlin\/ueber-mich\/\" \/>\n<meta property=\"og:site_name\" content=\"Marcel Weber - Ver\u00e4nderungsarchitekt\" \/>\n<meta property=\"article:modified_time\" content=\"2026-04-19T11:07:54+00:00\" \/>\n<meta property=\"og:image\" content=\"https:\/\/veraenderungsarchitekt.de\/wp-content\/uploads\/2025\/10\/coaching-mediation-beratung-berlin-social-1.png\" \/>\n\t<meta property=\"og:image:width\" content=\"1200\" \/>\n\t<meta property=\"og:image:height\" content=\"630\" \/>\n\t<meta property=\"og:image:type\" content=\"image\/png\" \/>\n<meta name=\"twitter:card\" content=\"summary_large_image\" \/>\n<meta name=\"twitter:label1\" content=\"Gesch\u00e4tzte Lesezeit\" \/>\n\t<meta name=\"twitter:data1\" content=\"3\u00a0Minuten\" \/>\n<script type=\"application\/ld+json\" class=\"yoast-schema-graph\">{\"@context\":\"https:\\\/\\\/schema.org\",\"@graph\":[{\"@type\":\"WebPage\",\"@id\":\"https:\\\/\\\/veraenderungsarchitekt.de\\\/coaching-mediation-beratung-berlin\\\/ueber-mich\\\/\",\"url\":\"https:\\\/\\\/veraenderungsarchitekt.de\\\/coaching-mediation-beratung-berlin\\\/ueber-mich\\\/\",\"name\":\"\u00dcber Ver\u00e4nderungsarchitekt Marcel Weber, Coach & Mediator\",\"isPartOf\":{\"@id\":\"https:\\\/\\\/veraenderungsarchitekt.de\\\/coaching-mediation-beratung-berlin\\\/#website\"},\"datePublished\":\"2025-10-04T21:10:27+00:00\",\"dateModified\":\"2026-04-19T11:07:54+00:00\",\"description\":\"Marcel Weber - Ver\u00e4nderungsarchitekt Berlin \u2713 13 Jahre F\u00fchrung \u2713 Systemischer Coach \u2713 Mediator \u2713 Berater \u2713 Pers\u00f6nlich kennenlernen\",\"breadcrumb\":{\"@id\":\"https:\\\/\\\/veraenderungsarchitekt.de\\\/coaching-mediation-beratung-berlin\\\/ueber-mich\\\/#breadcrumb\"},\"inLanguage\":\"de\",\"potentialAction\":[{\"@type\":\"ReadAction\",\"target\":[\"https:\\\/\\\/veraenderungsarchitekt.de\\\/coaching-mediation-beratung-berlin\\\/ueber-mich\\\/\"]}]},{\"@type\":\"BreadcrumbList\",\"@id\":\"https:\\\/\\\/veraenderungsarchitekt.de\\\/coaching-mediation-beratung-berlin\\\/ueber-mich\\\/#breadcrumb\",\"itemListElement\":[{\"@type\":\"ListItem\",\"position\":1,\"name\":\"Startseite\",\"item\":\"https:\\\/\\\/veraenderungsarchitekt.de\\\/coaching-mediation-beratung-berlin\\\/\"},{\"@type\":\"ListItem\",\"position\":2,\"name\":\"\u00dcber mich\"}]},{\"@type\":\"WebSite\",\"@id\":\"https:\\\/\\\/veraenderungsarchitekt.de\\\/coaching-mediation-beratung-berlin\\\/#website\",\"url\":\"https:\\\/\\\/veraenderungsarchitekt.de\\\/coaching-mediation-beratung-berlin\\\/\",\"name\":\"Marcel Weber - Ver\u00e4nderungsarchitekt\",\"description\":\"Coaching, Mediation, Beratung, Workshops &amp; Trainings in Berlin\",\"publisher\":{\"@id\":\"https:\\\/\\\/veraenderungsarchitekt.de\\\/coaching-mediation-beratung-berlin\\\/#organization\"},\"alternateName\":\"Ver\u00e4nderungsarchitekt\",\"potentialAction\":[{\"@type\":\"SearchAction\",\"target\":{\"@type\":\"EntryPoint\",\"urlTemplate\":\"https:\\\/\\\/veraenderungsarchitekt.de\\\/coaching-mediation-beratung-berlin\\\/?s={search_term_string}\"},\"query-input\":{\"@type\":\"PropertyValueSpecification\",\"valueRequired\":true,\"valueName\":\"search_term_string\"}}],\"inLanguage\":\"de\"},{\"@type\":\"Organization\",\"@id\":\"https:\\\/\\\/veraenderungsarchitekt.de\\\/coaching-mediation-beratung-berlin\\\/#organization\",\"name\":\"Marcel Weber - Ver\u00e4nderungsarchitekt\",\"url\":\"https:\\\/\\\/veraenderungsarchitekt.de\\\/coaching-mediation-beratung-berlin\\\/\",\"logo\":{\"@type\":\"ImageObject\",\"inLanguage\":\"de\",\"@id\":\"https:\\\/\\\/veraenderungsarchitekt.de\\\/coaching-mediation-beratung-berlin\\\/#\\\/schema\\\/logo\\\/image\\\/\",\"url\":\"https:\\\/\\\/veraenderungsarchitekt.de\\\/wp-content\\\/uploads\\\/2025\\\/09\\\/logo_web.avif\",\"contentUrl\":\"https:\\\/\\\/veraenderungsarchitekt.de\\\/wp-content\\\/uploads\\\/2025\\\/09\\\/logo_web.avif\",\"width\":512,\"height\":512,\"caption\":\"Marcel Weber - Ver\u00e4nderungsarchitekt\"},\"image\":{\"@id\":\"https:\\\/\\\/veraenderungsarchitekt.de\\\/coaching-mediation-beratung-berlin\\\/#\\\/schema\\\/logo\\\/image\\\/\"},\"sameAs\":[\"https:\\\/\\\/www.linkedin.com\\\/in\\\/marcel-weber-berlin\\\/\",\"https:\\\/\\\/www.instagram.com\\\/veraenderungsarchitekt\\\/\",\"https:\\\/\\\/www.tiktok.com\\\/@veraenderungsarchitekt\"]}]}<\/script>\n<!-- \/ Yoast SEO plugin. -->","yoast_head_json":{"title":"\u00dcber Ver\u00e4nderungsarchitekt Marcel Weber, Coach & Mediator","description":"Marcel Weber - Ver\u00e4nderungsarchitekt Berlin \u2713 13 Jahre F\u00fchrung \u2713 Systemischer Coach \u2713 Mediator \u2713 Berater \u2713 Pers\u00f6nlich kennenlernen","robots":{"index":"index","follow":"follow","max-snippet":"max-snippet:-1","max-image-preview":"max-image-preview:large","max-video-preview":"max-video-preview:-1"},"canonical":"https:\/\/veraenderungsarchitekt.de\/coaching-mediation-beratung-berlin\/ueber-mich\/","og_locale":"de_DE","og_type":"article","og_title":"\u00dcber Ver\u00e4nderungsarchitekt Marcel Weber, Coach & Mediator","og_description":"Marcel Weber - Ver\u00e4nderungsarchitekt Berlin \u2713 13 Jahre F\u00fchrung \u2713 Systemischer Coach \u2713 Mediator \u2713 Berater \u2713 Pers\u00f6nlich kennenlernen","og_url":"https:\/\/veraenderungsarchitekt.de\/coaching-mediation-beratung-berlin\/ueber-mich\/","og_site_name":"Marcel Weber - Ver\u00e4nderungsarchitekt","article_modified_time":"2026-04-19T11:07:54+00:00","og_image":[{"width":1200,"height":630,"url":"https:\/\/veraenderungsarchitekt.de\/wp-content\/uploads\/2025\/10\/coaching-mediation-beratung-berlin-social-1.png","type":"image\/png"}],"twitter_card":"summary_large_image","twitter_misc":{"Gesch\u00e4tzte Lesezeit":"3\u00a0Minuten"},"schema":{"@context":"https:\/\/schema.org","@graph":[{"@type":"WebPage","@id":"https:\/\/veraenderungsarchitekt.de\/coaching-mediation-beratung-berlin\/ueber-mich\/","url":"https:\/\/veraenderungsarchitekt.de\/coaching-mediation-beratung-berlin\/ueber-mich\/","name":"\u00dcber Ver\u00e4nderungsarchitekt Marcel Weber, Coach & Mediator","isPartOf":{"@id":"https:\/\/veraenderungsarchitekt.de\/coaching-mediation-beratung-berlin\/#website"},"datePublished":"2025-10-04T21:10:27+00:00","dateModified":"2026-04-19T11:07:54+00:00","description":"Marcel Weber - Ver\u00e4nderungsarchitekt Berlin \u2713 13 Jahre F\u00fchrung \u2713 Systemischer Coach \u2713 Mediator \u2713 Berater \u2713 Pers\u00f6nlich kennenlernen","breadcrumb":{"@id":"https:\/\/veraenderungsarchitekt.de\/coaching-mediation-beratung-berlin\/ueber-mich\/#breadcrumb"},"inLanguage":"de","potentialAction":[{"@type":"ReadAction","target":["https:\/\/veraenderungsarchitekt.de\/coaching-mediation-beratung-berlin\/ueber-mich\/"]}]},{"@type":"BreadcrumbList","@id":"https:\/\/veraenderungsarchitekt.de\/coaching-mediation-beratung-berlin\/ueber-mich\/#breadcrumb","itemListElement":[{"@type":"ListItem","position":1,"name":"Startseite","item":"https:\/\/veraenderungsarchitekt.de\/coaching-mediation-beratung-berlin\/"},{"@type":"ListItem","position":2,"name":"\u00dcber mich"}]},{"@type":"WebSite","@id":"https:\/\/veraenderungsarchitekt.de\/coaching-mediation-beratung-berlin\/#website","url":"https:\/\/veraenderungsarchitekt.de\/coaching-mediation-beratung-berlin\/","name":"Marcel Weber - Ver\u00e4nderungsarchitekt","description":"Coaching, Mediation, Beratung, Workshops &amp; Trainings in Berlin","publisher":{"@id":"https:\/\/veraenderungsarchitekt.de\/coaching-mediation-beratung-berlin\/#organization"},"alternateName":"Ver\u00e4nderungsarchitekt","potentialAction":[{"@type":"SearchAction","target":{"@type":"EntryPoint","urlTemplate":"https:\/\/veraenderungsarchitekt.de\/coaching-mediation-beratung-berlin\/?s={search_term_string}"},"query-input":{"@type":"PropertyValueSpecification","valueRequired":true,"valueName":"search_term_string"}}],"inLanguage":"de"},{"@type":"Organization","@id":"https:\/\/veraenderungsarchitekt.de\/coaching-mediation-beratung-berlin\/#organization","name":"Marcel Weber - Ver\u00e4nderungsarchitekt","url":"https:\/\/veraenderungsarchitekt.de\/coaching-mediation-beratung-berlin\/","logo":{"@type":"ImageObject","inLanguage":"de","@id":"https:\/\/veraenderungsarchitekt.de\/coaching-mediation-beratung-berlin\/#\/schema\/logo\/image\/","url":"https:\/\/veraenderungsarchitekt.de\/wp-content\/uploads\/2025\/09\/logo_web.avif","contentUrl":"https:\/\/veraenderungsarchitekt.de\/wp-content\/uploads\/2025\/09\/logo_web.avif","width":512,"height":512,"caption":"Marcel Weber - Ver\u00e4nderungsarchitekt"},"image":{"@id":"https:\/\/veraenderungsarchitekt.de\/coaching-mediation-beratung-berlin\/#\/schema\/logo\/image\/"},"sameAs":["https:\/\/www.linkedin.com\/in\/marcel-weber-berlin\/","https:\/\/www.instagram.com\/veraenderungsarchitekt\/","https:\/\/www.tiktok.com\/@veraenderungsarchitekt"]}]}},"_links":{"self":[{"href":"https:\/\/veraenderungsarchitekt.de\/coaching-mediation-beratung-berlin\/wp-json\/wp\/v2\/pages\/474","targetHints":{"allow":["GET"]}}],"collection":[{"href":"https:\/\/veraenderungsarchitekt.de\/coaching-mediation-beratung-berlin\/wp-json\/wp\/v2\/pages"}],"about":[{"href":"https:\/\/veraenderungsarchitekt.de\/coaching-mediation-beratung-berlin\/wp-json\/wp\/v2\/types\/page"}],"author":[{"embeddable":true,"href":"https:\/\/veraenderungsarchitekt.de\/coaching-mediation-beratung-berlin\/wp-json\/wp\/v2\/users\/1"}],"replies":[{"embeddable":true,"href":"https:\/\/veraenderungsarchitekt.de\/coaching-mediation-beratung-berlin\/wp-json\/wp\/v2\/comments?post=474"}],"version-history":[{"count":10,"href":"https:\/\/veraenderungsarchitekt.de\/coaching-mediation-beratung-berlin\/wp-json\/wp\/v2\/pages\/474\/revisions"}],"predecessor-version":[{"id":927,"href":"https:\/\/veraenderungsarchitekt.de\/coaching-mediation-beratung-berlin\/wp-json\/wp\/v2\/pages\/474\/revisions\/927"}],"wp:attachment":[{"href":"https:\/\/veraenderungsarchitekt.de\/coaching-mediation-beratung-berlin\/wp-json\/wp\/v2\/media?parent=474"}],"curies":[{"name":"wp","href":"https:\/\/api.w.org\/{rel}","templated":true}]}}