{"id":456,"date":"2025-10-04T22:10:09","date_gmt":"2025-10-04T20:10:09","guid":{"rendered":"https:\/\/veraenderungsarchitekt.de\/coaching-mediation-beratung-berlin\/?page_id=456"},"modified":"2026-04-19T11:57:24","modified_gmt":"2026-04-19T09:57:24","slug":"organisationsentwicklung-berlin","status":"publish","type":"page","link":"https:\/\/veraenderungsarchitekt.de\/coaching-mediation-beratung-berlin\/organisationsentwicklung-berlin\/","title":{"rendered":"Organisationsentwicklung Berlin"},"content":{"rendered":"<div class=\"et_pb_section_0 et_pb_section et_section_regular et_block_section\">\n<div class=\"et_pb_row_0 et_pb_row et_block_row\">\n<div class=\"et_pb_column_0 et_pb_column et_pb_column_4_4 et-last-child et_block_column et_pb_css_mix_blend_mode_passthrough\">\n<div class=\"et_pb_text_0 et_pb_text et_pb_bg_layout_light et_pb_module et_block_module preset--module--divi-text--121efbc3-5539-4238-8fdf-9a08688c37e9\"><div class=\"et_pb_text_inner\"><h1>Organisationsentwicklung Berlin \u2013 Transformation nachhaltig gestalten<\/h1>\n<\/div><\/div>\n<\/div>\n<\/div>\n<\/div>\n\n<div class=\"et_pb_section_1 et_pb_section et_section_regular et_block_section\">\n<div class=\"et_pb_row_1 et_pb_row et_block_row\">\n<div class=\"et_pb_column_1 et_pb_column et_pb_column_1_2 et_block_column et_pb_css_mix_blend_mode_passthrough\">\n<div class=\"et_pb_image_0 et_pb_image et_pb_module et_block_module\"><span class=\"et_pb_image_wrap\"><img loading=\"lazy\" decoding=\"async\" src=\"https:\/\/veraenderungsarchitekt.de\/wp-content\/uploads\/2025\/09\/Marci-Bonus-Pics_2.000px-lange-Kante_web-50.avif\" width=\"1333\" height=\"2000\" srcset=\"https:\/\/veraenderungsarchitekt.de\/wp-content\/uploads\/2025\/09\/Marci-Bonus-Pics_2.000px-lange-Kante_web-50.avif 1333w, https:\/\/veraenderungsarchitekt.de\/wp-content\/uploads\/2025\/09\/Marci-Bonus-Pics_2.000px-lange-Kante_web-50-200x300.avif 200w, https:\/\/veraenderungsarchitekt.de\/wp-content\/uploads\/2025\/09\/Marci-Bonus-Pics_2.000px-lange-Kante_web-50-682x1024.avif 682w, https:\/\/veraenderungsarchitekt.de\/wp-content\/uploads\/2025\/09\/Marci-Bonus-Pics_2.000px-lange-Kante_web-50-768x1152.avif 768w, https:\/\/veraenderungsarchitekt.de\/wp-content\/uploads\/2025\/09\/Marci-Bonus-Pics_2.000px-lange-Kante_web-50-1024x1536.avif 1024w, https:\/\/veraenderungsarchitekt.de\/wp-content\/uploads\/2025\/09\/Marci-Bonus-Pics_2.000px-lange-Kante_web-50-1080x1620.avif 1080w, https:\/\/veraenderungsarchitekt.de\/wp-content\/uploads\/2025\/09\/Marci-Bonus-Pics_2.000px-lange-Kante_web-50-1280x1920.avif 1280w, https:\/\/veraenderungsarchitekt.de\/wp-content\/uploads\/2025\/09\/Marci-Bonus-Pics_2.000px-lange-Kante_web-50-980x1470.avif 980w, https:\/\/veraenderungsarchitekt.de\/wp-content\/uploads\/2025\/09\/Marci-Bonus-Pics_2.000px-lange-Kante_web-50-480x720.avif 480w\" sizes=\"(max-width: 1333px) 100vw, 1333px\" class=\"wp-image-74\" title=\"Marci Bonus Pics_2.000px lange Kante_web-50\" alt=\"Systemisches Coaching Berlin \u2013 Marcel Weberim Walk-and-Talk-Gespr\u00e4ch in der Natur\" \/><\/span><\/div>\n<\/div>\n\n<div class=\"et_pb_column_2 et_pb_column et_pb_column_1_2 et-last-child et_block_column et_pb_css_mix_blend_mode_passthrough\">\n<div class=\"et_pb_text_1 et_pb_text et_pb_bg_layout_light et_pb_module et_block_module preset--module--divi-text--3eba7469-567f-4891-a29a-4a3ce15c73ca\"><div class=\"et_pb_text_inner\"><h2>Ver\u00e4nderung mit System und Herz<\/h2>\n<\/div><\/div>\n\n<div class=\"et_pb_text_2 et_pb_text et_pb_bg_layout_light et_pb_module et_block_module preset--module--divi-text--49c800e9-0c09-4730-9076-d940d15b1237\"><div class=\"et_pb_text_inner\"><p>Organisationen sind lebendige Systeme. Sie zu entwickeln bedeutet mehr als Prozesse zu optimieren \u2013 es geht um Menschen, Kultur und gemeinsame Vision. Mit 13 Jahren Erfahrung als Gesch\u00e4ftsf\u00fchrer und fundierter Expertise in systemischer Beratung begleite ich Ihre Organisation durch nachhaltige Transformationsprozesse.<\/p>\n<\/div><\/div>\n\n<div class=\"et_pb_text_3 et_pb_text et_pb_bg_layout_light et_pb_module et_block_module preset--module--divi-text--8e8cf7dd-c4b5-4656-b503-71d9bf01e695\"><div class=\"et_pb_text_inner\"><h5>Was Organisationsentwicklung bei mir bedeutet<\/h5>\n<\/div><\/div>\n\n<div class=\"et_pb_text_4 et_pb_text et_pb_bg_layout_light et_pb_module et_block_module preset--module--divi-text--49c800e9-0c09-4730-9076-d940d15b1237\"><div class=\"et_pb_text_inner\"><p><span style=\"color: #000000;\"><strong>1. Ganzheitlicher Blick:<\/strong><\/span><br \/>Ich betrachte Organisationen als komplexes Systeme aus Struktur, Kultur und Menschen. Ver\u00e4nderung funktioniert nur, wenn alle drei Ebenen mitgedacht werden.<\/p>\n<p><span style=\"color: #000000;\"><strong>2. Partizipativ statt top-down:<\/strong><\/span><br \/>Die besten L\u00f6sungen entstehen gemeinsam. Ich beziehe alle Beteiligten ein und schaffe R\u00e4ume f\u00fcr echte Mitgestaltung.<\/p>\n<p><span style=\"color: #000000;\"><strong>3. Nachhaltig statt quick-fix:<\/strong><\/span><br \/>Schnelle L\u00f6sungen halten selten. Wir entwickeln gemeinsam Ver\u00e4nderungsarchitekturen, die langfristig tragen.<\/p>\n<p><span style=\"color: #000000;\"><strong>4. Diversit\u00e4tsorientiert:<\/strong><\/span><br \/>Vielfalt ist kein Problem, sondern eine Ressource. Ich helfe dabei, diese Potenziale zu erkennen und sie nutzbar zu machen.<\/p>\n<\/div><\/div>\n<\/div>\n<\/div>\n<\/div>\n\n<div class=\"et_pb_section_2 et_pb_section et_section_regular et_block_section\">\n<div class=\"et_pb_row_2 et_pb_row et_block_row\">\n<div class=\"et_pb_column_3 et_pb_column et_pb_column_1_2 et_block_column et_pb_css_mix_blend_mode_passthrough\">\n<div class=\"et_pb_text_5 et_pb_text et_pb_bg_layout_light et_pb_module et_block_module preset--module--divi-text--3eba7469-567f-4891-a29a-4a3ce15c73ca\"><div class=\"et_pb_text_inner\" data-et-mv-hidden-phone=\"true\"><h2>Meine Schwerpunkte in der Organisations-entwicklung<\/h2>\n<\/div><\/div>\n\n<div class=\"et_pb_text_6 et_pb_text et_pb_bg_layout_light et_pb_module et_block_module preset--module--divi-text--8e8cf7dd-c4b5-4656-b503-71d9bf01e695\"><div class=\"et_pb_text_inner\"><h5>Change Management f\u00fcr Kulturorganisationen<\/h5>\n<\/div><\/div>\n\n<div class=\"et_pb_text_7 et_pb_text et_pb_bg_layout_light et_pb_module et_block_module preset--module--divi-text--49c800e9-0c09-4730-9076-d940d15b1237\"><div class=\"et_pb_text_inner\"><p>\u00a0Die Kulturbranche steht vor besonderen Herausforderungen: Zwischen k\u00fcnstlerischem Anspruch und wirtschaftlichem Druck, zwischen Tradition und Innovation. Nach 13 Jahren als Gesch\u00e4ftsf\u00fchrer kenne ich diese Spannungsfelder zwischen Risiken und Chancen aus eigener Erfahrung.<\/p>\n<p>Was ich daf\u00fcr tue:<\/p>\n<ul>\n<li>Strategieentwicklung mit allen Stakeholdern<\/li>\n<li>Balancierung von Mission und Wirtschaftlichkeit<\/li>\n<li>Publikumsentwicklung und Community-Building<\/li>\n<li>Digitale Transformation in der Organisation<\/li>\n<li>Nachhaltige Finanzierungsmodelle entwickeln<\/li>\n<\/ul>\n<\/div><\/div>\n\n<div class=\"et_pb_image_1 et_pb_image et_pb_module et_block_module\"><span class=\"et_pb_image_wrap\"><img loading=\"lazy\" decoding=\"async\" src=\"https:\/\/veraenderungsarchitekt.de\/wp-content\/uploads\/2025\/09\/Marcel-Weber-2025_michaelgeipel.de_web-7.avif\" width=\"1200\" height=\"800\" srcset=\"https:\/\/veraenderungsarchitekt.de\/wp-content\/uploads\/2025\/09\/Marcel-Weber-2025_michaelgeipel.de_web-7.avif 1200w, https:\/\/veraenderungsarchitekt.de\/wp-content\/uploads\/2025\/09\/Marcel-Weber-2025_michaelgeipel.de_web-7-300x200.avif 300w, https:\/\/veraenderungsarchitekt.de\/wp-content\/uploads\/2025\/09\/Marcel-Weber-2025_michaelgeipel.de_web-7-1024x683.avif 1024w, https:\/\/veraenderungsarchitekt.de\/wp-content\/uploads\/2025\/09\/Marcel-Weber-2025_michaelgeipel.de_web-7-768x512.avif 768w, https:\/\/veraenderungsarchitekt.de\/wp-content\/uploads\/2025\/09\/Marcel-Weber-2025_michaelgeipel.de_web-7-1080x720.avif 1080w, https:\/\/veraenderungsarchitekt.de\/wp-content\/uploads\/2025\/09\/Marcel-Weber-2025_michaelgeipel.de_web-7-980x653.avif 980w, https:\/\/veraenderungsarchitekt.de\/wp-content\/uploads\/2025\/09\/Marcel-Weber-2025_michaelgeipel.de_web-7-480x320.avif 480w\" sizes=\"(max-width: 1200px) 100vw, 1200px\" class=\"wp-image-52\" title=\"Marcel Weber 2025_michaelgeipel.de_web-7\" alt=\"Professionelles Einzelcoaching in Berlin \u2013 Marcel Weber im Beratungsgespr\u00e4ch\" \/><\/span><\/div>\n<\/div>\n\n<div class=\"et_pb_column_4 et_pb_column et_pb_column_1_2 et-last-child et_block_column et_pb_css_mix_blend_mode_passthrough\">\n<div class=\"et_pb_text_8 et_pb_text et_pb_bg_layout_light et_pb_module et_block_module preset--module--divi-text--8e8cf7dd-c4b5-4656-b503-71d9bf01e695\"><div class=\"et_pb_text_inner\"><h5><span>Transformation in sozialen Organisationen<\/span><\/h5>\n<\/div><\/div>\n\n<div class=\"et_pb_text_9 et_pb_text et_pb_bg_layout_light et_pb_module et_block_module preset--module--divi-text--49c800e9-0c09-4730-9076-d940d15b1237\"><div class=\"et_pb_text_inner\"><p>Soziale Organisationen leisten gesellschaftlich unverzichtbare Arbeit \u2013 oft unter schwierigen Bedingungen. Ich unterst\u00fctze Sie dabei, resiliente Strukturen aufzubauen und Ihre Mission nachhaltig zu verfolgen.<\/p>\n<p>Meine Begleitung umfasst:<\/p>\n<ul>\n<li>Organisationsdiagnose und Potenzialanalyse<\/li>\n<li>Entwicklung agiler Arbeitsstrukturen<\/li>\n<li>Teamkultur und Zusammenarbeit st\u00e4rken<\/li>\n<li>Umgang mit begrenzten Ressourcen<\/li>\n<li>Impact-Messung und Wirkungsorientierung<\/li>\n<\/ul>\n<\/div><\/div>\n\n<div class=\"et_pb_text_10 et_pb_text et_pb_bg_layout_light et_pb_module et_block_module preset--module--divi-text--8e8cf7dd-c4b5-4656-b503-71d9bf01e695\"><div class=\"et_pb_text_inner\"><h5>Diversity &amp; Inclusion als Organisationsentwicklung<\/h5>\n<\/div><\/div>\n\n<div class=\"et_pb_text_11 et_pb_text et_pb_bg_layout_light et_pb_module et_block_module preset--module--divi-text--49c800e9-0c09-4730-9076-d940d15b1237\"><div class=\"et_pb_text_inner\"><p>Diversit\u00e4t ist mehr als ein Lippenbekenntnis. Als queerer Mensch und langj\u00e4hriger Aktivist wei\u00df ich: Echte Inklusion braucht strukturelle Ver\u00e4nderung.<\/p>\n<p>Konkrete Ma\u00dfnahmen:<\/p>\n<ul>\n<li>Diversity-Audit der Organisation<\/li>\n<li>Entwicklung inklusiver Strukturen und Prozesse<\/li>\n<li>Sensibilisierung von F\u00fchrungskr\u00e4ften und Teams<\/li>\n<li>Aufbau von Employee Resource Groups<\/li>\n<li>Implementierung diskriminierungskritischer Praktiken<\/li>\n<\/ul>\n<\/div><\/div>\n\n<div class=\"et_pb_text_12 et_pb_text et_pb_bg_layout_light et_pb_module et_block_module preset--module--divi-text--8e8cf7dd-c4b5-4656-b503-71d9bf01e695\"><div class=\"et_pb_text_inner\"><h5>Krisenmanagement und Resilienz<\/h5>\n<\/div><\/div>\n\n<div class=\"et_pb_text_13 et_pb_text et_pb_bg_layout_light et_pb_module et_block_module preset--module--divi-text--49c800e9-0c09-4730-9076-d940d15b1237\"><div class=\"et_pb_text_inner\"><p>Krisen sind Katalysatoren f\u00fcr Ver\u00e4nderung. Ich habe Organisationen durch Corona-Pandemie, Standortwechsel und existenzielle Bedrohungen gef\u00fchrt. Diese Erfahrung bringe ich mit.<\/p>\n<p>Krisenbegleitung bedeutet:<\/p>\n<ul>\n<li>Schnelle Situationsanalyse und Priorit\u00e4tensetzung<\/li>\n<li>Krisenkommunikation intern und extern<\/li>\n<li>Stabilisierung der Handlungsf\u00e4higkeit<\/li>\n<li>Lernen aus der Krise f\u00fcr die Zukunft<\/li>\n<li>Aufbau resilienter Strukturen<\/li>\n<\/ul>\n<\/div><\/div>\n<\/div>\n<\/div>\n<\/div>\n\n<div class=\"et_pb_section_3 et_pb_section et_section_regular et_block_section\">\n<div class=\"et_pb_row_3 et_pb_row et_block_row\">\n<div class=\"et_pb_column_5 et_pb_column et_pb_column_4_4 et-last-child et_block_column et_pb_css_mix_blend_mode_passthrough\">\n<div class=\"et_pb_text_14 et_pb_text et_pb_bg_layout_light et_pb_module et_block_module\"><div class=\"et_pb_text_inner\"><h2 class=\"text-lg font-bold text-text-100 mt-1 -mb-1.5\">Der Organisationsentwicklungs-Prozess<\/h2>\n<\/div><\/div>\n<\/div>\n<\/div>\n\n<div class=\"et_pb_row_4 et_pb_row et_pb_gutters2 et_block_row\">\n<div class=\"et_pb_column_6 et_pb_column et_pb_column_1_2 et_block_column et_pb_css_mix_blend_mode_passthrough\">\n<div class=\"et_pb_text_15 et_pb_text et_pb_bg_layout_light et_pb_module et_block_module preset--module--divi-text--8e8cf7dd-c4b5-4656-b503-71d9bf01e695\"><div class=\"et_pb_text_inner\"><h5>Phase 1: Verstehen (2-4 Wochen)<\/h5>\n<\/div><\/div>\n\n<div class=\"et_pb_text_16 et_pb_text et_pb_bg_layout_light et_pb_module et_block_module preset--module--divi-text--3eba7469-567f-4891-a29a-4a3ce15c73ca\"><div class=\"et_pb_text_inner\"><h2>Organisationsdiagnose<\/h2>\n<\/div><\/div>\n\n<div class=\"et_pb_text_17 et_pb_text et_pb_bg_layout_light et_pb_module et_block_module preset--module--divi-text--49c800e9-0c09-4730-9076-d940d15b1237\"><div class=\"et_pb_text_inner\"><ul>\n<li>Interviews mit Schl\u00fcsselpersonen<\/li>\n<li>Analyse von Strukturen und Prozessen<\/li>\n<li>Kulturanalyse und Teamdynamiken<\/li>\n<li>Identifikation von St\u00e4rken und Entwicklungsfeldern<\/li>\n<\/ul>\n<p><strong>Deliverable:<\/strong> Umfassender Diagnosebericht mit ersten Handlungsempfehlungen<\/p>\n<ul><\/ul>\n<\/div><\/div>\n<\/div>\n\n<div class=\"et_pb_column_7 et_pb_column et_pb_column_1_2 et-last-child et_block_column et_pb_css_mix_blend_mode_passthrough\">\n<div class=\"et_pb_text_18 et_pb_text et_pb_bg_layout_light et_pb_module et_block_module preset--module--divi-text--8e8cf7dd-c4b5-4656-b503-71d9bf01e695\"><div class=\"et_pb_text_inner\"><h5>Phase 2: Gestalten (4-6 Wochen)<\/h5>\n<\/div><\/div>\n\n<div class=\"et_pb_text_19 et_pb_text et_pb_bg_layout_light et_pb_module et_block_module preset--module--divi-text--3eba7469-567f-4891-a29a-4a3ce15c73ca\"><div class=\"et_pb_text_inner\"><h2>Co-Creation<\/h2>\n<\/div><\/div>\n\n<div class=\"et_pb_text_20 et_pb_text et_pb_bg_layout_light et_pb_module et_block_module preset--module--divi-text--49c800e9-0c09-4730-9076-d940d15b1237\"><div class=\"et_pb_text_inner\"><ul>\n<li>Entwicklung der Zielvision mit allen Beteiligten<\/li>\n<li>Design von Interventionen und Ma\u00dfnahmen<\/li>\n<li>Roadmap mit Meilensteinen<\/li>\n<li>Kommunikationsstrategie f\u00fcr den Change<\/li>\n<\/ul>\n<p><strong>Deliverable:<\/strong> Detaillierter Transformationsplan mit Timeline und Ressourcenplanung<\/p>\n<ul><\/ul>\n<\/div><\/div>\n<\/div>\n<\/div>\n\n<div class=\"et_pb_row_5 et_pb_row et_pb_gutters2 et_block_row\">\n<div class=\"et_pb_column_8 et_pb_column et_pb_column_1_2 et_block_column et_pb_css_mix_blend_mode_passthrough\">\n<div class=\"et_pb_text_21 et_pb_text et_pb_bg_layout_light et_pb_module et_block_module preset--module--divi-text--8e8cf7dd-c4b5-4656-b503-71d9bf01e695\"><div class=\"et_pb_text_inner\"><h5>Phase 3: Umsetzen (3-12 Monate)<\/h5>\n<\/div><\/div>\n\n<div class=\"et_pb_text_22 et_pb_text et_pb_bg_layout_light et_pb_module et_block_module preset--module--divi-text--3eba7469-567f-4891-a29a-4a3ce15c73ca\"><div class=\"et_pb_text_inner\"><h2>Transformation begleiten<\/h2>\n<\/div><\/div>\n\n<div class=\"et_pb_text_23 et_pb_text et_pb_bg_layout_light et_pb_module et_block_module preset--module--divi-text--49c800e9-0c09-4730-9076-d940d15b1237\"><div class=\"et_pb_text_inner\"><ul>\n<li>Moderation von Workshops und Gro\u00dfgruppenformaten<\/li>\n<li>Coaching von F\u00fchrungskr\u00e4ften und Change Agents<\/li>\n<li>Prozessbegleitung und Troubleshooting<\/li>\n<li>Regelm\u00e4\u00dfige Reflexion und Anpassung<\/li>\n<\/ul>\n<p><strong>Deliverable:<\/strong> Kontinuierliche Begleitung mit monatlichen Progress-Reports<\/p>\n<ul><\/ul>\n<\/div><\/div>\n<\/div>\n\n<div class=\"et_pb_column_9 et_pb_column et_pb_column_1_2 et-last-child et_block_column et_pb_css_mix_blend_mode_passthrough\">\n<div class=\"et_pb_text_24 et_pb_text et_pb_bg_layout_light et_pb_module et_block_module preset--module--divi-text--8e8cf7dd-c4b5-4656-b503-71d9bf01e695\"><div class=\"et_pb_text_inner\"><h5>Phase 4: Verankern (1-3 Monate)<\/h5>\n<\/div><\/div>\n\n<div class=\"et_pb_text_25 et_pb_text et_pb_bg_layout_light et_pb_module et_block_module preset--module--divi-text--3eba7469-567f-4891-a29a-4a3ce15c73ca\"><div class=\"et_pb_text_inner\"><h2>Nachhaltigkeit sichern<\/h2>\n<\/div><\/div>\n\n<div class=\"et_pb_text_26 et_pb_text et_pb_bg_layout_light et_pb_module et_block_module preset--module--divi-text--49c800e9-0c09-4730-9076-d940d15b1237\"><div class=\"et_pb_text_inner\"><ul>\n<li><span style=\"font-size: 16px;\">Evaluation der Ver\u00e4nderungen<br \/><\/span><\/li>\n<li><span style=\"font-size: 16px;\">Lessons Learned Workshop<br \/><\/span><\/li>\n<li><span style=\"font-size: 16px;\">\u00dcbergabe an interne Verantwortliche<br \/><\/span><\/li>\n<li><span style=\"font-size: 16px;\">Follow-up nach 6 Monaten<\/span><\/li>\n<\/ul>\n<p><strong style=\"font-size: 16px;\">Deliverable:<\/strong><span style=\"font-size: 16px;\"> Abschlussbericht mit Empfehlungen f\u00fcr die Zukunft<\/span><\/p>\n<ul><\/ul>\n<\/div><\/div>\n<\/div>\n<\/div>\n<\/div>\n\n<div class=\"et_pb_section_4 et_pb_section et_section_regular et_block_section\">\n<div class=\"et_pb_row_6 et_pb_row et_pb_gutters2 et_block_row\">\n<div class=\"et_pb_column_10 et_pb_column et_pb_column_1_3 et_block_column et_pb_css_mix_blend_mode_passthrough\">\n<div class=\"et_pb_text_27 et_pb_text et_pb_bg_layout_light et_pb_module et_block_module preset--module--divi-text--c9a87bef-590f-4e0a-959d-69085523e352\"><div class=\"et_pb_text_inner\"><h4>Methoden und Formate<\/h4>\n<\/div><\/div>\n\n<div class=\"et_pb_text_28 et_pb_text et_pb_bg_layout_light et_pb_module et_block_module preset--module--divi-text--49c800e9-0c09-4730-9076-d940d15b1237\"><div class=\"et_pb_text_inner\"><p><strong>Gro\u00dfgruppenformate<\/strong><\/p>\n<ul>\n<li>Open Space f\u00fcr 20-200 Personen<\/li>\n<li>World Caf\u00e9 f\u00fcr kreative L\u00f6sungsfindung<\/li>\n<li>Appreciative Inquiry f\u00fcr st\u00e4rkenorientierte Entwicklung<\/li>\n<li>Design Thinking Workshops<\/li>\n<\/ul>\n<p><strong>Analysetools<br \/><\/strong><\/p>\n<ul>\n<li>Systemische Organisationsaufstellung<\/li>\n<li>Cultural Web Analysis<\/li>\n<li>Stakeholder-Mapping<\/li>\n<li>SWOT und Szenario-Planung<\/li>\n<\/ul>\n<p class=\"whitespace-normal break-words\"><strong>Digitale Tools<\/p>\n<p><\/strong><\/p>\n<ul>\n<li class=\"whitespace-normal break-words\">Online-Workshops<\/li>\n<li class=\"whitespace-normal break-words\">Digitale Whiteboards f\u00fcr remote Zusammenarbeit<\/li>\n<li class=\"whitespace-normal break-words\">Survey-Tools f\u00fcr Mitarbeiterbefragungen<\/li>\n<li class=\"whitespace-normal break-words\">Projekt-Management-Plattformen<\/li>\n<\/ul>\n<\/div><\/div>\n<\/div>\n\n<div class=\"et_pb_column_11 et_pb_column et_pb_column_1_3 et_block_column et_pb_css_mix_blend_mode_passthrough\">\n<div class=\"et_pb_text_29 et_pb_text et_pb_bg_layout_light et_pb_module et_block_module preset--module--divi-text--c9a87bef-590f-4e0a-959d-69085523e352\"><div class=\"et_pb_text_inner\"><h4>Investment in Organisations-entwicklung<\/h4>\n<\/div><\/div>\n\n<div class=\"et_pb_text_30 et_pb_text et_pb_bg_layout_light et_pb_module et_block_module preset--module--divi-text--49c800e9-0c09-4730-9076-d940d15b1237\"><div class=\"et_pb_text_inner\"><p>Tagess\u00e4tze<\/p>\n<ul>\n<li class=\"whitespace-normal break-words\">Analyse &amp; Konzeption: 1.200-1.600 \u20ac<\/li>\n<li class=\"whitespace-normal break-words\">Workshop-Moderation: 1.800-2.500 \u20ac<\/li>\n<li class=\"whitespace-normal break-words\">Prozessbegleitung: 800-1.200 \u20ac\/Tag<\/li>\n<\/ul>\n<p>Paketpreise<\/p>\n<ul>\n<li class=\"whitespace-normal break-words\">Kompakt-Analyse (5 Tage): 5.000 \u20ac<\/li>\n<li class=\"whitespace-normal break-words\">Change-Begleitung (6 Monate): ab 15.000 \u20ac<\/li>\n<li class=\"whitespace-normal break-words\">Jahresbegleitung: auf Anfrage\n<\/li>\n<\/ul>\n<p>Sonderkonditionen f\u00fcr gemeinn\u00fctzige Organisationen<\/p>\n<\/div><\/div>\n<\/div>\n\n<div class=\"et_pb_column_12 et_pb_column et_pb_column_1_3 et-last-child et_block_column et_pb_css_mix_blend_mode_passthrough\">\n<div class=\"et_pb_text_31 et_pb_text et_pb_bg_layout_light et_pb_module et_block_module preset--module--divi-text--c9a87bef-590f-4e0a-959d-69085523e352\"><div class=\"et_pb_text_inner\"><h4>Besondere Expertise: LGBTQIA+ Organisationen<\/h4>\n<\/div><\/div>\n\n<div class=\"et_pb_text_32 et_pb_text et_pb_bg_layout_light et_pb_module et_block_module preset--module--divi-text--49c800e9-0c09-4730-9076-d940d15b1237\"><div class=\"et_pb_text_inner\"><p>Als langj\u00e4hriger Gesch\u00e4ftsf\u00fchrer einer der gr\u00f6\u00dften queeren Institutionen Deutschlands bringe ich spezifisches Know-how mit:<\/p>\n<ul>\n<li>Community-orientierte Organisationsentwicklung<\/li>\n<li>Balance zwischen Aktivismus und Professionalisierung<\/li>\n<li>Umgang mit diversen Stakeholder-Gruppen<\/li>\n<li>F\u00f6rderlandschaft f\u00fcr LGBTQIA+ Projekte<\/li>\n<li>Intersektionale Ans\u00e4tze in der Organisationsarbeit<\/li>\n<\/ul>\n<\/div><\/div>\n<\/div>\n<\/div>\n<\/div>\n\n<div class=\"et_pb_section_5 et_pb_section et_section_regular et_block_section\">\n<div class=\"et_pb_row_7 et_pb_row et_pb_gutters2 et_block_row\">\n<div class=\"et_pb_column_13 et_pb_column et_pb_column_1_3 et_block_column et_pb_css_mix_blend_mode_passthrough\">\n<div class=\"et_pb_image_2 et_pb_image et_pb_module et_block_module\"><span class=\"et_pb_image_wrap\"><img loading=\"lazy\" decoding=\"async\" src=\"https:\/\/veraenderungsarchitekt.de\/wp-content\/uploads\/2025\/09\/career-coach-illustration-08@2x-1.avif\" width=\"240\" height=\"400\" srcset=\"https:\/\/veraenderungsarchitekt.de\/wp-content\/uploads\/2025\/09\/career-coach-illustration-08@2x-1.avif 240w, https:\/\/veraenderungsarchitekt.de\/wp-content\/uploads\/2025\/09\/career-coach-illustration-08@2x-1-180x300.avif 180w\" sizes=\"(max-width: 240px) 100vw, 240px\" class=\"wp-image-152\" title=\"career-coach-illustration-08@2x\" alt=\"Konfliktmediation Berlin - L\u00f6sungsorientierte Beratung bei Konflikten in Organisationen\" \/><\/span><\/div>\n\n<div class=\"et_pb_text_33 et_pb_text et_pb_bg_layout_light et_pb_module et_block_module preset--module--divi-text--b7c3cbc6-ce24-4031-9f87-8c013a35ce04\"><div class=\"et_pb_text_inner\"><h4>Konfliktmediation<\/h4>\n<\/div><\/div>\n\n<div class=\"et_pb_module et_pb_button_module_wrapper et_pb_button_0_wrapper preset--module--divi-button--628a576c-8d06-4182-a864-3cb260f8892d_wrapper\"><a class=\"et_pb_button_0 et_pb_button et_pb_bg_layout_light et_pb_module et_block_module preset--module--divi-button--628a576c-8d06-4182-a864-3cb260f8892d\" href=\"https:\/\/veraenderungsarchitekt.de\/coaching-mediation-beratung-berlin\/mediation-berlin\/\">Mehr erfahren<\/a><\/div>\n<\/div>\n\n<div class=\"et_pb_column_14 et_pb_column et_pb_column_1_3 et_block_column et_pb_css_mix_blend_mode_passthrough\">\n<div class=\"et_pb_image_3 et_pb_image et_pb_module et_block_module\"><span class=\"et_pb_image_wrap\"><img loading=\"lazy\" decoding=\"async\" src=\"https:\/\/veraenderungsarchitekt.de\/wp-content\/uploads\/2025\/09\/career-coach-illustration-07@2x-1.avif\" width=\"240\" height=\"400\" srcset=\"https:\/\/veraenderungsarchitekt.de\/wp-content\/uploads\/2025\/09\/career-coach-illustration-07@2x-1.avif 240w, https:\/\/veraenderungsarchitekt.de\/wp-content\/uploads\/2025\/09\/career-coach-illustration-07@2x-1-180x300.avif 180w\" sizes=\"(max-width: 240px) 100vw, 240px\" class=\"wp-image-154\" title=\"career-coach-illustration-07@2x\" alt=\"Workshops Teamkommunikation - Trainings f\u00fcr gewaltfreie Kommunikation und Zusammenarbeit\" \/><\/span><\/div>\n\n<div class=\"et_pb_text_34 et_pb_text et_pb_bg_layout_light et_pb_module et_block_module preset--module--divi-text--b7c3cbc6-ce24-4031-9f87-8c013a35ce04\"><div class=\"et_pb_text_inner\"><h4>Workshops &amp; Trainings<\/h4>\n<\/div><\/div>\n\n<div class=\"et_pb_module et_pb_button_module_wrapper et_pb_button_1_wrapper preset--module--divi-button--628a576c-8d06-4182-a864-3cb260f8892d_wrapper\"><a class=\"et_pb_button_1 et_pb_button et_pb_bg_layout_light et_pb_module et_block_module preset--module--divi-button--628a576c-8d06-4182-a864-3cb260f8892d\" href=\"https:\/\/veraenderungsarchitekt.de\/coaching-mediation-beratung-berlin\/workshops-trainings-berlin\/\">Mehr erfahren<\/a><\/div>\n<\/div>\n\n<div class=\"et_pb_column_15 et_pb_column et_pb_column_1_3 et-last-child et_block_column et_pb_css_mix_blend_mode_passthrough\">\n<div class=\"et_pb_image_4 et_pb_image et_pb_module et_block_module\"><span class=\"et_pb_image_wrap\"><img loading=\"lazy\" decoding=\"async\" src=\"https:\/\/veraenderungsarchitekt.de\/wp-content\/uploads\/2025\/09\/career-coach-illustration-orange-02@2x-1.avif\" width=\"240\" height=\"400\" srcset=\"https:\/\/veraenderungsarchitekt.de\/wp-content\/uploads\/2025\/09\/career-coach-illustration-orange-02@2x-1.avif 240w, https:\/\/veraenderungsarchitekt.de\/wp-content\/uploads\/2025\/09\/career-coach-illustration-orange-02@2x-1-180x300.avif 180w\" sizes=\"(max-width: 240px) 100vw, 240px\" class=\"wp-image-153\" title=\"career-coach-illustration-orange-02@2x\" alt=\"Business Coaching Berlin - Individuelle Entwicklung f\u00fcr F\u00fchrungskr\u00e4fte und Teams\" \/><\/span><\/div>\n\n<div class=\"et_pb_text_35 et_pb_text et_pb_bg_layout_light et_pb_module et_block_module preset--module--divi-text--b7c3cbc6-ce24-4031-9f87-8c013a35ce04\"><div class=\"et_pb_text_inner\"><h4>Coaching &amp; Empowerment<\/h4>\n<\/div><\/div>\n\n<div class=\"et_pb_module et_pb_button_module_wrapper et_pb_button_2_wrapper preset--module--divi-button--ebf35284-e930-47a6-8674-6bdddc228c2c_wrapper\"><a class=\"et_pb_button_2 et_pb_button et_pb_bg_layout_light et_pb_module et_block_module preset--module--divi-button--ebf35284-e930-47a6-8674-6bdddc228c2c\" href=\"https:\/\/veraenderungsarchitekt.de\/coaching-mediation-beratung-berlin\/coaching-berlin\/\">Mehr erfahren<\/a><\/div>\n<\/div>\n<\/div>\n<\/div>\n\n<div class=\"et_pb_section_6 et_pb_section et_section_regular et_block_section\">\n<div class=\"et_pb_row_8 et_pb_row et_pb_equal_columns et_block_row\">\n<div class=\"et_pb_column_16 et_pb_column et_pb_column_1_3 et_block_column et_pb_css_mix_blend_mode_passthrough et_pb_section_parallax\"><span class=\"et-pb-parallax-wrapper et-pb-parallax-hidden-phone\"><span class=\"et-pb-parallax-background et-pb-parallax-background-module--divi-column-16\" style=\"background-image:url(https:\/\/veraenderungsarchitekt.de\/wp-content\/uploads\/2025\/09\/Marci-Bonus-Pics_2.000px-lange-Kante_web-57.avif)\"><\/span><\/span>\n<div class=\"et_pb_divider_0 et_pb_divider_hidden et_pb_space et_pb_divider_position_top et_pb_module\"><div class=\"et_pb_divider_internal\"><\/div><\/div>\n<\/div>\n\n<div class=\"et_pb_column_17 et_pb_column et_pb_column_2_3 et-last-child et_block_column et_pb_css_mix_blend_mode_passthrough\">\n<div class=\"et_pb_text_36 et_pb_text et_pb_bg_layout_light et_pb_module et_block_module preset--module--divi-text--41acc15f-b9be-4821-a1c6-2ac3047587aa\"><div class=\"et_pb_text_inner\"><h2><span>Bereit f\u00fcr Ver\u00e4nderung? Lass uns sprechen<\/span><\/h2>\n<\/div><\/div>\n\n<div class=\"et_pb_contact_form_0 et_pb_contact_form_container clearfix et_pb_recaptcha_enabled et_pb_module et_flex_module\" data-form_unique_num=\"0\" data-form_unique_id=\"3b9ff40e-5f34-4f1e-8605-88cf2b55a7ef\" id=\"et_pb_contact_form_3b9ff40e-5f34-4f1e-8605-88cf2b55a7ef\"><div class=\"et-pb-contact-message\"><\/div><div class=\"et_pb_contact\"><form class=\"et_pb_contact_form et_flex_module\" method=\"post\" action=\"https:\/\/veraenderungsarchitekt.de\/coaching-mediation-beratung-berlin\/wp-json\/wp\/v2\/pages\/456\">\n<div class=\"et_pb_contact_field_0 et_pb_contact_field et_pb_module et_flex_module et_flex_column_24_24 et_flex_column_24_24_tablet et_flex_column_24_24_phone\" data-id=\"name\" data-type=\"input\"><label class=\"et_pb_contact_form_label\" for=\"et_pb_contact_0_name_0\">Name<\/label><input type=\"text\" name=\"et_pb_contact_0_name_0\" id=\"et_pb_contact_0_name_0\" class=\"input\" data-required_mark=\"required\" data-field_type=\"input\" data-original_id=\"name\" placeholder=\"Name\" title=\"\" value=\"\" \/><\/div>\n\n<div class=\"et_pb_contact_field_1 et_pb_contact_field et_pb_module et_flex_module et_flex_column_24_24 et_flex_column_24_24_tablet et_flex_column_24_24_phone\" data-id=\"email\" data-type=\"email\"><label class=\"et_pb_contact_form_label\" for=\"et_pb_contact_0_email_1\">Email Addresse<\/label><input type=\"text\" name=\"et_pb_contact_0_email_1\" id=\"et_pb_contact_0_email_1\" class=\"input\" data-required_mark=\"required\" data-field_type=\"email\" data-original_id=\"email\" placeholder=\"Email Addresse\" title=\"\" value=\"\" \/><\/div>\n\n<div class=\"et_pb_contact_field_2 et_pb_contact_field et_pb_module et_flex_module et_flex_column_24_24 et_flex_column_24_24_tablet et_flex_column_24_24_phone\" data-id=\"phone\" data-type=\"input\"><label class=\"et_pb_contact_form_label\" for=\"et_pb_contact_0_phone_2\" data-et-mv-hidden-tablet=\"true\" data-et-mv-hidden-phone=\"true\">Telefonnummer f\u00fcr R\u00fcckfragen<\/label><input type=\"text\" name=\"et_pb_contact_0_phone_2\" id=\"et_pb_contact_0_phone_2\" class=\"input\" data-required_mark=\"required\" data-field_type=\"input\" data-original_id=\"phone\" placeholder=\"Telefonnummer f\u00fcr R\u00fcckfragen\" title=\"\" value=\"\" \/><\/div>\n\n<div class=\"et_pb_contact_field_3 et_pb_contact_field et_pb_module et_flex_module et_flex_column_24_24 et_flex_column_24_24_tablet et_flex_column_24_24_phone\" data-id=\"message\" data-type=\"text\"><label class=\"et_pb_contact_form_label\" for=\"et_pb_contact_0_message_3\">Nachricht<\/label><textarea name=\"et_pb_contact_0_message_3\" id=\"et_pb_contact_0_message_3\" class=\"et_pb_contact_message input\" data-required_mark=\"required\" data-field_type=\"text\" data-original_id=\"message\" placeholder=\"Nachricht\"><\/textarea><\/div>\n<input type=\"hidden\" name=\"et_pb_contactform_submit_3b9ff40e-5f34-4f1e-8605-88cf2b55a7ef\" value=\"et_contact_proccess\" \/><div class=\"et_contact_bottom_container\"><div class=\"et_pb_button_wrapper\"><button type=\"submit\" name=\"et_builder_submit_button\" class=\"et_pb_button et_pb_contact_submit\" data-icon=\"E\">Absenden<\/button><\/div><\/div><input type=\"hidden\" id=\"_wpnonce-et-pb-contact-form-submitted-3b9ff40e-5f34-4f1e-8605-88cf2b55a7ef\" name=\"_wpnonce-et-pb-contact-form-submitted-3b9ff40e-5f34-4f1e-8605-88cf2b55a7ef\" value=\"9c2e6ff787\" \/><input type=\"hidden\" name=\"_wp_http_referer\" value=\"\/coaching-mediation-beratung-berlin\/wp-json\/wp\/v2\/pages\/456\" \/><\/form><\/div><\/div>\n\n<div class=\"et_pb_module et_pb_button_module_wrapper et_pb_button_3_wrapper preset--module--divi-button--ef98e337-0947-484b-9750-6d3202769835_wrapper\"><a class=\"et_pb_button_3 et_pb_button et_pb_bg_layout_light et_pb_module et_block_module preset--module--divi-button--ef98e337-0947-484b-9750-6d3202769835\" href=\"https:\/\/zeeg.me\/marcelweber\/30min\" target=\"_blank\">30 Minuten kostenfrei<\/a><\/div>\n<\/div>\n<\/div>\n<\/div>\n\n<div class=\"et_pb_section_7 et_pb_section et_section_regular et_block_section\">\n<div class=\"et_pb_row_9 et_pb_row et_block_row\">\n<div class=\"et_pb_column_18 et_pb_column et_pb_column_1_3 et_block_column et_pb_css_mix_blend_mode_passthrough\">\n<div class=\"et_pb_text_37 et_pb_text et_pb_bg_layout_light et_pb_module et_block_module preset--module--divi-text--d9656736-106e-433d-92a0-3513c52df5d4\"><div class=\"et_pb_text_inner\"><h6>Email<\/h6>\n<\/div><\/div>\n\n<div class=\"et_pb_text_38 et_pb_text et_pb_bg_layout_light et_pb_module et_block_module preset--module--divi-text--2a32efeb-110d-4812-8cc1-80c3d99e8803\"><div class=\"et_pb_text_inner\"><h5><a href=\"mailto:hallo@veraenderungsarchitekt.de\">hallo@veraenderungsarchitekt.de<\/a><\/h5>\n<\/div><\/div>\n\n<div class=\"et_pb_text_39 et_pb_text et_pb_bg_layout_light et_pb_module et_block_module preset--module--divi-text--d9656736-106e-433d-92a0-3513c52df5d4\"><div class=\"et_pb_text_inner\"><h6>Telefon<\/h6>\n<\/div><\/div>\n\n<div class=\"et_pb_text_40 et_pb_text et_pb_bg_layout_light et_pb_module et_block_module preset--module--divi-text--8f17ddf6-94f5-4f4c-b8f4-4c9f813f7505\"><div class=\"et_pb_text_inner\"><p><span>(030) 48 49 38 91<\/span><\/p>\n<\/div><\/div>\n\n<div class=\"et_pb_text_41 et_pb_text et_pb_bg_layout_light et_pb_module et_block_module preset--module--divi-text--d9656736-106e-433d-92a0-3513c52df5d4\"><div class=\"et_pb_text_inner\"><h6>Adresse<\/h6>\n<\/div><\/div>\n\n<div class=\"et_pb_text_42 et_pb_text et_pb_bg_layout_light et_pb_module et_block_module preset--module--divi-text--8f17ddf6-94f5-4f4c-b8f4-4c9f813f7505\"><div class=\"et_pb_text_inner\"><p>Prenzlauer Allee 217<br \/>10405 Berlin<\/p>\n<\/div><\/div>\n<\/div>\n\n<div class=\"et_pb_column_19 et_pb_column et_pb_column_1_3 et_block_column et_pb_css_mix_blend_mode_passthrough\">\n<div class=\"et_pb_text_43 et_pb_text et_pb_bg_layout_light et_pb_module et_block_module preset--module--divi-text--d9656736-106e-433d-92a0-3513c52df5d4\"><div class=\"et_pb_text_inner\"><h6>Follow<\/h6>\n<\/div><\/div>\n\n<div class=\"et_pb_text_44 et_pb_text et_pb_bg_layout_light et_pb_module et_block_module preset--module--divi-text--3c83b4a0-00a3-4a9c-abe5-583e64d9b151\"><div class=\"et_pb_text_inner\"><h3><a href=\"https:\/\/www.linkedin.com\/in\/marcel-weber-berlin\/\" target=\"_blank\" rel=\"noopener\">LinkedIn<\/a><\/h3>\n<\/div><\/div>\n\n<div class=\"et_pb_text_45 et_pb_text et_pb_bg_layout_light et_pb_module et_block_module preset--module--divi-text--3c83b4a0-00a3-4a9c-abe5-583e64d9b151\"><div class=\"et_pb_text_inner\"><h3><a href=\"https:\/\/www.instagram.com\/veraenderungsarchitekt\/\" target=\"_blank\" rel=\"noopener\">Instagram<\/a><\/h3>\n<\/div><\/div>\n\n<div class=\"et_pb_text_46 et_pb_text et_pb_bg_layout_light et_pb_module et_block_module preset--module--divi-text--3c83b4a0-00a3-4a9c-abe5-583e64d9b151\"><div class=\"et_pb_text_inner\"><h3><a href=\"https:\/\/www.tiktok.com\/@veraenderungsarchitekt\" target=\"_blank\" rel=\"noopener\">TikTok<\/a><\/h3>\n<\/div><\/div>\n<\/div>\n\n<div class=\"et_pb_column_20 et_pb_column et_pb_column_1_3 et-last-child et_block_column et_pb_css_mix_blend_mode_passthrough\">\n<div class=\"et_pb_text_47 et_pb_text et_pb_bg_layout_light et_pb_module et_block_module preset--module--divi-text--d9656736-106e-433d-92a0-3513c52df5d4\"><div class=\"et_pb_text_inner\"><h6>Angebote<\/h6>\n<\/div><\/div>\n\n<div class=\"et_pb_text_48 et_pb_text et_pb_bg_layout_light et_clickable et_pb_module et_block_module preset--module--divi-text--2a32efeb-110d-4812-8cc1-80c3d99e8803\"><div class=\"et_pb_text_inner\"><h5>Change &amp; Transformationsberatung<\/h5>\n<\/div><\/div>\n\n<div class=\"et_pb_text_49 et_pb_text et_pb_bg_layout_light et_clickable et_pb_module et_block_module preset--module--divi-text--2a32efeb-110d-4812-8cc1-80c3d99e8803\"><div class=\"et_pb_text_inner\"><h5>Coaching &amp; Empowerment<\/h5>\n<\/div><\/div>\n\n<div class=\"et_pb_text_50 et_pb_text et_pb_bg_layout_light et_clickable et_pb_module et_block_module preset--module--divi-text--2a32efeb-110d-4812-8cc1-80c3d99e8803\"><div class=\"et_pb_text_inner\"><h5>Konfliktmediation<\/h5>\n<\/div><\/div>\n\n<div class=\"et_pb_text_51 et_pb_text et_pb_bg_layout_light et_clickable et_pb_module et_block_module preset--module--divi-text--2a32efeb-110d-4812-8cc1-80c3d99e8803\"><div class=\"et_pb_text_inner\"><h5>Workshops &amp; Trainings<\/h5>\n<\/div><\/div>\n<\/div>\n<\/div>\n\n<div class=\"et_pb_row_10 et_pb_row et_block_row\">\n<div class=\"et_pb_column_21 et_pb_column et_pb_column_4_4 et-last-child et_block_column et_pb_css_mix_blend_mode_passthrough\">\n<div class=\"et_pb_text_52 et_pb_text et_pb_bg_layout_light et_pb_module et_block_module preset--module--divi-text--e77f298e-58f9-4750-8481-17ebd9e8b9ff\"><div class=\"et_pb_text_inner\"><p>Copyright &copy; 2026 Marcel Weber - Ver\u00e4nderungsarchitekt<\/p>\n<\/div><\/div>\n<\/div>\n<\/div>\n<\/div>","protected":false},"excerpt":{"rendered":"","protected":false},"author":1,"featured_media":0,"parent":0,"menu_order":0,"comment_status":"closed","ping_status":"closed","template":"","meta":{"footnotes":""},"class_list":["post-456","page","type-page","status-publish","hentry"],"yoast_head":"<!-- This site is optimized with the Yoast SEO plugin v27.4 - https:\/\/yoast.com\/product\/yoast-seo-wordpress\/ -->\n<title>Organisationsentwicklung | Change Management &amp; Transformation<\/title>\n<meta name=\"description\" content=\"Nachhaltige Organisationsentwicklung in Berlin \u2713 Change Management \u2713 Diversity &amp; Inclusion \u2713 F\u00fcr Kultur &amp; Sozialorganisationen\" \/>\n<meta name=\"robots\" content=\"index, follow, max-snippet:-1, max-image-preview:large, max-video-preview:-1\" \/>\n<link rel=\"canonical\" href=\"https:\/\/veraenderungsarchitekt.de\/coaching-mediation-beratung-berlin\/organisationsentwicklung-berlin\/\" \/>\n<meta property=\"og:locale\" content=\"de_DE\" \/>\n<meta property=\"og:type\" content=\"article\" \/>\n<meta property=\"og:title\" content=\"Organisationsentwicklung | Change Management &amp; Transformation\" \/>\n<meta property=\"og:description\" content=\"Nachhaltige Organisationsentwicklung in Berlin \u2713 Change Management \u2713 Diversity &amp; Inclusion \u2713 F\u00fcr Kultur &amp; Sozialorganisationen\" \/>\n<meta property=\"og:url\" content=\"https:\/\/veraenderungsarchitekt.de\/coaching-mediation-beratung-berlin\/organisationsentwicklung-berlin\/\" \/>\n<meta property=\"og:site_name\" content=\"Marcel Weber - Ver\u00e4nderungsarchitekt\" \/>\n<meta property=\"article:modified_time\" content=\"2026-04-19T09:57:24+00:00\" \/>\n<meta property=\"og:image\" content=\"https:\/\/veraenderungsarchitekt.de\/wp-content\/uploads\/2025\/10\/coaching-mediation-beratung-berlin-social-1.png\" \/>\n\t<meta property=\"og:image:width\" content=\"1200\" \/>\n\t<meta property=\"og:image:height\" content=\"630\" \/>\n\t<meta property=\"og:image:type\" content=\"image\/png\" \/>\n<meta name=\"twitter:card\" content=\"summary_large_image\" \/>\n<meta name=\"twitter:label1\" content=\"Gesch\u00e4tzte Lesezeit\" \/>\n\t<meta name=\"twitter:data1\" content=\"4\u00a0Minuten\" \/>\n<script type=\"application\/ld+json\" class=\"yoast-schema-graph\">{\"@context\":\"https:\\\/\\\/schema.org\",\"@graph\":[{\"@type\":\"WebPage\",\"@id\":\"https:\\\/\\\/veraenderungsarchitekt.de\\\/coaching-mediation-beratung-berlin\\\/organisationsentwicklung-berlin\\\/\",\"url\":\"https:\\\/\\\/veraenderungsarchitekt.de\\\/coaching-mediation-beratung-berlin\\\/organisationsentwicklung-berlin\\\/\",\"name\":\"Organisationsentwicklung | Change Management & Transformation\",\"isPartOf\":{\"@id\":\"https:\\\/\\\/veraenderungsarchitekt.de\\\/coaching-mediation-beratung-berlin\\\/#website\"},\"datePublished\":\"2025-10-04T20:10:09+00:00\",\"dateModified\":\"2026-04-19T09:57:24+00:00\",\"description\":\"Nachhaltige Organisationsentwicklung in Berlin \u2713 Change Management \u2713 Diversity & Inclusion \u2713 F\u00fcr Kultur & Sozialorganisationen\",\"breadcrumb\":{\"@id\":\"https:\\\/\\\/veraenderungsarchitekt.de\\\/coaching-mediation-beratung-berlin\\\/organisationsentwicklung-berlin\\\/#breadcrumb\"},\"inLanguage\":\"de\",\"potentialAction\":[{\"@type\":\"ReadAction\",\"target\":[\"https:\\\/\\\/veraenderungsarchitekt.de\\\/coaching-mediation-beratung-berlin\\\/organisationsentwicklung-berlin\\\/\"]}]},{\"@type\":\"BreadcrumbList\",\"@id\":\"https:\\\/\\\/veraenderungsarchitekt.de\\\/coaching-mediation-beratung-berlin\\\/organisationsentwicklung-berlin\\\/#breadcrumb\",\"itemListElement\":[{\"@type\":\"ListItem\",\"position\":1,\"name\":\"Startseite\",\"item\":\"https:\\\/\\\/veraenderungsarchitekt.de\\\/coaching-mediation-beratung-berlin\\\/\"},{\"@type\":\"ListItem\",\"position\":2,\"name\":\"Organisationsentwicklung Berlin\"}]},{\"@type\":\"WebSite\",\"@id\":\"https:\\\/\\\/veraenderungsarchitekt.de\\\/coaching-mediation-beratung-berlin\\\/#website\",\"url\":\"https:\\\/\\\/veraenderungsarchitekt.de\\\/coaching-mediation-beratung-berlin\\\/\",\"name\":\"Marcel Weber - Ver\u00e4nderungsarchitekt\",\"description\":\"Coaching, Mediation, Beratung, Workshops &amp; Trainings in Berlin\",\"publisher\":{\"@id\":\"https:\\\/\\\/veraenderungsarchitekt.de\\\/coaching-mediation-beratung-berlin\\\/#organization\"},\"alternateName\":\"Ver\u00e4nderungsarchitekt\",\"potentialAction\":[{\"@type\":\"SearchAction\",\"target\":{\"@type\":\"EntryPoint\",\"urlTemplate\":\"https:\\\/\\\/veraenderungsarchitekt.de\\\/coaching-mediation-beratung-berlin\\\/?s={search_term_string}\"},\"query-input\":{\"@type\":\"PropertyValueSpecification\",\"valueRequired\":true,\"valueName\":\"search_term_string\"}}],\"inLanguage\":\"de\"},{\"@type\":\"Organization\",\"@id\":\"https:\\\/\\\/veraenderungsarchitekt.de\\\/coaching-mediation-beratung-berlin\\\/#organization\",\"name\":\"Marcel Weber - Ver\u00e4nderungsarchitekt\",\"url\":\"https:\\\/\\\/veraenderungsarchitekt.de\\\/coaching-mediation-beratung-berlin\\\/\",\"logo\":{\"@type\":\"ImageObject\",\"inLanguage\":\"de\",\"@id\":\"https:\\\/\\\/veraenderungsarchitekt.de\\\/coaching-mediation-beratung-berlin\\\/#\\\/schema\\\/logo\\\/image\\\/\",\"url\":\"https:\\\/\\\/veraenderungsarchitekt.de\\\/wp-content\\\/uploads\\\/2025\\\/09\\\/logo_web.avif\",\"contentUrl\":\"https:\\\/\\\/veraenderungsarchitekt.de\\\/wp-content\\\/uploads\\\/2025\\\/09\\\/logo_web.avif\",\"width\":512,\"height\":512,\"caption\":\"Marcel Weber - Ver\u00e4nderungsarchitekt\"},\"image\":{\"@id\":\"https:\\\/\\\/veraenderungsarchitekt.de\\\/coaching-mediation-beratung-berlin\\\/#\\\/schema\\\/logo\\\/image\\\/\"},\"sameAs\":[\"https:\\\/\\\/www.linkedin.com\\\/in\\\/marcel-weber-berlin\\\/\",\"https:\\\/\\\/www.instagram.com\\\/veraenderungsarchitekt\\\/\",\"https:\\\/\\\/www.tiktok.com\\\/@veraenderungsarchitekt\"]}]}<\/script>\n<!-- \/ Yoast SEO plugin. -->","yoast_head_json":{"title":"Organisationsentwicklung | Change Management & Transformation","description":"Nachhaltige Organisationsentwicklung in Berlin \u2713 Change Management \u2713 Diversity & Inclusion \u2713 F\u00fcr Kultur & Sozialorganisationen","robots":{"index":"index","follow":"follow","max-snippet":"max-snippet:-1","max-image-preview":"max-image-preview:large","max-video-preview":"max-video-preview:-1"},"canonical":"https:\/\/veraenderungsarchitekt.de\/coaching-mediation-beratung-berlin\/organisationsentwicklung-berlin\/","og_locale":"de_DE","og_type":"article","og_title":"Organisationsentwicklung | Change Management & Transformation","og_description":"Nachhaltige Organisationsentwicklung in Berlin \u2713 Change Management \u2713 Diversity & Inclusion \u2713 F\u00fcr Kultur & Sozialorganisationen","og_url":"https:\/\/veraenderungsarchitekt.de\/coaching-mediation-beratung-berlin\/organisationsentwicklung-berlin\/","og_site_name":"Marcel Weber - Ver\u00e4nderungsarchitekt","article_modified_time":"2026-04-19T09:57:24+00:00","og_image":[{"width":1200,"height":630,"url":"https:\/\/veraenderungsarchitekt.de\/wp-content\/uploads\/2025\/10\/coaching-mediation-beratung-berlin-social-1.png","type":"image\/png"}],"twitter_card":"summary_large_image","twitter_misc":{"Gesch\u00e4tzte Lesezeit":"4\u00a0Minuten"},"schema":{"@context":"https:\/\/schema.org","@graph":[{"@type":"WebPage","@id":"https:\/\/veraenderungsarchitekt.de\/coaching-mediation-beratung-berlin\/organisationsentwicklung-berlin\/","url":"https:\/\/veraenderungsarchitekt.de\/coaching-mediation-beratung-berlin\/organisationsentwicklung-berlin\/","name":"Organisationsentwicklung | Change Management & Transformation","isPartOf":{"@id":"https:\/\/veraenderungsarchitekt.de\/coaching-mediation-beratung-berlin\/#website"},"datePublished":"2025-10-04T20:10:09+00:00","dateModified":"2026-04-19T09:57:24+00:00","description":"Nachhaltige Organisationsentwicklung in Berlin \u2713 Change Management \u2713 Diversity & Inclusion \u2713 F\u00fcr Kultur & Sozialorganisationen","breadcrumb":{"@id":"https:\/\/veraenderungsarchitekt.de\/coaching-mediation-beratung-berlin\/organisationsentwicklung-berlin\/#breadcrumb"},"inLanguage":"de","potentialAction":[{"@type":"ReadAction","target":["https:\/\/veraenderungsarchitekt.de\/coaching-mediation-beratung-berlin\/organisationsentwicklung-berlin\/"]}]},{"@type":"BreadcrumbList","@id":"https:\/\/veraenderungsarchitekt.de\/coaching-mediation-beratung-berlin\/organisationsentwicklung-berlin\/#breadcrumb","itemListElement":[{"@type":"ListItem","position":1,"name":"Startseite","item":"https:\/\/veraenderungsarchitekt.de\/coaching-mediation-beratung-berlin\/"},{"@type":"ListItem","position":2,"name":"Organisationsentwicklung Berlin"}]},{"@type":"WebSite","@id":"https:\/\/veraenderungsarchitekt.de\/coaching-mediation-beratung-berlin\/#website","url":"https:\/\/veraenderungsarchitekt.de\/coaching-mediation-beratung-berlin\/","name":"Marcel Weber - Ver\u00e4nderungsarchitekt","description":"Coaching, Mediation, Beratung, Workshops &amp; Trainings in Berlin","publisher":{"@id":"https:\/\/veraenderungsarchitekt.de\/coaching-mediation-beratung-berlin\/#organization"},"alternateName":"Ver\u00e4nderungsarchitekt","potentialAction":[{"@type":"SearchAction","target":{"@type":"EntryPoint","urlTemplate":"https:\/\/veraenderungsarchitekt.de\/coaching-mediation-beratung-berlin\/?s={search_term_string}"},"query-input":{"@type":"PropertyValueSpecification","valueRequired":true,"valueName":"search_term_string"}}],"inLanguage":"de"},{"@type":"Organization","@id":"https:\/\/veraenderungsarchitekt.de\/coaching-mediation-beratung-berlin\/#organization","name":"Marcel Weber - Ver\u00e4nderungsarchitekt","url":"https:\/\/veraenderungsarchitekt.de\/coaching-mediation-beratung-berlin\/","logo":{"@type":"ImageObject","inLanguage":"de","@id":"https:\/\/veraenderungsarchitekt.de\/coaching-mediation-beratung-berlin\/#\/schema\/logo\/image\/","url":"https:\/\/veraenderungsarchitekt.de\/wp-content\/uploads\/2025\/09\/logo_web.avif","contentUrl":"https:\/\/veraenderungsarchitekt.de\/wp-content\/uploads\/2025\/09\/logo_web.avif","width":512,"height":512,"caption":"Marcel Weber - Ver\u00e4nderungsarchitekt"},"image":{"@id":"https:\/\/veraenderungsarchitekt.de\/coaching-mediation-beratung-berlin\/#\/schema\/logo\/image\/"},"sameAs":["https:\/\/www.linkedin.com\/in\/marcel-weber-berlin\/","https:\/\/www.instagram.com\/veraenderungsarchitekt\/","https:\/\/www.tiktok.com\/@veraenderungsarchitekt"]}]}},"_links":{"self":[{"href":"https:\/\/veraenderungsarchitekt.de\/coaching-mediation-beratung-berlin\/wp-json\/wp\/v2\/pages\/456","targetHints":{"allow":["GET"]}}],"collection":[{"href":"https:\/\/veraenderungsarchitekt.de\/coaching-mediation-beratung-berlin\/wp-json\/wp\/v2\/pages"}],"about":[{"href":"https:\/\/veraenderungsarchitekt.de\/coaching-mediation-beratung-berlin\/wp-json\/wp\/v2\/types\/page"}],"author":[{"embeddable":true,"href":"https:\/\/veraenderungsarchitekt.de\/coaching-mediation-beratung-berlin\/wp-json\/wp\/v2\/users\/1"}],"replies":[{"embeddable":true,"href":"https:\/\/veraenderungsarchitekt.de\/coaching-mediation-beratung-berlin\/wp-json\/wp\/v2\/comments?post=456"}],"version-history":[{"count":10,"href":"https:\/\/veraenderungsarchitekt.de\/coaching-mediation-beratung-berlin\/wp-json\/wp\/v2\/pages\/456\/revisions"}],"predecessor-version":[{"id":881,"href":"https:\/\/veraenderungsarchitekt.de\/coaching-mediation-beratung-berlin\/wp-json\/wp\/v2\/pages\/456\/revisions\/881"}],"wp:attachment":[{"href":"https:\/\/veraenderungsarchitekt.de\/coaching-mediation-beratung-berlin\/wp-json\/wp\/v2\/media?parent=456"}],"curies":[{"name":"wp","href":"https:\/\/api.w.org\/{rel}","templated":true}]}}