{"id":440,"date":"2025-10-04T14:44:27","date_gmt":"2025-10-04T12:44:27","guid":{"rendered":"https:\/\/veraenderungsarchitekt.de\/coaching-mediation-beratung-berlin\/?page_id=440"},"modified":"2026-04-19T12:02:50","modified_gmt":"2026-04-19T10:02:50","slug":"mediation-berlin","status":"publish","type":"page","link":"https:\/\/veraenderungsarchitekt.de\/coaching-mediation-beratung-berlin\/mediation-berlin\/","title":{"rendered":"Mediation Berlin"},"content":{"rendered":"<div class=\"et_pb_section_0 et_pb_section et_section_regular et_block_section\">\n<div class=\"et_pb_row_0 et_pb_row et_block_row\">\n<div class=\"et_pb_column_0 et_pb_column et_pb_column_4_4 et-last-child et_block_column et_pb_css_mix_blend_mode_passthrough\">\n<div class=\"et_pb_text_0 et_pb_text et_pb_bg_layout_light et_pb_module et_block_module preset--module--divi-text--6497b399-1a94-4715-abd1-6dd105ad5444\"><div class=\"et_pb_text_inner\"><h1>Mediation in Berlin \u2013 Konflikte konstruktiv l\u00f6sen<\/h1>\n<\/div><\/div>\n<\/div>\n<\/div>\n<\/div>\n\n<div class=\"et_pb_section_1 et_pb_section et_section_regular et_block_section\">\n<div class=\"et_pb_row_1 et_pb_row et_block_row\">\n<div class=\"et_pb_column_1 et_pb_column et_pb_column_1_2 et_block_column et_pb_css_mix_blend_mode_passthrough\">\n<div class=\"et_pb_image_0 et_pb_image et_pb_module et_block_module\"><span class=\"et_pb_image_wrap\"><img loading=\"lazy\" decoding=\"async\" src=\"https:\/\/veraenderungsarchitekt.de\/wp-content\/uploads\/2025\/09\/Marci-Bonus-Pics_2.000px-lange-Kante_web-29.avif\" width=\"1333\" height=\"2000\" srcset=\"https:\/\/veraenderungsarchitekt.de\/wp-content\/uploads\/2025\/09\/Marci-Bonus-Pics_2.000px-lange-Kante_web-29.avif 1333w, https:\/\/veraenderungsarchitekt.de\/wp-content\/uploads\/2025\/09\/Marci-Bonus-Pics_2.000px-lange-Kante_web-29-200x300.avif 200w, https:\/\/veraenderungsarchitekt.de\/wp-content\/uploads\/2025\/09\/Marci-Bonus-Pics_2.000px-lange-Kante_web-29-682x1024.avif 682w, https:\/\/veraenderungsarchitekt.de\/wp-content\/uploads\/2025\/09\/Marci-Bonus-Pics_2.000px-lange-Kante_web-29-768x1152.avif 768w, https:\/\/veraenderungsarchitekt.de\/wp-content\/uploads\/2025\/09\/Marci-Bonus-Pics_2.000px-lange-Kante_web-29-1024x1536.avif 1024w, https:\/\/veraenderungsarchitekt.de\/wp-content\/uploads\/2025\/09\/Marci-Bonus-Pics_2.000px-lange-Kante_web-29-1080x1620.avif 1080w, https:\/\/veraenderungsarchitekt.de\/wp-content\/uploads\/2025\/09\/Marci-Bonus-Pics_2.000px-lange-Kante_web-29-1280x1920.avif 1280w, https:\/\/veraenderungsarchitekt.de\/wp-content\/uploads\/2025\/09\/Marci-Bonus-Pics_2.000px-lange-Kante_web-29-980x1470.avif 980w, https:\/\/veraenderungsarchitekt.de\/wp-content\/uploads\/2025\/09\/Marci-Bonus-Pics_2.000px-lange-Kante_web-29-480x720.avif 480w\" sizes=\"(max-width: 1333px) 100vw, 1333px\" class=\"wp-image-67\" title=\"Marci Bonus Pics_2.000px lange Kante_web-29\" alt=\"Professionelles Einzelcoaching in Berlin \u2013 Marcel Weber im Beratungsgespr\u00e4ch\" \/><\/span><\/div>\n<\/div>\n\n<div class=\"et_pb_column_2 et_pb_column et_pb_column_1_2 et-last-child et_block_column et_pb_css_mix_blend_mode_passthrough\">\n<div class=\"et_pb_text_1 et_pb_text et_pb_bg_layout_light et_pb_module et_block_module preset--module--divi-text--3eba7469-567f-4891-a29a-4a3ce15c73ca\"><div class=\"et_pb_text_inner\"><h2>Professionelle Konfliktmediation f\u00fcr Organisationen, Teams &amp; Privatpersonen<\/h2>\n<\/div><\/div>\n\n<div class=\"et_pb_text_2 et_pb_text et_pb_bg_layout_light et_pb_module et_block_module preset--module--divi-text--49c800e9-0c09-4730-9076-d940d15b1237\"><div class=\"et_pb_text_inner\"><p>Konflikte geh\u00f6ren zum Arbeitsalltag. Ungel\u00f6st kosten sie Energie, Zeit und Geld. Als Mediator unterst\u00fctze ich Sie dabei, aus verh\u00e4rteten Fronten wieder tragf\u00e4hige Arbeitsbeziehungen zu machen.<\/p>\n<\/div><\/div>\n\n<div class=\"et_pb_text_3 et_pb_text et_pb_bg_layout_light et_pb_module et_block_module preset--module--divi-text--8e8cf7dd-c4b5-4656-b503-71d9bf01e695\"><div class=\"et_pb_text_inner\"><h5>Mein Mediationsansatz<\/h5>\n<\/div><\/div>\n\n<div class=\"et_pb_text_4 et_pb_text et_pb_bg_layout_light et_pb_module et_block_module preset--module--divi-text--49c800e9-0c09-4730-9076-d940d15b1237\"><div class=\"et_pb_text_inner\"><p><span style=\"color: #000000;\"><strong>1. Allparteilichkeit<\/strong><\/span><br \/>Ich bin f\u00fcr alle Konfliktparteien gleicherma\u00dfen da. Keine Seite wird bevorzugt, alle Perspektiven haben Raum.<\/p>\n<\/div><\/div>\n\n<div class=\"et_pb_text_5 et_pb_text et_pb_bg_layout_light et_pb_module et_block_module preset--module--divi-text--49c800e9-0c09-4730-9076-d940d15b1237\"><div class=\"et_pb_text_inner\"><p><span style=\"color: #000000;\"><strong>2. Vertraulichkeit<\/strong><\/span><br \/>Was in der Mediation besprochen wird, bleibt dort. Das schafft den sicheren Raum f\u00fcr ehrliche Gespr\u00e4che.<\/p>\n<\/div><\/div>\n\n<div class=\"et_pb_text_6 et_pb_text et_pb_bg_layout_light et_pb_module et_block_module preset--module--divi-text--49c800e9-0c09-4730-9076-d940d15b1237\"><div class=\"et_pb_text_inner\"><p><span style=\"color: #000000;\"><strong>3. Prozessfokussierung<\/strong><\/span><br \/>Ich f\u00fchre durch den Prozess, die Parteien finden die L\u00f6sung. Strukturiert, fair, auf Augenh\u00f6he.<\/p>\n<\/div><\/div>\n\n<div class=\"et_pb_text_7 et_pb_text et_pb_bg_layout_light et_pb_module et_block_module preset--module--divi-text--49c800e9-0c09-4730-9076-d940d15b1237\"><div class=\"et_pb_text_inner\"><p><span style=\"color: #000000;\"><strong>4. Transfer &amp; Nachhaltigkeit<\/strong><\/span><br \/>Vereinbarungen werden so gestaltet, dass sie im Alltag Bestand haben.<\/p>\n<\/div><\/div>\n<\/div>\n<\/div>\n<\/div>\n\n<div class=\"et_pb_section_2 et_pb_section et_section_regular et_block_section\">\n<div class=\"et_pb_row_2 et_pb_row et_block_row\">\n<div class=\"et_pb_column_3 et_pb_column et_pb_column_1_2 et_block_column et_pb_css_mix_blend_mode_passthrough\">\n<div class=\"et_pb_text_8 et_pb_text et_pb_bg_layout_light et_pb_module et_block_module preset--module--divi-text--3eba7469-567f-4891-a29a-4a3ce15c73ca\"><div class=\"et_pb_text_inner\"><h2>Wann ist Mediation der richtige Weg?<\/h2>\n<\/div><\/div>\n\n<div class=\"et_pb_text_9 et_pb_text et_pb_bg_layout_light et_pb_module et_block_module preset--module--divi-text--49c800e9-0c09-4730-9076-d940d15b1237\"><div class=\"et_pb_text_inner\"><ul>\n<li>Teamkonflikte belasten die Zusammenarbeit<\/li>\n<li>F\u00fchrungskraft und Team finden nicht zusammen<\/li>\n<li>Abteilungen blockieren sich gegenseitig<\/li>\n<li>Umstrukturierungen f\u00fchren zu Widerst\u00e4nden<\/li>\n<li>Diversit\u00e4t wird zur Herausforderung statt zur St\u00e4rke<\/li>\n<li>Familienkonflikte eskalieren und belasten alle Beteiligten<\/li>\n<li>Trennungen sollen fair und konstruktiv gestaltet werden<\/li>\n<li>Erbschaftsstreitigkeiten drohen, Familienbande zu zerst\u00f6ren<\/li>\n<li>Nachbarschaftskonflikte vergiften das Zusammenleben<\/li>\n<li>Generationenkonflikte blockieren wichtige Entscheidungen<\/li>\n<\/ul>\n<\/div><\/div>\n\n<div class=\"et_pb_image_1 et_pb_image et_pb_module et_block_module\"><span class=\"et_pb_image_wrap\"><img loading=\"lazy\" decoding=\"async\" src=\"https:\/\/veraenderungsarchitekt.de\/wp-content\/uploads\/2025\/09\/Marci-Bonus-Pics_2.000px-lange-Kante_web-23.avif\" width=\"2000\" height=\"1333\" srcset=\"https:\/\/veraenderungsarchitekt.de\/wp-content\/uploads\/2025\/09\/Marci-Bonus-Pics_2.000px-lange-Kante_web-23.avif 2000w, https:\/\/veraenderungsarchitekt.de\/wp-content\/uploads\/2025\/09\/Marci-Bonus-Pics_2.000px-lange-Kante_web-23-300x200.avif 300w, https:\/\/veraenderungsarchitekt.de\/wp-content\/uploads\/2025\/09\/Marci-Bonus-Pics_2.000px-lange-Kante_web-23-1024x682.avif 1024w, https:\/\/veraenderungsarchitekt.de\/wp-content\/uploads\/2025\/09\/Marci-Bonus-Pics_2.000px-lange-Kante_web-23-768x512.avif 768w, https:\/\/veraenderungsarchitekt.de\/wp-content\/uploads\/2025\/09\/Marci-Bonus-Pics_2.000px-lange-Kante_web-23-1536x1024.avif 1536w, https:\/\/veraenderungsarchitekt.de\/wp-content\/uploads\/2025\/09\/Marci-Bonus-Pics_2.000px-lange-Kante_web-23-1080x720.avif 1080w, https:\/\/veraenderungsarchitekt.de\/wp-content\/uploads\/2025\/09\/Marci-Bonus-Pics_2.000px-lange-Kante_web-23-1280x853.avif 1280w, https:\/\/veraenderungsarchitekt.de\/wp-content\/uploads\/2025\/09\/Marci-Bonus-Pics_2.000px-lange-Kante_web-23-980x653.avif 980w, https:\/\/veraenderungsarchitekt.de\/wp-content\/uploads\/2025\/09\/Marci-Bonus-Pics_2.000px-lange-Kante_web-23-480x320.avif 480w\" sizes=\"(max-width: 2000px) 100vw, 2000px\" class=\"wp-image-108\" title=\"Marci Bonus Pics_2.000px lange Kante_web-23\" alt=\"Systemisches Coaching Berlin \u2013 Marcel Weberim Walk-and-Talk-Gespr\u00e4ch in der Natur\" \/><\/span><\/div>\n<\/div>\n\n<div class=\"et_pb_column_4 et_pb_column et_pb_column_1_2 et-last-child et_block_column et_pb_css_mix_blend_mode_passthrough\">\n<div class=\"et_pb_text_10 et_pb_text et_pb_bg_layout_light et_pb_module et_block_module preset--module--divi-text--8e8cf7dd-c4b5-4656-b503-71d9bf01e695\"><div class=\"et_pb_text_inner\"><h5>Der Mediationsprozess<\/h5>\n<\/div><\/div>\n\n<div class=\"et_pb_text_11 et_pb_text et_pb_bg_layout_light et_pb_module et_block_module preset--module--divi-text--49c800e9-0c09-4730-9076-d940d15b1237\"><div class=\"et_pb_text_inner\"><p>Menschen agieren nicht isoliert. Ich betrachte Sie in Ihrem gesamten Kontext \u2013 Team, Organisation, pers\u00f6nliches Umfeld. So entstehen nachhaltige L\u00f6sungen, die wirklich funktionieren.<\/p>\n<\/div><\/div>\n\n<div class=\"et_pb_text_12 et_pb_text et_pb_bg_layout_light et_pb_module et_block_module preset--module--divi-text--8e8cf7dd-c4b5-4656-b503-71d9bf01e695\"><div class=\"et_pb_text_inner\"><h5>Phase 1: Auftragskl\u00e4rung<\/h5>\n<\/div><\/div>\n\n<div class=\"et_pb_text_13 et_pb_text et_pb_bg_layout_light et_pb_module et_block_module preset--module--divi-text--49c800e9-0c09-4730-9076-d940d15b1237\"><div class=\"et_pb_text_inner\"><ul>\n<li>Erstgespr\u00e4ch mit Auftraggeber*in<\/li>\n<li>Kl\u00e4rung des Rahmens und der Teilnehmenden<\/li>\n<li>Vereinbarung der Spielregeln<\/li>\n<\/ul>\n<\/div><\/div>\n\n<div class=\"et_pb_text_14 et_pb_text et_pb_bg_layout_light et_pb_module et_block_module preset--module--divi-text--8e8cf7dd-c4b5-4656-b503-71d9bf01e695\"><div class=\"et_pb_text_inner\"><h5>Phase 2: Themensammlung<\/h5>\n<\/div><\/div>\n\n<div class=\"et_pb_text_15 et_pb_text et_pb_bg_layout_light et_pb_module et_block_module preset--module--divi-text--49c800e9-0c09-4730-9076-d940d15b1237\"><div class=\"et_pb_text_inner\"><ul>\n<li>Alle Konfliktthemen werden benannt<\/li>\n<li>Priorit\u00e4ten werden gemeinsam festgelegt<\/li>\n<li>Erste Emotionen d\u00fcrfen Raum haben<\/li>\n<\/ul>\n<\/div><\/div>\n\n<div class=\"et_pb_text_16 et_pb_text et_pb_bg_layout_light et_pb_module et_block_module preset--module--divi-text--8e8cf7dd-c4b5-4656-b503-71d9bf01e695\"><div class=\"et_pb_text_inner\"><h5>Phase 3: Interessenkl\u00e4rung<\/h5>\n<\/div><\/div>\n\n<div class=\"et_pb_text_17 et_pb_text et_pb_bg_layout_light et_pb_module et_block_module preset--module--divi-text--49c800e9-0c09-4730-9076-d940d15b1237\"><div class=\"et_pb_text_inner\"><ul>\n<li>Hinter Positionen liegende Bed\u00fcrfnisse erkunden<\/li>\n<li>Gegenseitiges Verstehen f\u00f6rdern<\/li>\n<li>Gemeinsamkeiten identifizieren<\/li>\n<\/ul>\n<\/div><\/div>\n\n<div class=\"et_pb_text_18 et_pb_text et_pb_bg_layout_light et_pb_module et_block_module preset--module--divi-text--8e8cf7dd-c4b5-4656-b503-71d9bf01e695\"><div class=\"et_pb_text_inner\"><h5>Phase 4: L\u00f6sungsentwicklung<\/h5>\n<\/div><\/div>\n\n<div class=\"et_pb_text_19 et_pb_text et_pb_bg_layout_light et_pb_module et_block_module preset--module--divi-text--49c800e9-0c09-4730-9076-d940d15b1237\"><div class=\"et_pb_text_inner\"><ul>\n<li>Kreative Optionen sammeln<\/li>\n<li>Win-Win-L\u00f6sungen entwickeln<\/li>\n<li>Machbarkeit pr\u00fcfen<\/li>\n<\/ul>\n<\/div><\/div>\n\n<div class=\"et_pb_text_20 et_pb_text et_pb_bg_layout_light et_pb_module et_block_module preset--module--divi-text--8e8cf7dd-c4b5-4656-b503-71d9bf01e695\"><div class=\"et_pb_text_inner\"><h5>Phase 5: Vereinbarung<\/h5>\n<\/div><\/div>\n\n<div class=\"et_pb_text_21 et_pb_text et_pb_bg_layout_light et_pb_module et_block_module preset--module--divi-text--49c800e9-0c09-4730-9076-d940d15b1237\"><div class=\"et_pb_text_inner\"><ul>\n<li>Konkrete Absprachen treffen<\/li>\n<li>Umsetzung planen<\/li>\n<li>Follow-up vereinbaren<\/li>\n<\/ul>\n<\/div><\/div>\n<\/div>\n<\/div>\n<\/div>\n\n<div class=\"et_pb_section_3 et_pb_section et_section_regular et_block_section\">\n<div class=\"et_pb_row_3 et_pb_row et_pb_gutters2 et_block_row\">\n<div class=\"et_pb_column_5 et_pb_column et_pb_column_1_3 et_block_column et_pb_css_mix_blend_mode_passthrough\">\n<div class=\"et_pb_text_22 et_pb_text et_pb_bg_layout_light et_pb_module et_block_module preset--module--divi-text--c9a87bef-590f-4e0a-959d-69085523e352\"><div class=\"et_pb_text_inner\"><h4>Spezialgebiete meiner Mediationspraxis<\/h4>\n<\/div><\/div>\n\n<div class=\"et_pb_text_23 et_pb_text et_pb_bg_layout_light et_pb_module et_block_module preset--module--divi-text--49c800e9-0c09-4730-9076-d940d15b1237\"><div class=\"et_pb_text_inner\"><ul>\n<li>Diversity-Konflikte:<br \/>Mit meiner LGBTQIA+-Expertise und Erfahrung in diversen Teams begleite ich sensibel Konflikte, die aus unterschiedlichen Identit\u00e4ten und Lebenswelten entstehen.\u00a0<\/li>\n<li>Kulturorganisationen &amp; NGOs:<br \/>25+ Jahre in der Kultur- &amp; NGO-Branche haben mir gezeigt: Hier treffen Idealismus und Pragmatismus, Kunst und Kommerz aufeinander. Ich spreche beide Sprachen.<\/li>\n<li>Generationenkonflikte:<br \/>Wenn Boomer, Gen X, Millennials und Gen Z aufeinandertreffen, vermittle ich zwischen unterschiedlichen Arbeitsverst\u00e4ndnissen.<\/li>\n<\/ul>\n<\/div><\/div>\n<\/div>\n\n<div class=\"et_pb_column_6 et_pb_column et_pb_column_1_3 et_block_column et_pb_css_mix_blend_mode_passthrough\">\n<div class=\"et_pb_text_24 et_pb_text et_pb_bg_layout_light et_pb_module et_block_module preset--module--divi-text--c9a87bef-590f-4e0a-959d-69085523e352\"><div class=\"et_pb_text_inner\"><h4>Formate &amp; Settings<\/h4>\n<\/div><\/div>\n\n<div class=\"et_pb_text_25 et_pb_text et_pb_bg_layout_light et_pb_module et_block_module preset--module--divi-text--49c800e9-0c09-4730-9076-d940d15b1237\"><div class=\"et_pb_text_inner\"><ul>\n<li>Teammediation (1-2 Tage)<br \/>Intensiv-Workshop f\u00fcr Teams bis 15 Personen<\/li>\n<li>Einzelmediation <br \/>(3-5 Sitzungen \u00e0 2 Stunden)<br \/>F\u00fcr Konflikte zwischen zwei Personen<\/li>\n<li>Online-Mediation<br \/>Ortsunabh\u00e4ngig via Zoom oder Google Meet mit professionellem Setting<\/li>\n<\/ul>\n<\/div><\/div>\n<\/div>\n\n<div class=\"et_pb_column_7 et_pb_column et_pb_column_1_3 et-last-child et_block_column et_pb_css_mix_blend_mode_passthrough\">\n<div class=\"et_pb_text_26 et_pb_text et_pb_bg_layout_light et_pb_module et_block_module preset--module--divi-text--c9a87bef-590f-4e0a-959d-69085523e352\"><div class=\"et_pb_text_inner\"><h4>Investition in konstruktive Konfliktl\u00f6sung<\/h4>\n<\/div><\/div>\n\n<div class=\"et_pb_text_27 et_pb_text et_pb_bg_layout_light et_pb_module et_block_module preset--module--divi-text--49c800e9-0c09-4730-9076-d940d15b1237\"><div class=\"et_pb_text_inner\"><ul>\n<li>Mediation Einzelpersonen: <br \/>120-220 \u20ac\/Stunde<\/li>\n<li>Team-Mediation: <br \/>1.800-2.500 \u20ac\/Tag<\/li>\n<li>Gemeinn\u00fctzige Organisationen:<br \/>Sonderkonditionen<\/li>\n<\/ul>\n<\/div><\/div>\n<\/div>\n<\/div>\n<\/div>\n\n<div class=\"et_pb_section_4 et_pb_section et_section_regular et_block_section\">\n<div class=\"et_pb_row_4 et_pb_row et_pb_gutters2 et_block_row\">\n<div class=\"et_pb_column_8 et_pb_column et_pb_column_1_3 et_block_column et_pb_css_mix_blend_mode_passthrough\">\n<div class=\"et_pb_image_2 et_pb_image et_pb_module et_block_module\"><span class=\"et_pb_image_wrap\"><img loading=\"lazy\" decoding=\"async\" src=\"https:\/\/veraenderungsarchitekt.de\/wp-content\/uploads\/2025\/09\/career-coach-illustration-05@2x-1-1.avif\" width=\"240\" height=\"400\" srcset=\"https:\/\/veraenderungsarchitekt.de\/wp-content\/uploads\/2025\/09\/career-coach-illustration-05@2x-1-1.avif 240w, https:\/\/veraenderungsarchitekt.de\/wp-content\/uploads\/2025\/09\/career-coach-illustration-05@2x-1-1-180x300.avif 180w\" sizes=\"(max-width: 240px) 100vw, 240px\" class=\"wp-image-151\" title=\"career-coach-illustration-05@2x\" alt=\"Organisationsentwicklung Berlin - Begleitung von Ver\u00e4nderungsprozessen und Transformation\" \/><\/span><\/div>\n\n<div class=\"et_pb_text_28 et_pb_text et_pb_bg_layout_light et_pb_module et_block_module preset--module--divi-text--af0c494a-57ff-4b64-b6da-12fe3c9dbf8e\"><div class=\"et_pb_text_inner\"><h4>Organisationsentwicklung<\/h4>\n<\/div><\/div>\n\n<div class=\"et_pb_module et_pb_button_module_wrapper et_pb_button_0_wrapper preset--module--divi-button--49a70ab4-bfb9-493f-b016-79d256711632_wrapper\"><a class=\"et_pb_button_0 et_pb_button et_pb_bg_layout_light et_pb_module et_block_module preset--module--divi-button--49a70ab4-bfb9-493f-b016-79d256711632\" href=\"https:\/\/veraenderungsarchitekt.de\/coaching-mediation-beratung-berlin\/organisationsentwicklung-berlin\/\">Mehr erfahren<\/a><\/div>\n<\/div>\n\n<div class=\"et_pb_column_9 et_pb_column et_pb_column_1_3 et_block_column et_pb_css_mix_blend_mode_passthrough\">\n<div class=\"et_pb_image_3 et_pb_image et_pb_module et_block_module\"><span class=\"et_pb_image_wrap\"><img loading=\"lazy\" decoding=\"async\" src=\"https:\/\/veraenderungsarchitekt.de\/wp-content\/uploads\/2025\/09\/career-coach-illustration-07@2x-1.avif\" width=\"240\" height=\"400\" srcset=\"https:\/\/veraenderungsarchitekt.de\/wp-content\/uploads\/2025\/09\/career-coach-illustration-07@2x-1.avif 240w, https:\/\/veraenderungsarchitekt.de\/wp-content\/uploads\/2025\/09\/career-coach-illustration-07@2x-1-180x300.avif 180w\" sizes=\"(max-width: 240px) 100vw, 240px\" class=\"wp-image-154\" title=\"career-coach-illustration-07@2x\" alt=\"Mediation Trainings - Workshops zur konstruktiven Konfliktbearbeitung in Teams\" \/><\/span><\/div>\n\n<div class=\"et_pb_text_29 et_pb_text et_pb_bg_layout_light et_pb_module et_block_module preset--module--divi-text--af0c494a-57ff-4b64-b6da-12fe3c9dbf8e\"><div class=\"et_pb_text_inner\"><h4>Workshops &amp; Trainings<\/h4>\n<\/div><\/div>\n\n<div class=\"et_pb_module et_pb_button_module_wrapper et_pb_button_1_wrapper preset--module--divi-button--49a70ab4-bfb9-493f-b016-79d256711632_wrapper\"><a class=\"et_pb_button_1 et_pb_button et_pb_bg_layout_light et_pb_module et_block_module preset--module--divi-button--49a70ab4-bfb9-493f-b016-79d256711632\" href=\"https:\/\/veraenderungsarchitekt.de\/coaching-mediation-beratung-berlin\/workshops-trainings-berlin\/\">Mehr erfahren<\/a><\/div>\n<\/div>\n\n<div class=\"et_pb_column_10 et_pb_column et_pb_column_1_3 et-last-child et_block_column et_pb_css_mix_blend_mode_passthrough\">\n<div class=\"et_pb_image_4 et_pb_image et_pb_module et_block_module\"><span class=\"et_pb_image_wrap\"><img loading=\"lazy\" decoding=\"async\" src=\"https:\/\/veraenderungsarchitekt.de\/wp-content\/uploads\/2025\/09\/career-coach-illustration-orange-02@2x-1.avif\" width=\"240\" height=\"400\" srcset=\"https:\/\/veraenderungsarchitekt.de\/wp-content\/uploads\/2025\/09\/career-coach-illustration-orange-02@2x-1.avif 240w, https:\/\/veraenderungsarchitekt.de\/wp-content\/uploads\/2025\/09\/career-coach-illustration-orange-02@2x-1-180x300.avif 180w\" sizes=\"(max-width: 240px) 100vw, 240px\" class=\"wp-image-153\" title=\"career-coach-illustration-orange-02@2x\" alt=\"Coaching f\u00fcr F\u00fchrungskr\u00e4fte - Entwicklung von Konfliktl\u00f6sungskompetenzen\" \/><\/span><\/div>\n\n<div class=\"et_pb_text_30 et_pb_text et_pb_bg_layout_light et_pb_module et_block_module preset--module--divi-text--af0c494a-57ff-4b64-b6da-12fe3c9dbf8e\"><div class=\"et_pb_text_inner\"><h4>Coaching &amp; Empowerment<\/h4>\n<\/div><\/div>\n\n<div class=\"et_pb_module et_pb_button_module_wrapper et_pb_button_2_wrapper preset--module--divi-button--9fd9aee9-b4eb-4e0b-934d-4b43fced0a6d_wrapper\"><a class=\"et_pb_button_2 et_pb_button et_pb_bg_layout_light et_pb_module et_block_module preset--module--divi-button--9fd9aee9-b4eb-4e0b-934d-4b43fced0a6d\" href=\"https:\/\/veraenderungsarchitekt.de\/coaching-mediation-beratung-berlin\/coaching-berlin\/\">Mehr erfahren<\/a><\/div>\n<\/div>\n<\/div>\n<\/div>\n\n<div class=\"et_pb_section_5 et_pb_section et_section_regular et_block_section\">\n<div class=\"et_pb_row_5 et_pb_row et_pb_equal_columns et_block_row\">\n<div class=\"et_pb_column_11 et_pb_column et_pb_column_1_3 et_block_column et_pb_css_mix_blend_mode_passthrough et_pb_section_parallax\"><span class=\"et-pb-parallax-wrapper et-pb-parallax-hidden-phone\"><span class=\"et-pb-parallax-background et-pb-parallax-background-module--divi-column-11\" style=\"background-image:url(https:\/\/veraenderungsarchitekt.de\/wp-content\/uploads\/2025\/09\/Marci-Bonus-Pics_2.000px-lange-Kante_web-57.avif)\"><\/span><\/span>\n<div class=\"et_pb_divider_0 et_pb_divider_hidden et_pb_space et_pb_divider_position_top et_pb_module\"><div class=\"et_pb_divider_internal\"><\/div><\/div>\n<\/div>\n\n<div class=\"et_pb_column_12 et_pb_column et_pb_column_2_3 et-last-child et_block_column et_pb_css_mix_blend_mode_passthrough\">\n<div class=\"et_pb_text_31 et_pb_text et_pb_bg_layout_light et_pb_module et_block_module preset--module--divi-text--08ca74c7-faa4-49d5-8c3a-cfbed575c327\"><div class=\"et_pb_text_inner\"><h2><span>Bereit f\u00fcr Ver\u00e4nderung? Lass uns sprechen<\/span><\/h2>\n<\/div><\/div>\n\n<div class=\"et_pb_contact_form_0 et_pb_contact_form_container clearfix et_pb_recaptcha_enabled et_pb_module et_flex_module\" data-form_unique_num=\"0\" data-form_unique_id=\"3b9ff40e-5f34-4f1e-8605-88cf2b55a7ef\" id=\"et_pb_contact_form_3b9ff40e-5f34-4f1e-8605-88cf2b55a7ef\"><div class=\"et-pb-contact-message\"><\/div><div class=\"et_pb_contact\"><form class=\"et_pb_contact_form et_flex_module\" method=\"post\" action=\"https:\/\/veraenderungsarchitekt.de\/coaching-mediation-beratung-berlin\/wp-json\/wp\/v2\/pages\/440\">\n<div class=\"et_pb_contact_field_0 et_pb_contact_field et_pb_module et_flex_module et_flex_column_24_24 et_flex_column_24_24_tablet et_flex_column_24_24_phone\" data-id=\"name\" data-type=\"input\"><label class=\"et_pb_contact_form_label\" for=\"et_pb_contact_0_name_0\">Name<\/label><input type=\"text\" name=\"et_pb_contact_0_name_0\" id=\"et_pb_contact_0_name_0\" class=\"input\" data-required_mark=\"required\" data-field_type=\"input\" data-original_id=\"name\" placeholder=\"Name\" title=\"\" value=\"\" \/><\/div>\n\n<div class=\"et_pb_contact_field_1 et_pb_contact_field et_pb_module et_flex_module et_flex_column_24_24 et_flex_column_24_24_tablet et_flex_column_24_24_phone\" data-id=\"email\" data-type=\"email\"><label class=\"et_pb_contact_form_label\" for=\"et_pb_contact_0_email_1\">Email Addresse<\/label><input type=\"text\" name=\"et_pb_contact_0_email_1\" id=\"et_pb_contact_0_email_1\" class=\"input\" data-required_mark=\"required\" data-field_type=\"email\" data-original_id=\"email\" placeholder=\"Email Addresse\" title=\"\" value=\"\" \/><\/div>\n\n<div class=\"et_pb_contact_field_2 et_pb_contact_field et_pb_module et_flex_module et_flex_column_24_24 et_flex_column_24_24_tablet et_flex_column_24_24_phone\" data-id=\"phone\" data-type=\"input\"><label class=\"et_pb_contact_form_label\" for=\"et_pb_contact_0_phone_2\" data-et-mv-hidden-phone=\"true\">Telefonnummer f\u00fcr R\u00fcckfragen<\/label><input type=\"text\" name=\"et_pb_contact_0_phone_2\" id=\"et_pb_contact_0_phone_2\" class=\"input\" data-required_mark=\"required\" data-field_type=\"input\" data-original_id=\"phone\" placeholder=\"Telefonnummer f\u00fcr R\u00fcckfragen\" title=\"\" value=\"\" \/><\/div>\n\n<div class=\"et_pb_contact_field_3 et_pb_contact_field et_pb_module et_flex_module et_flex_column_24_24 et_flex_column_24_24_tablet et_flex_column_24_24_phone\" data-id=\"message\" data-type=\"text\"><label class=\"et_pb_contact_form_label\" for=\"et_pb_contact_0_message_3\">Nachricht<\/label><textarea name=\"et_pb_contact_0_message_3\" id=\"et_pb_contact_0_message_3\" class=\"et_pb_contact_message input\" data-required_mark=\"required\" data-field_type=\"text\" data-original_id=\"message\" placeholder=\"Nachricht\"><\/textarea><\/div>\n<input type=\"hidden\" name=\"et_pb_contactform_submit_3b9ff40e-5f34-4f1e-8605-88cf2b55a7ef\" value=\"et_contact_proccess\" \/><div class=\"et_contact_bottom_container\"><div class=\"et_pb_button_wrapper\"><button type=\"submit\" name=\"et_builder_submit_button\" class=\"et_pb_button et_pb_contact_submit\">Absenden<\/button><\/div><\/div><input type=\"hidden\" id=\"_wpnonce-et-pb-contact-form-submitted-3b9ff40e-5f34-4f1e-8605-88cf2b55a7ef\" name=\"_wpnonce-et-pb-contact-form-submitted-3b9ff40e-5f34-4f1e-8605-88cf2b55a7ef\" value=\"adf7703a60\" \/><input type=\"hidden\" name=\"_wp_http_referer\" value=\"\/coaching-mediation-beratung-berlin\/wp-json\/wp\/v2\/pages\/440\" \/><\/form><\/div><\/div>\n\n<div class=\"et_pb_module et_pb_button_module_wrapper et_pb_button_3_wrapper preset--module--divi-button--ef98e337-0947-484b-9750-6d3202769835_wrapper\"><a class=\"et_pb_button_3 et_pb_button et_pb_bg_layout_light et_pb_module et_block_module preset--module--divi-button--ef98e337-0947-484b-9750-6d3202769835\" href=\"https:\/\/zeeg.me\/marcelweber\/30min\" target=\"_blank\">30 min. kostenfrei<\/a><\/div>\n<\/div>\n<\/div>\n<\/div>\n\n<div class=\"et_pb_section_6 et_pb_section et_section_regular et_block_section\">\n<div class=\"et_pb_row_6 et_pb_row et_block_row\">\n<div class=\"et_pb_column_13 et_pb_column et_pb_column_1_3 et_block_column et_pb_css_mix_blend_mode_passthrough\">\n<div class=\"et_pb_text_32 et_pb_text et_pb_bg_layout_light et_pb_module et_block_module preset--module--divi-text--d9656736-106e-433d-92a0-3513c52df5d4\"><div class=\"et_pb_text_inner\"><h6>Email<\/h6>\n<\/div><\/div>\n\n<div class=\"et_pb_text_33 et_pb_text et_pb_bg_layout_light et_pb_module et_block_module preset--module--divi-text--2a32efeb-110d-4812-8cc1-80c3d99e8803\"><div class=\"et_pb_text_inner\"><h5><a href=\"mailto:hallo@veraenderungsarchitekt.de\">hallo@veraenderungsarchitekt.de<\/a><\/h5>\n<\/div><\/div>\n\n<div class=\"et_pb_text_34 et_pb_text et_pb_bg_layout_light et_pb_module et_block_module preset--module--divi-text--d9656736-106e-433d-92a0-3513c52df5d4\"><div class=\"et_pb_text_inner\"><h6>Telefon<\/h6>\n<\/div><\/div>\n\n<div class=\"et_pb_text_35 et_pb_text et_pb_bg_layout_light et_pb_module et_block_module preset--module--divi-text--8f17ddf6-94f5-4f4c-b8f4-4c9f813f7505\"><div class=\"et_pb_text_inner\"><p><span>(030) 48 49 38 91<\/span><\/p>\n<\/div><\/div>\n\n<div class=\"et_pb_text_36 et_pb_text et_pb_bg_layout_light et_pb_module et_block_module preset--module--divi-text--d9656736-106e-433d-92a0-3513c52df5d4\"><div class=\"et_pb_text_inner\"><h6>Adresse<\/h6>\n<\/div><\/div>\n\n<div class=\"et_pb_text_37 et_pb_text et_pb_bg_layout_light et_pb_module et_block_module preset--module--divi-text--8f17ddf6-94f5-4f4c-b8f4-4c9f813f7505\"><div class=\"et_pb_text_inner\"><p>Prenzlauer Allee 217<br \/>10405 Berlin<\/p>\n<\/div><\/div>\n<\/div>\n\n<div class=\"et_pb_column_14 et_pb_column et_pb_column_1_3 et_block_column et_pb_css_mix_blend_mode_passthrough\">\n<div class=\"et_pb_text_38 et_pb_text et_pb_bg_layout_light et_pb_module et_block_module preset--module--divi-text--d9656736-106e-433d-92a0-3513c52df5d4\"><div class=\"et_pb_text_inner\"><h6>Follow<\/h6>\n<\/div><\/div>\n\n<div class=\"et_pb_text_39 et_pb_text et_pb_bg_layout_light et_pb_module et_block_module preset--module--divi-text--3c83b4a0-00a3-4a9c-abe5-583e64d9b151\"><div class=\"et_pb_text_inner\"><h3><a href=\"https:\/\/www.linkedin.com\/in\/marcel-weber-berlin\/\" target=\"_blank\" rel=\"noopener\">LinkedIn<\/a><\/h3>\n<\/div><\/div>\n\n<div class=\"et_pb_text_40 et_pb_text et_pb_bg_layout_light et_pb_module et_block_module preset--module--divi-text--3c83b4a0-00a3-4a9c-abe5-583e64d9b151\"><div class=\"et_pb_text_inner\"><h3><a href=\"https:\/\/www.instagram.com\/veraenderungsarchitekt\/\" target=\"_blank\" rel=\"noopener\">Instagram<\/a><\/h3>\n<\/div><\/div>\n\n<div class=\"et_pb_text_41 et_pb_text et_pb_bg_layout_light et_pb_module et_block_module preset--module--divi-text--3c83b4a0-00a3-4a9c-abe5-583e64d9b151\"><div class=\"et_pb_text_inner\"><h3><a href=\"https:\/\/www.tiktok.com\/@veraenderungsarchitekt\" target=\"_blank\" rel=\"noopener\">TikTok<\/a><\/h3>\n<\/div><\/div>\n<\/div>\n\n<div class=\"et_pb_column_15 et_pb_column et_pb_column_1_3 et-last-child et_block_column et_pb_css_mix_blend_mode_passthrough\">\n<div class=\"et_pb_text_42 et_pb_text et_pb_bg_layout_light et_pb_module et_block_module preset--module--divi-text--d9656736-106e-433d-92a0-3513c52df5d4\"><div class=\"et_pb_text_inner\"><h6>Angebote<\/h6>\n<\/div><\/div>\n\n<div class=\"et_pb_text_43 et_pb_text et_pb_bg_layout_light et_clickable et_pb_module et_block_module preset--module--divi-text--2a32efeb-110d-4812-8cc1-80c3d99e8803\"><div class=\"et_pb_text_inner\"><h5>Change &amp; Transformationsberatung<\/h5>\n<\/div><\/div>\n\n<div class=\"et_pb_text_44 et_pb_text et_pb_bg_layout_light et_clickable et_pb_module et_block_module preset--module--divi-text--2a32efeb-110d-4812-8cc1-80c3d99e8803\"><div class=\"et_pb_text_inner\"><h5>Coaching &amp; Empowerment<\/h5>\n<\/div><\/div>\n\n<div class=\"et_pb_text_45 et_pb_text et_pb_bg_layout_light et_clickable et_pb_module et_block_module preset--module--divi-text--2a32efeb-110d-4812-8cc1-80c3d99e8803\"><div class=\"et_pb_text_inner\"><h5>Konfliktmediation<\/h5>\n<\/div><\/div>\n\n<div class=\"et_pb_text_46 et_pb_text et_pb_bg_layout_light et_clickable et_pb_module et_block_module preset--module--divi-text--2a32efeb-110d-4812-8cc1-80c3d99e8803\"><div class=\"et_pb_text_inner\"><h5>Workshops &amp; Trainings<\/h5>\n<\/div><\/div>\n<\/div>\n<\/div>\n\n<div class=\"et_pb_row_7 et_pb_row et_block_row\">\n<div class=\"et_pb_column_16 et_pb_column et_pb_column_4_4 et-last-child et_block_column et_pb_css_mix_blend_mode_passthrough\">\n<div class=\"et_pb_text_47 et_pb_text et_pb_bg_layout_light et_pb_module et_block_module preset--module--divi-text--23b0fde7-8c55-498c-ba00-38774ee48a86\"><div class=\"et_pb_text_inner\"><p>Copyright &copy; 2026 Marcel Weber - Ver\u00e4nderungsarchitekt<\/p>\n<\/div><\/div>\n<\/div>\n<\/div>\n<\/div>","protected":false},"excerpt":{"rendered":"","protected":false},"author":1,"featured_media":0,"parent":0,"menu_order":0,"comment_status":"closed","ping_status":"closed","template":"","meta":{"footnotes":""},"class_list":["post-440","page","type-page","status-publish","hentry"],"yoast_head":"<!-- This site is optimized with the Yoast SEO plugin v27.4 - https:\/\/yoast.com\/product\/yoast-seo-wordpress\/ -->\n<title>Mediation Berlin | Konflikte l\u00f6sen statt verwalten<\/title>\n<meta name=\"description\" content=\"Mediation in Berlin f\u00fcr Teams und Kulturbetriebe: Wenn Diskussionen festgefahren sind. Diversit\u00e4tsbewusst, systemisch, praxisnah.\" \/>\n<meta name=\"robots\" content=\"index, follow, max-snippet:-1, max-image-preview:large, max-video-preview:-1\" \/>\n<link rel=\"canonical\" href=\"https:\/\/veraenderungsarchitekt.de\/coaching-mediation-beratung-berlin\/mediation-berlin\/\" \/>\n<meta property=\"og:locale\" content=\"de_DE\" \/>\n<meta property=\"og:type\" content=\"article\" \/>\n<meta property=\"og:title\" content=\"Mediation Berlin | Konflikte l\u00f6sen statt verwalten\" \/>\n<meta property=\"og:description\" content=\"Mediation in Berlin f\u00fcr Teams und Kulturbetriebe: Wenn Diskussionen festgefahren sind. Diversit\u00e4tsbewusst, systemisch, praxisnah.\" \/>\n<meta property=\"og:url\" content=\"https:\/\/veraenderungsarchitekt.de\/coaching-mediation-beratung-berlin\/mediation-berlin\/\" \/>\n<meta property=\"og:site_name\" content=\"Marcel Weber - Ver\u00e4nderungsarchitekt\" \/>\n<meta property=\"article:modified_time\" content=\"2026-04-19T10:02:50+00:00\" \/>\n<meta property=\"og:image\" content=\"https:\/\/veraenderungsarchitekt.de\/wp-content\/uploads\/2025\/10\/coaching-mediation-beratung-berlin-social-1.png\" \/>\n\t<meta property=\"og:image:width\" content=\"1200\" \/>\n\t<meta property=\"og:image:height\" content=\"630\" \/>\n\t<meta property=\"og:image:type\" content=\"image\/png\" \/>\n<meta name=\"twitter:card\" content=\"summary_large_image\" \/>\n<meta name=\"twitter:label1\" content=\"Gesch\u00e4tzte Lesezeit\" \/>\n\t<meta name=\"twitter:data1\" content=\"4\u00a0Minuten\" \/>\n<script type=\"application\/ld+json\" class=\"yoast-schema-graph\">{\"@context\":\"https:\\\/\\\/schema.org\",\"@graph\":[{\"@type\":\"WebPage\",\"@id\":\"https:\\\/\\\/veraenderungsarchitekt.de\\\/coaching-mediation-beratung-berlin\\\/mediation-berlin\\\/\",\"url\":\"https:\\\/\\\/veraenderungsarchitekt.de\\\/coaching-mediation-beratung-berlin\\\/mediation-berlin\\\/\",\"name\":\"Mediation Berlin | Konflikte l\u00f6sen statt verwalten\",\"isPartOf\":{\"@id\":\"https:\\\/\\\/veraenderungsarchitekt.de\\\/coaching-mediation-beratung-berlin\\\/#website\"},\"datePublished\":\"2025-10-04T12:44:27+00:00\",\"dateModified\":\"2026-04-19T10:02:50+00:00\",\"description\":\"Mediation in Berlin f\u00fcr Teams und Kulturbetriebe: Wenn Diskussionen festgefahren sind. Diversit\u00e4tsbewusst, systemisch, praxisnah.\",\"breadcrumb\":{\"@id\":\"https:\\\/\\\/veraenderungsarchitekt.de\\\/coaching-mediation-beratung-berlin\\\/mediation-berlin\\\/#breadcrumb\"},\"inLanguage\":\"de\",\"potentialAction\":[{\"@type\":\"ReadAction\",\"target\":[\"https:\\\/\\\/veraenderungsarchitekt.de\\\/coaching-mediation-beratung-berlin\\\/mediation-berlin\\\/\"]}]},{\"@type\":\"BreadcrumbList\",\"@id\":\"https:\\\/\\\/veraenderungsarchitekt.de\\\/coaching-mediation-beratung-berlin\\\/mediation-berlin\\\/#breadcrumb\",\"itemListElement\":[{\"@type\":\"ListItem\",\"position\":1,\"name\":\"Startseite\",\"item\":\"https:\\\/\\\/veraenderungsarchitekt.de\\\/coaching-mediation-beratung-berlin\\\/\"},{\"@type\":\"ListItem\",\"position\":2,\"name\":\"Mediation Berlin\"}]},{\"@type\":\"WebSite\",\"@id\":\"https:\\\/\\\/veraenderungsarchitekt.de\\\/coaching-mediation-beratung-berlin\\\/#website\",\"url\":\"https:\\\/\\\/veraenderungsarchitekt.de\\\/coaching-mediation-beratung-berlin\\\/\",\"name\":\"Marcel Weber - Ver\u00e4nderungsarchitekt\",\"description\":\"Coaching, Mediation, Beratung, Workshops &amp; Trainings in Berlin\",\"publisher\":{\"@id\":\"https:\\\/\\\/veraenderungsarchitekt.de\\\/coaching-mediation-beratung-berlin\\\/#organization\"},\"alternateName\":\"Ver\u00e4nderungsarchitekt\",\"potentialAction\":[{\"@type\":\"SearchAction\",\"target\":{\"@type\":\"EntryPoint\",\"urlTemplate\":\"https:\\\/\\\/veraenderungsarchitekt.de\\\/coaching-mediation-beratung-berlin\\\/?s={search_term_string}\"},\"query-input\":{\"@type\":\"PropertyValueSpecification\",\"valueRequired\":true,\"valueName\":\"search_term_string\"}}],\"inLanguage\":\"de\"},{\"@type\":\"Organization\",\"@id\":\"https:\\\/\\\/veraenderungsarchitekt.de\\\/coaching-mediation-beratung-berlin\\\/#organization\",\"name\":\"Marcel Weber - Ver\u00e4nderungsarchitekt\",\"url\":\"https:\\\/\\\/veraenderungsarchitekt.de\\\/coaching-mediation-beratung-berlin\\\/\",\"logo\":{\"@type\":\"ImageObject\",\"inLanguage\":\"de\",\"@id\":\"https:\\\/\\\/veraenderungsarchitekt.de\\\/coaching-mediation-beratung-berlin\\\/#\\\/schema\\\/logo\\\/image\\\/\",\"url\":\"https:\\\/\\\/veraenderungsarchitekt.de\\\/wp-content\\\/uploads\\\/2025\\\/09\\\/logo_web.avif\",\"contentUrl\":\"https:\\\/\\\/veraenderungsarchitekt.de\\\/wp-content\\\/uploads\\\/2025\\\/09\\\/logo_web.avif\",\"width\":512,\"height\":512,\"caption\":\"Marcel Weber - Ver\u00e4nderungsarchitekt\"},\"image\":{\"@id\":\"https:\\\/\\\/veraenderungsarchitekt.de\\\/coaching-mediation-beratung-berlin\\\/#\\\/schema\\\/logo\\\/image\\\/\"},\"sameAs\":[\"https:\\\/\\\/www.linkedin.com\\\/in\\\/marcel-weber-berlin\\\/\",\"https:\\\/\\\/www.instagram.com\\\/veraenderungsarchitekt\\\/\",\"https:\\\/\\\/www.tiktok.com\\\/@veraenderungsarchitekt\"]}]}<\/script>\n<!-- \/ Yoast SEO plugin. -->","yoast_head_json":{"title":"Mediation Berlin | Konflikte l\u00f6sen statt verwalten","description":"Mediation in Berlin f\u00fcr Teams und Kulturbetriebe: Wenn Diskussionen festgefahren sind. Diversit\u00e4tsbewusst, systemisch, praxisnah.","robots":{"index":"index","follow":"follow","max-snippet":"max-snippet:-1","max-image-preview":"max-image-preview:large","max-video-preview":"max-video-preview:-1"},"canonical":"https:\/\/veraenderungsarchitekt.de\/coaching-mediation-beratung-berlin\/mediation-berlin\/","og_locale":"de_DE","og_type":"article","og_title":"Mediation Berlin | Konflikte l\u00f6sen statt verwalten","og_description":"Mediation in Berlin f\u00fcr Teams und Kulturbetriebe: Wenn Diskussionen festgefahren sind. Diversit\u00e4tsbewusst, systemisch, praxisnah.","og_url":"https:\/\/veraenderungsarchitekt.de\/coaching-mediation-beratung-berlin\/mediation-berlin\/","og_site_name":"Marcel Weber - Ver\u00e4nderungsarchitekt","article_modified_time":"2026-04-19T10:02:50+00:00","og_image":[{"width":1200,"height":630,"url":"https:\/\/veraenderungsarchitekt.de\/wp-content\/uploads\/2025\/10\/coaching-mediation-beratung-berlin-social-1.png","type":"image\/png"}],"twitter_card":"summary_large_image","twitter_misc":{"Gesch\u00e4tzte Lesezeit":"4\u00a0Minuten"},"schema":{"@context":"https:\/\/schema.org","@graph":[{"@type":"WebPage","@id":"https:\/\/veraenderungsarchitekt.de\/coaching-mediation-beratung-berlin\/mediation-berlin\/","url":"https:\/\/veraenderungsarchitekt.de\/coaching-mediation-beratung-berlin\/mediation-berlin\/","name":"Mediation Berlin | Konflikte l\u00f6sen statt verwalten","isPartOf":{"@id":"https:\/\/veraenderungsarchitekt.de\/coaching-mediation-beratung-berlin\/#website"},"datePublished":"2025-10-04T12:44:27+00:00","dateModified":"2026-04-19T10:02:50+00:00","description":"Mediation in Berlin f\u00fcr Teams und Kulturbetriebe: Wenn Diskussionen festgefahren sind. Diversit\u00e4tsbewusst, systemisch, praxisnah.","breadcrumb":{"@id":"https:\/\/veraenderungsarchitekt.de\/coaching-mediation-beratung-berlin\/mediation-berlin\/#breadcrumb"},"inLanguage":"de","potentialAction":[{"@type":"ReadAction","target":["https:\/\/veraenderungsarchitekt.de\/coaching-mediation-beratung-berlin\/mediation-berlin\/"]}]},{"@type":"BreadcrumbList","@id":"https:\/\/veraenderungsarchitekt.de\/coaching-mediation-beratung-berlin\/mediation-berlin\/#breadcrumb","itemListElement":[{"@type":"ListItem","position":1,"name":"Startseite","item":"https:\/\/veraenderungsarchitekt.de\/coaching-mediation-beratung-berlin\/"},{"@type":"ListItem","position":2,"name":"Mediation Berlin"}]},{"@type":"WebSite","@id":"https:\/\/veraenderungsarchitekt.de\/coaching-mediation-beratung-berlin\/#website","url":"https:\/\/veraenderungsarchitekt.de\/coaching-mediation-beratung-berlin\/","name":"Marcel Weber - Ver\u00e4nderungsarchitekt","description":"Coaching, Mediation, Beratung, Workshops &amp; Trainings in Berlin","publisher":{"@id":"https:\/\/veraenderungsarchitekt.de\/coaching-mediation-beratung-berlin\/#organization"},"alternateName":"Ver\u00e4nderungsarchitekt","potentialAction":[{"@type":"SearchAction","target":{"@type":"EntryPoint","urlTemplate":"https:\/\/veraenderungsarchitekt.de\/coaching-mediation-beratung-berlin\/?s={search_term_string}"},"query-input":{"@type":"PropertyValueSpecification","valueRequired":true,"valueName":"search_term_string"}}],"inLanguage":"de"},{"@type":"Organization","@id":"https:\/\/veraenderungsarchitekt.de\/coaching-mediation-beratung-berlin\/#organization","name":"Marcel Weber - Ver\u00e4nderungsarchitekt","url":"https:\/\/veraenderungsarchitekt.de\/coaching-mediation-beratung-berlin\/","logo":{"@type":"ImageObject","inLanguage":"de","@id":"https:\/\/veraenderungsarchitekt.de\/coaching-mediation-beratung-berlin\/#\/schema\/logo\/image\/","url":"https:\/\/veraenderungsarchitekt.de\/wp-content\/uploads\/2025\/09\/logo_web.avif","contentUrl":"https:\/\/veraenderungsarchitekt.de\/wp-content\/uploads\/2025\/09\/logo_web.avif","width":512,"height":512,"caption":"Marcel Weber - Ver\u00e4nderungsarchitekt"},"image":{"@id":"https:\/\/veraenderungsarchitekt.de\/coaching-mediation-beratung-berlin\/#\/schema\/logo\/image\/"},"sameAs":["https:\/\/www.linkedin.com\/in\/marcel-weber-berlin\/","https:\/\/www.instagram.com\/veraenderungsarchitekt\/","https:\/\/www.tiktok.com\/@veraenderungsarchitekt"]}]}},"_links":{"self":[{"href":"https:\/\/veraenderungsarchitekt.de\/coaching-mediation-beratung-berlin\/wp-json\/wp\/v2\/pages\/440","targetHints":{"allow":["GET"]}}],"collection":[{"href":"https:\/\/veraenderungsarchitekt.de\/coaching-mediation-beratung-berlin\/wp-json\/wp\/v2\/pages"}],"about":[{"href":"https:\/\/veraenderungsarchitekt.de\/coaching-mediation-beratung-berlin\/wp-json\/wp\/v2\/types\/page"}],"author":[{"embeddable":true,"href":"https:\/\/veraenderungsarchitekt.de\/coaching-mediation-beratung-berlin\/wp-json\/wp\/v2\/users\/1"}],"replies":[{"embeddable":true,"href":"https:\/\/veraenderungsarchitekt.de\/coaching-mediation-beratung-berlin\/wp-json\/wp\/v2\/comments?post=440"}],"version-history":[{"count":10,"href":"https:\/\/veraenderungsarchitekt.de\/coaching-mediation-beratung-berlin\/wp-json\/wp\/v2\/pages\/440\/revisions"}],"predecessor-version":[{"id":885,"href":"https:\/\/veraenderungsarchitekt.de\/coaching-mediation-beratung-berlin\/wp-json\/wp\/v2\/pages\/440\/revisions\/885"}],"wp:attachment":[{"href":"https:\/\/veraenderungsarchitekt.de\/coaching-mediation-beratung-berlin\/wp-json\/wp\/v2\/media?parent=440"}],"curies":[{"name":"wp","href":"https:\/\/api.w.org\/{rel}","templated":true}]}}