{"id":221,"date":"2026-03-28T19:52:06","date_gmt":"2026-03-28T19:52:06","guid":{"rendered":"https:\/\/veraenderungsarchitekt.de\/coacing-mediation-beratung-berlin\/?page_id=221"},"modified":"2026-04-19T12:04:56","modified_gmt":"2026-04-19T10:04:56","slug":"impressum","status":"publish","type":"page","link":"https:\/\/veraenderungsarchitekt.de\/coaching-mediation-beratung-berlin\/impressum\/","title":{"rendered":"Impressum"},"content":{"rendered":"<div class=\"et_pb_section_0 et_pb_section et_section_regular et_block_section\">\n<div class=\"et_pb_row_0 et_pb_row et_block_row\">\n<div class=\"et_pb_column_0 et_pb_column et_pb_column_4_4 et-last-child et_block_column et_pb_css_mix_blend_mode_passthrough\">\n<div class=\"et_pb_text_0 et_pb_text et_pb_bg_layout_light et_pb_module et_block_module preset--module--divi-text--ada26343-ef08-42f7-9b12-e4692a4c7f90\"><div class=\"et_pb_text_inner\"><h1>Impressum<\/h1>\n<\/div><\/div>\n<\/div>\n<\/div>\n<\/div>\n\n<div class=\"et_pb_section_1 et_pb_section et_section_regular et_block_section\">\n<div class=\"et_pb_row_1 et_pb_row et_block_row\">\n<div class=\"et_pb_column_1 et_pb_column et_pb_column_4_4 et-last-child et_block_column et_pb_css_mix_blend_mode_passthrough\">\n<div class=\"et_pb_text_1 et_pb_text et_pb_bg_layout_light et_pb_module et_block_module\"><div class=\"et_pb_text_inner\"><div  class=\"agb_content agb_imprint  notranslate\"><div>Marcel Weber<br \/>\nPrenzlauer Allee 217<br \/>\n10405 Berlin<br \/>\nDeutschland<br \/>\n<br \/>\nTel.: 03048493891<br \/>\nE-Mail: hallo@veraenderungsarchitekt.de<br \/>\n<br \/>\nUmsatzsteuer-Identifikationsnummer: DE418977480<br \/>\n<br \/>\nWir sind zur Teilnahme an einem Streitbeilegungsverfahren vor einer Verbraucherschlichtungsstelle weder verpflichtet noch bereit.<br \/>\n<br \/>\nFotos: &copy;\ufe0f Michael Geipel <a target=\"_blank\" href=\"https:\/\/www.michaelgeipel.de\/\">https:\/\/www.michaelgeipel.de\/<\/a><\/div><div id=\"itkanzlei_txt_copyright\" style=\"font-size: 12px; margin-top: 8em;\"><div style=\"display: inline-block; vertical-align: top; margin-left: 5px; float: right; white-space: nowrap;\">Stand: 21.04.2026, 12:22:28<\/div><div style=\"clear: right;\"><\/div><\/div><\/div>\n<\/div><\/div>\n<\/div>\n<\/div>\n<\/div>\n\n<div class=\"et_pb_section_2 et_pb_section et_section_regular et_block_section\">\n<div class=\"et_pb_row_2 et_pb_row et_block_row\">\n<div class=\"et_pb_column_2 et_pb_column et_pb_column_1_3 et_block_column et_pb_css_mix_blend_mode_passthrough\">\n<div class=\"et_pb_text_2 et_pb_text et_pb_bg_layout_light et_pb_module et_block_module preset--module--divi-text--d9656736-106e-433d-92a0-3513c52df5d4\"><div class=\"et_pb_text_inner\"><h6>Email<\/h6>\n<\/div><\/div>\n\n<div class=\"et_pb_text_3 et_pb_text et_pb_bg_layout_light et_pb_module et_block_module preset--module--divi-text--2a32efeb-110d-4812-8cc1-80c3d99e8803\"><div class=\"et_pb_text_inner\"><h5><a href=\"mailto:hallo@veraenderungsarchitekt.de\">hallo@veraenderungsarchitekt.de<\/a><\/h5>\n<\/div><\/div>\n\n<div class=\"et_pb_text_4 et_pb_text et_pb_bg_layout_light et_pb_module et_block_module preset--module--divi-text--d9656736-106e-433d-92a0-3513c52df5d4\"><div class=\"et_pb_text_inner\"><h6>Telefon<\/h6>\n<\/div><\/div>\n\n<div class=\"et_pb_text_5 et_pb_text et_pb_bg_layout_light et_pb_module et_block_module preset--module--divi-text--8f17ddf6-94f5-4f4c-b8f4-4c9f813f7505\"><div class=\"et_pb_text_inner\"><p><span>(030) 48 49 38 91<\/span><\/p>\n<\/div><\/div>\n\n<div class=\"et_pb_text_6 et_pb_text et_pb_bg_layout_light et_pb_module et_block_module preset--module--divi-text--d9656736-106e-433d-92a0-3513c52df5d4\"><div class=\"et_pb_text_inner\"><h6>Adresse<\/h6>\n<\/div><\/div>\n\n<div class=\"et_pb_text_7 et_pb_text et_pb_bg_layout_light et_pb_module et_block_module preset--module--divi-text--8f17ddf6-94f5-4f4c-b8f4-4c9f813f7505\"><div class=\"et_pb_text_inner\"><p>Prenzlauer Allee 217<br \/>10405 Berlin<\/p>\n<\/div><\/div>\n<\/div>\n\n<div class=\"et_pb_column_3 et_pb_column et_pb_column_1_3 et_block_column et_pb_css_mix_blend_mode_passthrough\">\n<div class=\"et_pb_text_8 et_pb_text et_pb_bg_layout_light et_pb_module et_block_module preset--module--divi-text--d9656736-106e-433d-92a0-3513c52df5d4\"><div class=\"et_pb_text_inner\"><h6>Follow<\/h6>\n<\/div><\/div>\n\n<div class=\"et_pb_text_9 et_pb_text et_pb_bg_layout_light et_pb_module et_block_module preset--module--divi-text--3c83b4a0-00a3-4a9c-abe5-583e64d9b151\"><div class=\"et_pb_text_inner\"><h3><a href=\"https:\/\/www.linkedin.com\/in\/marcel-weber-berlin\/\" target=\"_blank\" rel=\"noopener\">LinkedIn<\/a><\/h3>\n<\/div><\/div>\n\n<div class=\"et_pb_text_10 et_pb_text et_pb_bg_layout_light et_pb_module et_block_module preset--module--divi-text--3c83b4a0-00a3-4a9c-abe5-583e64d9b151\"><div class=\"et_pb_text_inner\"><h3><a href=\"https:\/\/www.instagram.com\/veraenderungsarchitekt\/\" target=\"_blank\" rel=\"noopener\">Instagram<\/a><\/h3>\n<\/div><\/div>\n\n<div class=\"et_pb_text_11 et_pb_text et_pb_bg_layout_light et_pb_module et_block_module preset--module--divi-text--3c83b4a0-00a3-4a9c-abe5-583e64d9b151\"><div class=\"et_pb_text_inner\"><h3><a href=\"https:\/\/www.tiktok.com\/@veraenderungsarchitekt\" target=\"_blank\" rel=\"noopener\">TikTok<\/a><\/h3>\n<\/div><\/div>\n<\/div>\n\n<div class=\"et_pb_column_4 et_pb_column et_pb_column_1_3 et-last-child et_block_column et_pb_css_mix_blend_mode_passthrough\">\n<div class=\"et_pb_text_12 et_pb_text et_pb_bg_layout_light et_pb_module et_block_module preset--module--divi-text--d9656736-106e-433d-92a0-3513c52df5d4\"><div class=\"et_pb_text_inner\"><h6>Angebote<\/h6>\n<\/div><\/div>\n\n<div class=\"et_pb_text_13 et_pb_text et_pb_bg_layout_light et_clickable et_pb_module et_block_module preset--module--divi-text--2a32efeb-110d-4812-8cc1-80c3d99e8803\"><div class=\"et_pb_text_inner\"><h5>Change &amp; Transformationsberatung<\/h5>\n<\/div><\/div>\n\n<div class=\"et_pb_text_14 et_pb_text et_pb_bg_layout_light et_clickable et_pb_module et_block_module preset--module--divi-text--2a32efeb-110d-4812-8cc1-80c3d99e8803\"><div class=\"et_pb_text_inner\"><h5>Coaching &amp; Empowerment<\/h5>\n<\/div><\/div>\n\n<div class=\"et_pb_text_15 et_pb_text et_pb_bg_layout_light et_clickable et_pb_module et_block_module preset--module--divi-text--2a32efeb-110d-4812-8cc1-80c3d99e8803\"><div class=\"et_pb_text_inner\"><h5>Konfliktmediation<\/h5>\n<\/div><\/div>\n\n<div class=\"et_pb_text_16 et_pb_text et_pb_bg_layout_light et_clickable et_pb_module et_block_module preset--module--divi-text--2a32efeb-110d-4812-8cc1-80c3d99e8803\"><div class=\"et_pb_text_inner\"><h5>Workshops &amp; Trainings<\/h5>\n<\/div><\/div>\n<\/div>\n<\/div>\n\n<div class=\"et_pb_row_3 et_pb_row et_block_row\">\n<div class=\"et_pb_column_5 et_pb_column et_pb_column_4_4 et-last-child et_block_column et_pb_css_mix_blend_mode_passthrough\">\n<div class=\"et_pb_text_17 et_pb_text et_pb_bg_layout_light et_pb_module et_block_module preset--module--divi-text--562d9884-71a4-4432-a521-8a83ae3136b4\"><div class=\"et_pb_text_inner\"><p>Copyright &copy; 2026 Marcel Weber - Ver\u00e4nderungsarchitekt<\/p>\n<\/div><\/div>\n<\/div>\n<\/div>\n<\/div>","protected":false},"excerpt":{"rendered":"","protected":false},"author":1,"featured_media":0,"parent":0,"menu_order":0,"comment_status":"closed","ping_status":"closed","template":"","meta":{"footnotes":""},"class_list":["post-221","page","type-page","status-publish","hentry"],"yoast_head":"<!-- This site is optimized with the Yoast SEO plugin v27.4 - https:\/\/yoast.com\/product\/yoast-seo-wordpress\/ -->\n<title>Impressum f\u00fcr Marcel Weber - Ver\u00e4nderungsarchitekt Berlin<\/title>\n<meta name=\"description\" content=\"Impressum: Marcel Weber \u2013 Ver\u00e4nderungsarchitekt in Berlin. Kontaktdaten und rechtliche Angaben gem\u00e4\u00df \u00a7 5 TMG.\" \/>\n<meta name=\"robots\" content=\"index, follow, max-snippet:-1, max-image-preview:large, max-video-preview:-1\" \/>\n<link rel=\"canonical\" href=\"https:\/\/veraenderungsarchitekt.de\/coaching-mediation-beratung-berlin\/impressum\/\" \/>\n<meta property=\"og:locale\" content=\"de_DE\" \/>\n<meta property=\"og:type\" content=\"article\" \/>\n<meta property=\"og:title\" content=\"Impressum f\u00fcr Marcel Weber - Ver\u00e4nderungsarchitekt Berlin\" \/>\n<meta property=\"og:description\" content=\"Impressum: Marcel Weber \u2013 Ver\u00e4nderungsarchitekt in Berlin. Kontaktdaten und rechtliche Angaben gem\u00e4\u00df \u00a7 5 TMG.\" \/>\n<meta property=\"og:url\" content=\"https:\/\/veraenderungsarchitekt.de\/coaching-mediation-beratung-berlin\/impressum\/\" \/>\n<meta property=\"og:site_name\" content=\"Marcel Weber - Ver\u00e4nderungsarchitekt\" \/>\n<meta property=\"article:modified_time\" content=\"2026-04-19T10:04:56+00:00\" \/>\n<meta property=\"og:image\" content=\"https:\/\/veraenderungsarchitekt.de\/wp-content\/uploads\/2025\/10\/coaching-mediation-beratung-berlin-social-1.png\" \/>\n\t<meta property=\"og:image:width\" content=\"1200\" \/>\n\t<meta property=\"og:image:height\" content=\"630\" \/>\n\t<meta property=\"og:image:type\" content=\"image\/png\" \/>\n<meta name=\"twitter:card\" content=\"summary_large_image\" \/>\n<meta name=\"twitter:label1\" content=\"Gesch\u00e4tzte Lesezeit\" \/>\n\t<meta name=\"twitter:data1\" content=\"1\u00a0Minute\" \/>\n<script type=\"application\/ld+json\" class=\"yoast-schema-graph\">{\"@context\":\"https:\\\/\\\/schema.org\",\"@graph\":[{\"@type\":\"WebPage\",\"@id\":\"https:\\\/\\\/veraenderungsarchitekt.de\\\/coaching-mediation-beratung-berlin\\\/impressum\\\/\",\"url\":\"https:\\\/\\\/veraenderungsarchitekt.de\\\/coaching-mediation-beratung-berlin\\\/impressum\\\/\",\"name\":\"Impressum f\u00fcr Marcel Weber - Ver\u00e4nderungsarchitekt Berlin\",\"isPartOf\":{\"@id\":\"https:\\\/\\\/veraenderungsarchitekt.de\\\/coaching-mediation-beratung-berlin\\\/#website\"},\"datePublished\":\"2026-03-28T19:52:06+00:00\",\"dateModified\":\"2026-04-19T10:04:56+00:00\",\"description\":\"Impressum: Marcel Weber \u2013 Ver\u00e4nderungsarchitekt in Berlin. Kontaktdaten und rechtliche Angaben gem\u00e4\u00df \u00a7 5 TMG.\",\"breadcrumb\":{\"@id\":\"https:\\\/\\\/veraenderungsarchitekt.de\\\/coaching-mediation-beratung-berlin\\\/impressum\\\/#breadcrumb\"},\"inLanguage\":\"de\",\"potentialAction\":[{\"@type\":\"ReadAction\",\"target\":[\"https:\\\/\\\/veraenderungsarchitekt.de\\\/coaching-mediation-beratung-berlin\\\/impressum\\\/\"]}]},{\"@type\":\"BreadcrumbList\",\"@id\":\"https:\\\/\\\/veraenderungsarchitekt.de\\\/coaching-mediation-beratung-berlin\\\/impressum\\\/#breadcrumb\",\"itemListElement\":[{\"@type\":\"ListItem\",\"position\":1,\"name\":\"Startseite\",\"item\":\"https:\\\/\\\/veraenderungsarchitekt.de\\\/coaching-mediation-beratung-berlin\\\/\"},{\"@type\":\"ListItem\",\"position\":2,\"name\":\"Impressum\"}]},{\"@type\":\"WebSite\",\"@id\":\"https:\\\/\\\/veraenderungsarchitekt.de\\\/coaching-mediation-beratung-berlin\\\/#website\",\"url\":\"https:\\\/\\\/veraenderungsarchitekt.de\\\/coaching-mediation-beratung-berlin\\\/\",\"name\":\"Marcel Weber - Ver\u00e4nderungsarchitekt\",\"description\":\"Coaching, Mediation, Beratung, Workshops &amp; Trainings in Berlin\",\"publisher\":{\"@id\":\"https:\\\/\\\/veraenderungsarchitekt.de\\\/coaching-mediation-beratung-berlin\\\/#organization\"},\"alternateName\":\"Ver\u00e4nderungsarchitekt\",\"potentialAction\":[{\"@type\":\"SearchAction\",\"target\":{\"@type\":\"EntryPoint\",\"urlTemplate\":\"https:\\\/\\\/veraenderungsarchitekt.de\\\/coaching-mediation-beratung-berlin\\\/?s={search_term_string}\"},\"query-input\":{\"@type\":\"PropertyValueSpecification\",\"valueRequired\":true,\"valueName\":\"search_term_string\"}}],\"inLanguage\":\"de\"},{\"@type\":\"Organization\",\"@id\":\"https:\\\/\\\/veraenderungsarchitekt.de\\\/coaching-mediation-beratung-berlin\\\/#organization\",\"name\":\"Marcel Weber - Ver\u00e4nderungsarchitekt\",\"url\":\"https:\\\/\\\/veraenderungsarchitekt.de\\\/coaching-mediation-beratung-berlin\\\/\",\"logo\":{\"@type\":\"ImageObject\",\"inLanguage\":\"de\",\"@id\":\"https:\\\/\\\/veraenderungsarchitekt.de\\\/coaching-mediation-beratung-berlin\\\/#\\\/schema\\\/logo\\\/image\\\/\",\"url\":\"https:\\\/\\\/veraenderungsarchitekt.de\\\/wp-content\\\/uploads\\\/2025\\\/09\\\/logo_web.avif\",\"contentUrl\":\"https:\\\/\\\/veraenderungsarchitekt.de\\\/wp-content\\\/uploads\\\/2025\\\/09\\\/logo_web.avif\",\"width\":512,\"height\":512,\"caption\":\"Marcel Weber - Ver\u00e4nderungsarchitekt\"},\"image\":{\"@id\":\"https:\\\/\\\/veraenderungsarchitekt.de\\\/coaching-mediation-beratung-berlin\\\/#\\\/schema\\\/logo\\\/image\\\/\"},\"sameAs\":[\"https:\\\/\\\/www.linkedin.com\\\/in\\\/marcel-weber-berlin\\\/\",\"https:\\\/\\\/www.instagram.com\\\/veraenderungsarchitekt\\\/\",\"https:\\\/\\\/www.tiktok.com\\\/@veraenderungsarchitekt\"]}]}<\/script>\n<!-- \/ Yoast SEO plugin. -->","yoast_head_json":{"title":"Impressum f\u00fcr Marcel Weber - Ver\u00e4nderungsarchitekt Berlin","description":"Impressum: Marcel Weber \u2013 Ver\u00e4nderungsarchitekt in Berlin. Kontaktdaten und rechtliche Angaben gem\u00e4\u00df \u00a7 5 TMG.","robots":{"index":"index","follow":"follow","max-snippet":"max-snippet:-1","max-image-preview":"max-image-preview:large","max-video-preview":"max-video-preview:-1"},"canonical":"https:\/\/veraenderungsarchitekt.de\/coaching-mediation-beratung-berlin\/impressum\/","og_locale":"de_DE","og_type":"article","og_title":"Impressum f\u00fcr Marcel Weber - Ver\u00e4nderungsarchitekt Berlin","og_description":"Impressum: Marcel Weber \u2013 Ver\u00e4nderungsarchitekt in Berlin. Kontaktdaten und rechtliche Angaben gem\u00e4\u00df \u00a7 5 TMG.","og_url":"https:\/\/veraenderungsarchitekt.de\/coaching-mediation-beratung-berlin\/impressum\/","og_site_name":"Marcel Weber - Ver\u00e4nderungsarchitekt","article_modified_time":"2026-04-19T10:04:56+00:00","og_image":[{"width":1200,"height":630,"url":"https:\/\/veraenderungsarchitekt.de\/wp-content\/uploads\/2025\/10\/coaching-mediation-beratung-berlin-social-1.png","type":"image\/png"}],"twitter_card":"summary_large_image","twitter_misc":{"Gesch\u00e4tzte Lesezeit":"1\u00a0Minute"},"schema":{"@context":"https:\/\/schema.org","@graph":[{"@type":"WebPage","@id":"https:\/\/veraenderungsarchitekt.de\/coaching-mediation-beratung-berlin\/impressum\/","url":"https:\/\/veraenderungsarchitekt.de\/coaching-mediation-beratung-berlin\/impressum\/","name":"Impressum f\u00fcr Marcel Weber - Ver\u00e4nderungsarchitekt Berlin","isPartOf":{"@id":"https:\/\/veraenderungsarchitekt.de\/coaching-mediation-beratung-berlin\/#website"},"datePublished":"2026-03-28T19:52:06+00:00","dateModified":"2026-04-19T10:04:56+00:00","description":"Impressum: Marcel Weber \u2013 Ver\u00e4nderungsarchitekt in Berlin. Kontaktdaten und rechtliche Angaben gem\u00e4\u00df \u00a7 5 TMG.","breadcrumb":{"@id":"https:\/\/veraenderungsarchitekt.de\/coaching-mediation-beratung-berlin\/impressum\/#breadcrumb"},"inLanguage":"de","potentialAction":[{"@type":"ReadAction","target":["https:\/\/veraenderungsarchitekt.de\/coaching-mediation-beratung-berlin\/impressum\/"]}]},{"@type":"BreadcrumbList","@id":"https:\/\/veraenderungsarchitekt.de\/coaching-mediation-beratung-berlin\/impressum\/#breadcrumb","itemListElement":[{"@type":"ListItem","position":1,"name":"Startseite","item":"https:\/\/veraenderungsarchitekt.de\/coaching-mediation-beratung-berlin\/"},{"@type":"ListItem","position":2,"name":"Impressum"}]},{"@type":"WebSite","@id":"https:\/\/veraenderungsarchitekt.de\/coaching-mediation-beratung-berlin\/#website","url":"https:\/\/veraenderungsarchitekt.de\/coaching-mediation-beratung-berlin\/","name":"Marcel Weber - Ver\u00e4nderungsarchitekt","description":"Coaching, Mediation, Beratung, Workshops &amp; Trainings in Berlin","publisher":{"@id":"https:\/\/veraenderungsarchitekt.de\/coaching-mediation-beratung-berlin\/#organization"},"alternateName":"Ver\u00e4nderungsarchitekt","potentialAction":[{"@type":"SearchAction","target":{"@type":"EntryPoint","urlTemplate":"https:\/\/veraenderungsarchitekt.de\/coaching-mediation-beratung-berlin\/?s={search_term_string}"},"query-input":{"@type":"PropertyValueSpecification","valueRequired":true,"valueName":"search_term_string"}}],"inLanguage":"de"},{"@type":"Organization","@id":"https:\/\/veraenderungsarchitekt.de\/coaching-mediation-beratung-berlin\/#organization","name":"Marcel Weber - Ver\u00e4nderungsarchitekt","url":"https:\/\/veraenderungsarchitekt.de\/coaching-mediation-beratung-berlin\/","logo":{"@type":"ImageObject","inLanguage":"de","@id":"https:\/\/veraenderungsarchitekt.de\/coaching-mediation-beratung-berlin\/#\/schema\/logo\/image\/","url":"https:\/\/veraenderungsarchitekt.de\/wp-content\/uploads\/2025\/09\/logo_web.avif","contentUrl":"https:\/\/veraenderungsarchitekt.de\/wp-content\/uploads\/2025\/09\/logo_web.avif","width":512,"height":512,"caption":"Marcel Weber - Ver\u00e4nderungsarchitekt"},"image":{"@id":"https:\/\/veraenderungsarchitekt.de\/coaching-mediation-beratung-berlin\/#\/schema\/logo\/image\/"},"sameAs":["https:\/\/www.linkedin.com\/in\/marcel-weber-berlin\/","https:\/\/www.instagram.com\/veraenderungsarchitekt\/","https:\/\/www.tiktok.com\/@veraenderungsarchitekt"]}]}},"_links":{"self":[{"href":"https:\/\/veraenderungsarchitekt.de\/coaching-mediation-beratung-berlin\/wp-json\/wp\/v2\/pages\/221","targetHints":{"allow":["GET"]}}],"collection":[{"href":"https:\/\/veraenderungsarchitekt.de\/coaching-mediation-beratung-berlin\/wp-json\/wp\/v2\/pages"}],"about":[{"href":"https:\/\/veraenderungsarchitekt.de\/coaching-mediation-beratung-berlin\/wp-json\/wp\/v2\/types\/page"}],"author":[{"embeddable":true,"href":"https:\/\/veraenderungsarchitekt.de\/coaching-mediation-beratung-berlin\/wp-json\/wp\/v2\/users\/1"}],"replies":[{"embeddable":true,"href":"https:\/\/veraenderungsarchitekt.de\/coaching-mediation-beratung-berlin\/wp-json\/wp\/v2\/comments?post=221"}],"version-history":[{"count":10,"href":"https:\/\/veraenderungsarchitekt.de\/coaching-mediation-beratung-berlin\/wp-json\/wp\/v2\/pages\/221\/revisions"}],"predecessor-version":[{"id":888,"href":"https:\/\/veraenderungsarchitekt.de\/coaching-mediation-beratung-berlin\/wp-json\/wp\/v2\/pages\/221\/revisions\/888"}],"wp:attachment":[{"href":"https:\/\/veraenderungsarchitekt.de\/coaching-mediation-beratung-berlin\/wp-json\/wp\/v2\/media?parent=221"}],"curies":[{"name":"wp","href":"https:\/\/api.w.org\/{rel}","templated":true}]}}