{"id":148,"date":"2025-09-30T13:59:23","date_gmt":"2025-09-30T11:59:23","guid":{"rendered":"https:\/\/veraenderungsarchitekt.de\/?page_id=148"},"modified":"2026-04-21T08:54:08","modified_gmt":"2026-04-21T06:54:08","slug":"coaching-mediation-beratung-berlin","status":"publish","type":"page","link":"https:\/\/veraenderungsarchitekt.de\/coaching-mediation-beratung-berlin\/","title":{"rendered":"Zusammenarbeiten mit Marcel | Coaching, Mediation &#038; Beratung Berlin"},"content":{"rendered":"<div class=\"et_pb_section_0 et_pb_section et_section_regular et_block_section\">\n<div class=\"et_pb_row_0 et_pb_row et_pb_equal_columns et_block_row\">\n<div class=\"et_pb_column_0 et_pb_column et_pb_column_1_2 et_block_column et_pb_css_mix_blend_mode_passthrough\">\n<div class=\"et_pb_text_0 et_pb_text et_pb_bg_layout_light et_pb_module et_block_module preset--module--divi-text--e23afb76-781f-45aa-8cfe-e6a7b9bc1c28\"><div class=\"et_pb_text_inner\"><h1><span>Ich bin da, damit du anfangen kannst.<\/span><\/h1>\n<\/div><\/div>\n\n<div class=\"et_pb_text_1 et_pb_text et_pb_bg_layout_light et_pb_module et_block_module\"><div class=\"et_pb_text_inner\"><h2><span>Systemisches Coaching, Mediation und Organisationsberatung f\u00fcr Menschen und Teams, die Ver\u00e4nderung wirklich wollen.<\/span><\/h2>\n<\/div><\/div>\n\n<div class=\"et_pb_text_2 et_pb_text et_pb_bg_layout_light et_pb_module et_block_module preset--module--divi-text--f26f3819-7aa4-48ef-956d-5349addbbe53\"><div class=\"et_pb_text_inner\"><p><span>Mein Name ist Marcel Weber. Als Coach, Mediator und Ver\u00e4nderungsarchitekt schaffe ich den Raum, den du brauchst, um loszulegen. Nicht perfekt. Aber jetzt. Tauche gemeinsam mit mir ein in die Welt nachhaltiger Pers\u00f6nlichkeits- und Organisationsentwicklung, denn hier verbinde ich dreizehn Jahre Gesch\u00e4ftsf\u00fchrungserfahrung mit fundierter Gremienexpertise und praktischer F\u00fchrungskompetenz \u2013 sowohl f\u00fcr nachhaltige L\u00f6sungen als auch f\u00fcr echten Fortschritt.<\/span><\/p>\n<\/div><\/div>\n\n<div class=\"et_pb_text_3 et_pb_text et_pb_bg_layout_light et_pb_module et_block_module preset--module--divi-text--f26f3819-7aa4-48ef-956d-5349addbbe53\"><div class=\"et_pb_text_inner\"><p><span>In den vergangenen 13 Jahren habe ich mehr als 130 Mitarbeitende gef\u00fchrt und zahlreiche Unternehmen durch Ver\u00e4nderungen begleitet, w\u00e4hrend ich gleichzeitig meine Expertise stetig weiterentwickelt habe. Als zertifizierter systemischer Coach und Mediator stehe ich f\u00fcr eine LGBTQIA+ sensible, diversit\u00e4tsgerechte sowie vor allem praxisnahe Unterst\u00fctzung.<\/span><\/p>\n<\/div><\/div>\n\n<div class=\"et_pb_module et_pb_button_module_wrapper et_pb_button_0_wrapper preset--module--divi-button--ef98e337-0947-484b-9750-6d3202769835_wrapper\"><a class=\"et_pb_button_0 et_pb_button et_pb_bg_layout_light et_pb_module et_block_module preset--module--divi-button--ef98e337-0947-484b-9750-6d3202769835\" href=\"https:\/\/veraenderungsarchitekt.de\/coaching-mediation-beratung-berlin\/angebote\/\">Entdecke mehr<\/a><\/div>\n\n<div class=\"et_pb_module et_pb_button_module_wrapper et_pb_button_1_wrapper preset--module--divi-button--ef98e337-0947-484b-9750-6d3202769835_wrapper\"><a class=\"et_pb_button_1 et_pb_button et_pb_bg_layout_light et_pb_module et_block_module preset--module--divi-button--ef98e337-0947-484b-9750-6d3202769835\" href=\"https:\/\/zeeg.me\/marcelweber\/30min\" target=\"_blank\">30 Min. kostenfrei<\/a><\/div>\n<\/div>\n\n<div class=\"et_pb_column_1 et_pb_column et_pb_column_1_2 et-last-child et_block_column et_pb_css_mix_blend_mode_passthrough\">\n<div class=\"et_pb_image_0 et_pb_image et_pb_module et_block_module\"><span class=\"et_pb_image_wrap\"><img loading=\"lazy\" decoding=\"async\" src=\"https:\/\/veraenderungsarchitekt.de\/wp-content\/uploads\/2025\/10\/marcel-weber-veraenderungsarchitekt-portraet-stadtbild.webp\" width=\"800\" height=\"1200\" srcset=\"https:\/\/veraenderungsarchitekt.de\/wp-content\/uploads\/2025\/10\/marcel-weber-veraenderungsarchitekt-portraet-stadtbild.webp 800w, https:\/\/veraenderungsarchitekt.de\/wp-content\/uploads\/2025\/10\/marcel-weber-veraenderungsarchitekt-portraet-stadtbild-480x720.webp 480w\" sizes=\"(min-width: 0px) and (max-width: 480px) 480px, (min-width: 481px) 800px, 100vw\" class=\"wp-image-739\" title=\"Marcel Weber - Ver\u00e4nderungsarchitekt\" alt=\"Marcel Weber \u2013 Ver\u00e4nderungsarchitekt bietet Coaching, Mediation und Beratung\" \/><\/span><\/div>\n<\/div>\n<\/div>\n<\/div>\n\n<div class=\"et_pb_section_1 et_pb_section et_section_regular et_block_section\">\n<div class=\"et_pb_row_1 et_pb_row et_pb_gutters2 et_block_row\">\n<div class=\"et_pb_column_2 et_pb_column et_pb_column_1_2 et_block_column et_pb_css_mix_blend_mode_passthrough\">\n<div class=\"et_pb_image_1 et_pb_image et_pb_module et_block_module\"><span class=\"et_pb_image_wrap\"><img loading=\"lazy\" decoding=\"async\" src=\"https:\/\/veraenderungsarchitekt.de\/wp-content\/uploads\/2025\/09\/career-coach-illustration-05@2x-1-1.avif\" width=\"240\" height=\"400\" srcset=\"https:\/\/veraenderungsarchitekt.de\/wp-content\/uploads\/2025\/09\/career-coach-illustration-05@2x-1-1.avif 240w, https:\/\/veraenderungsarchitekt.de\/wp-content\/uploads\/2025\/09\/career-coach-illustration-05@2x-1-1-180x300.avif 180w\" sizes=\"(max-width: 240px) 100vw, 240px\" class=\"wp-image-151\" title=\"career-coach-illustration-05@2x\" alt=\"Angebot Organisationsberatung - Change Management und Transformation f\u00fcr Unternehmen\" \/><\/span><\/div>\n\n<div class=\"et_pb_text_4 et_pb_text et_pb_bg_layout_light et_pb_module et_block_module preset--module--divi-text--bcb1776a-19d5-45af-81e1-bd588d716d5f\"><div class=\"et_pb_text_inner\"><h4>Change- &amp; Transformationsberatung<\/h4>\n<\/div><\/div>\n\n<div class=\"et_pb_text_5 et_pb_text et_pb_bg_layout_light et_pb_module et_block_module preset--module--divi-text--f7e4d96c-2397-4fcb-8373-53ecd6a1f9d7\"><div class=\"et_pb_text_inner\"><h3>In Organisationen<\/h3>\n<\/div><\/div>\n\n<div class=\"et_pb_module et_pb_button_module_wrapper et_pb_button_2_wrapper preset--module--divi-button--ef98e337-0947-484b-9750-6d3202769835_wrapper\"><a class=\"et_pb_button_2 et_pb_button et_pb_bg_layout_light et_pb_module et_block_module preset--module--divi-button--ef98e337-0947-484b-9750-6d3202769835\" href=\"https:\/\/veraenderungsarchitekt.de\/coaching-mediation-beratung-berlin\/organisationsentwicklung-berlin\/\">Mehr erfahren<\/a><\/div>\n<\/div>\n\n<div class=\"et_pb_column_3 et_pb_column et_pb_column_1_2 et-last-child et_block_column et_pb_css_mix_blend_mode_passthrough\">\n<div class=\"et_pb_image_2 et_pb_image et_pb_module et_block_module\"><span class=\"et_pb_image_wrap\"><img loading=\"lazy\" decoding=\"async\" src=\"https:\/\/veraenderungsarchitekt.de\/wp-content\/uploads\/2025\/09\/career-coach-illustration-08@2x-1.avif\" width=\"240\" height=\"400\" srcset=\"https:\/\/veraenderungsarchitekt.de\/wp-content\/uploads\/2025\/09\/career-coach-illustration-08@2x-1.avif 240w, https:\/\/veraenderungsarchitekt.de\/wp-content\/uploads\/2025\/09\/career-coach-illustration-08@2x-1-180x300.avif 180w\" sizes=\"(max-width: 240px) 100vw, 240px\" class=\"wp-image-152\" title=\"career-coach-illustration-08@2x\" alt=\"Angebot Mediation - Konfliktmanagement und L\u00f6sungsfindung in Organisationen\" \/><\/span><\/div>\n\n<div class=\"et_pb_text_6 et_pb_text et_pb_bg_layout_light et_pb_module et_block_module preset--module--divi-text--bcb1776a-19d5-45af-81e1-bd588d716d5f\"><div class=\"et_pb_text_inner\"><h4>Konfliktmediation<\/h4>\n<\/div><\/div>\n\n<div class=\"et_pb_text_7 et_pb_text et_pb_bg_layout_light et_pb_module et_block_module preset--module--divi-text--f7e4d96c-2397-4fcb-8373-53ecd6a1f9d7\"><div class=\"et_pb_text_inner\"><h3>L\u00f6sungen im Streit<\/h3>\n<\/div><\/div>\n\n<div class=\"et_pb_module et_pb_button_module_wrapper et_pb_button_3_wrapper preset--module--divi-button--ef98e337-0947-484b-9750-6d3202769835_wrapper\"><a class=\"et_pb_button_3 et_pb_button et_pb_bg_layout_light et_pb_module et_block_module preset--module--divi-button--ef98e337-0947-484b-9750-6d3202769835\" href=\"https:\/\/veraenderungsarchitekt.de\/coaching-mediation-beratung-berlin\/mediation-berlin\/\">Mehr erfahren<\/a><\/div>\n<\/div>\n<\/div>\n\n<div class=\"et_pb_row_2 et_pb_row et_pb_gutters2 et_block_row\">\n<div class=\"et_pb_column_4 et_pb_column et_pb_column_1_2 et_block_column et_pb_css_mix_blend_mode_passthrough\">\n<div class=\"et_pb_image_3 et_pb_image et_pb_module et_block_module\"><span class=\"et_pb_image_wrap\"><img loading=\"lazy\" decoding=\"async\" src=\"https:\/\/veraenderungsarchitekt.de\/wp-content\/uploads\/2025\/09\/career-coach-illustration-orange-02@2x-1.avif\" width=\"240\" height=\"400\" srcset=\"https:\/\/veraenderungsarchitekt.de\/wp-content\/uploads\/2025\/09\/career-coach-illustration-orange-02@2x-1.avif 240w, https:\/\/veraenderungsarchitekt.de\/wp-content\/uploads\/2025\/09\/career-coach-illustration-orange-02@2x-1-180x300.avif 180w\" sizes=\"(max-width: 240px) 100vw, 240px\" class=\"wp-image-153\" title=\"career-coach-illustration-orange-02@2x\" alt=\"Angebot Coaching - Pers\u00f6nliche und berufliche Entwicklung individuell begleiten\" \/><\/span><\/div>\n\n<div class=\"et_pb_text_8 et_pb_text et_pb_bg_layout_light et_pb_module et_block_module preset--module--divi-text--bcb1776a-19d5-45af-81e1-bd588d716d5f\"><div class=\"et_pb_text_inner\"><h4>Coaching &amp; Empowerment<\/h4>\n<\/div><\/div>\n\n<div class=\"et_pb_text_9 et_pb_text et_pb_bg_layout_light et_pb_module et_block_module preset--module--divi-text--f7e4d96c-2397-4fcb-8373-53ecd6a1f9d7\"><div class=\"et_pb_text_inner\"><h3>Deine Entwicklung<\/h3>\n<\/div><\/div>\n\n<div class=\"et_pb_module et_pb_button_module_wrapper et_pb_button_4_wrapper preset--module--divi-button--02092a84-6b56-419f-90f5-70eaef881ec7_wrapper\"><a class=\"et_pb_button_4 et_pb_button et_pb_bg_layout_light et_pb_module et_block_module preset--module--divi-button--02092a84-6b56-419f-90f5-70eaef881ec7\" href=\"https:\/\/veraenderungsarchitekt.de\/coaching-mediation-beratung-berlin\/coaching-berlin\/\">Mehr erfahren<\/a><\/div>\n<\/div>\n\n<div class=\"et_pb_column_5 et_pb_column et_pb_column_1_2 et-last-child et_block_column et_pb_css_mix_blend_mode_passthrough\">\n<div class=\"et_pb_image_4 et_pb_image et_pb_module et_block_module\"><span class=\"et_pb_image_wrap\"><img loading=\"lazy\" decoding=\"async\" src=\"https:\/\/veraenderungsarchitekt.de\/wp-content\/uploads\/2025\/09\/career-coach-illustration-07@2x-1.avif\" width=\"240\" height=\"400\" srcset=\"https:\/\/veraenderungsarchitekt.de\/wp-content\/uploads\/2025\/09\/career-coach-illustration-07@2x-1.avif 240w, https:\/\/veraenderungsarchitekt.de\/wp-content\/uploads\/2025\/09\/career-coach-illustration-07@2x-1-180x300.avif 180w\" sizes=\"(max-width: 240px) 100vw, 240px\" class=\"wp-image-154\" title=\"career-coach-illustration-07@2x\" alt=\"Angebot Workshops - Teamentwicklung und Kommunikationstrainings f\u00fcr Gruppen\" \/><\/span><\/div>\n\n<div class=\"et_pb_text_10 et_pb_text et_pb_bg_layout_light et_pb_module et_block_module preset--module--divi-text--bcb1776a-19d5-45af-81e1-bd588d716d5f\"><div class=\"et_pb_text_inner\"><h4>Workshops &amp; Trainings<\/h4>\n<\/div><\/div>\n\n<div class=\"et_pb_text_11 et_pb_text et_pb_bg_layout_light et_pb_module et_block_module preset--module--divi-text--f7e4d96c-2397-4fcb-8373-53ecd6a1f9d7\"><div class=\"et_pb_text_inner\"><h3>F\u00fcr Teams<\/h3>\n<\/div><\/div>\n\n<div class=\"et_pb_module et_pb_button_module_wrapper et_pb_button_5_wrapper preset--module--divi-button--ef98e337-0947-484b-9750-6d3202769835_wrapper\"><a class=\"et_pb_button_5 et_pb_button et_pb_bg_layout_light et_pb_module et_block_module preset--module--divi-button--ef98e337-0947-484b-9750-6d3202769835\" href=\"https:\/\/veraenderungsarchitekt.de\/coaching-mediation-beratung-berlin\/workshops-trainings-berlin\/\">Mehr erfahren<\/a><\/div>\n<\/div>\n<\/div>\n<\/div>\n\n<div class=\"et_pb_section_2 et_pb_section et_section_regular et_block_section\">\n<div class=\"et_pb_row_3 et_pb_row et_block_row\">\n<div class=\"et_pb_column_6 et_pb_column et_pb_column_4_4 et-last-child et_block_column et_pb_css_mix_blend_mode_passthrough\">\n<div class=\"et_pb_image_5 et_pb_image et_pb_module et_block_module\"><span class=\"et_pb_image_wrap\"><img loading=\"lazy\" decoding=\"async\" src=\"https:\/\/veraenderungsarchitekt.de\/wp-content\/uploads\/2025\/10\/marcel-weber-portraet-stadtbild-e1761219006653.webp\" width=\"800\" height=\"800\" srcset=\"https:\/\/veraenderungsarchitekt.de\/wp-content\/uploads\/2025\/10\/marcel-weber-portraet-stadtbild-e1761219006653-800x720.webp 800w, https:\/\/veraenderungsarchitekt.de\/wp-content\/uploads\/2025\/10\/marcel-weber-portraet-stadtbild-e1761219006653-480x270.webp 480w\" sizes=\"(min-width: 0px) and (max-width: 480px) 480px, (min-width: 481px) and (max-width: 800px) 800px, 100vw\" class=\"wp-image-740\" title=\"Marcel Weber Ver\u00e4nderungsarchitekt\" alt=\"Marcel Weber - Coaching, Mediation und Beratung in Berlin\" \/><\/span><\/div>\n\n<div class=\"et_pb_text_12 et_pb_text et_pb_bg_layout_light et_pb_module et_block_module preset--module--divi-text--2b00fcc1-102c-4072-9e9f-c6f017115b6d\"><div class=\"et_pb_text_inner\"><h2>Ich bin Marcel Weber<\/h2>\n<\/div><\/div>\n\n<div class=\"et_pb_text_13 et_pb_text et_pb_bg_layout_light et_pb_module et_block_module preset--module--divi-text--f26f3819-7aa4-48ef-956d-5349addbbe53\"><div class=\"et_pb_text_inner\"><p><span>Als erfahrener Ver\u00e4nderungsarchitekt biete ich systemisches Business- und Personal Coaching, Mediation sowie spezialisierte Beratung \u2013 sowohl in den Bereichen Change Management und Diversity &amp; Inclusion als auch in der Konfliktl\u00f6sung. Dabei arbeite ich entweder pers\u00f6nlich im Unternehmen vor Ort oder flexibel online. Dabei ist mir wichtig, dass wir auf Augenh\u00f6he arbeiten, weil Ver\u00e4nderung nur dann nachhaltig gelingt, wenn sie authentisch und selbstbestimmt ist.<br \/><\/span><\/p>\n<\/div><\/div>\n\n<div class=\"et_pb_module et_pb_button_module_wrapper et_pb_button_6_wrapper preset--module--divi-button--ef98e337-0947-484b-9750-6d3202769835_wrapper\"><a class=\"et_pb_button_6 et_pb_button et_pb_bg_layout_light et_pb_module et_block_module preset--module--divi-button--ef98e337-0947-484b-9750-6d3202769835\" href=\"https:\/\/veraenderungsarchitekt.de\/coaching-mediation-beratung-berlin\/ueber-mich\/\">Mehr \u00fcber mich<\/a><\/div>\n<\/div>\n<\/div>\n<\/div>\n\n<div class=\"et_pb_section_3 et_pb_section et_section_regular et_block_section\">\n<div class=\"et_pb_row_4 et_pb_row et_pb_row_4col et_block_row et_block_row_4col\">\n<div class=\"et_pb_column_7 et_pb_column et_pb_column_1_4 et_block_column et_pb_css_mix_blend_mode_passthrough\">\n<div class=\"et_pb_number_counter_0 et_pb_number_counter et_pb_bg_layout_light et_pb_text_align_center et_pb_with_title et_pb_module et_block_module preset--module--divi-number-counter--default\"><div class=\"percent\"><p><span class=\"percent-value\"><\/span><span class=\"percent-sign\"><\/span><\/p><\/div><h3 class=\"title\">Jahre F\u00fchrungserfahrung<\/h3><\/div>\n<\/div>\n\n<div class=\"et_pb_column_8 et_pb_column et_pb_column_1_4 et_block_column et_pb_css_mix_blend_mode_passthrough\">\n<div class=\"et_pb_number_counter_1 et_pb_number_counter et_pb_bg_layout_light et_pb_text_align_center et_pb_with_title et_pb_module et_block_module preset--module--divi-number-counter--default\"><div class=\"percent\"><p><span class=\"percent-value\"><\/span><span class=\"percent-sign\"><\/span><\/p><\/div><h3 class=\"title\">Mitarbeiter*innen gef\u00fchrt<\/h3><\/div>\n<\/div>\n\n<div class=\"et_pb_column_9 et_pb_column et_pb_column_1_4 et_block_column et_pb_css_mix_blend_mode_passthrough\">\n<div class=\"et_pb_number_counter_2 et_pb_number_counter et_pb_bg_layout_light et_pb_text_align_center et_pb_with_title et_pb_module et_block_module preset--module--divi-number-counter--default\"><div class=\"percent\"><p><span class=\"percent-value\"><\/span><span class=\"percent-sign\">%<\/span><\/p><\/div><h3 class=\"title\">Vertraulichkeit<\/h3><\/div>\n<\/div>\n\n<div class=\"et_pb_column_10 et_pb_column et_pb_column_1_4 et-last-child et_block_column et_pb_css_mix_blend_mode_passthrough\">\n<div class=\"et_pb_number_counter_3 et_pb_number_counter et_pb_bg_layout_light et_pb_text_align_center et_pb_with_title et_pb_module et_block_module preset--module--divi-number-counter--default\"><div class=\"percent\"><p><span class=\"percent-value\"><\/span><span class=\"percent-sign\"><\/span><\/p><\/div><h3 class=\"title\">kostenloses Erstgespr\u00e4ch<\/h3><\/div>\n<\/div>\n<\/div>\n<\/div>\n\n<div class=\"et_pb_section_4 et_pb_section et_section_regular et_block_section\">\n<div class=\"et_pb_row_5 et_pb_row et_block_row\">\n<div class=\"et_pb_column_11 et_pb_column et_pb_column_1_2 et_block_column et_pb_css_mix_blend_mode_passthrough\">\n<div class=\"et_pb_text_14 et_pb_text et_pb_bg_layout_light et_pb_module et_block_module preset--module--divi-text--2b00fcc1-102c-4072-9e9f-c6f017115b6d\"><div class=\"et_pb_text_inner\"><h2>Deine Ver\u00e4nderung beginnt heute<\/h2>\n<\/div><\/div>\n\n<div class=\"et_pb_text_15 et_pb_text et_pb_bg_layout_light et_pb_module et_block_module preset--module--divi-text--f26f3819-7aa4-48ef-956d-5349addbbe53\"><div class=\"et_pb_text_inner\"><p><span>Hast du dich schon einmal gefragt, wie dein Leben aussehen w\u00fcrde, wenn alte Muster sich aufl\u00f6sen oder schwierige Konflikte endlich gel\u00f6st werden? Vielleicht w\u00fcnschst du dir neue Klarheit, einen individuellen Entwicklungsplan oder mutige Schritte in Richtung Zukunft \u2013 und genau hier setze ich an. Mit meinem praxisnahen Ansatz ebne ich dir nicht nur den Weg zum pers\u00f6nlichen Ziel, sondern begleite dich auch Schritt f\u00fcr Schritt auf deiner Reise. Egal ob du vor einem Karriereschritt stehst oder eine Konfliktsituation l\u00f6sen m\u00f6chtest \u2013 gemeinsam finden wir den passenden Weg.<\/span><\/p>\n<\/div><\/div>\n<\/div>\n\n<div class=\"et_pb_column_12 et_pb_column et_pb_column_1_2 et-last-child et_block_column et_pb_css_mix_blend_mode_passthrough\">\n<div class=\"et_pb_image_6 et_pb_image et_pb_module et_block_module\"><span class=\"et_pb_image_wrap\"><img loading=\"lazy\" decoding=\"async\" src=\"https:\/\/veraenderungsarchitekt.de\/wp-content\/uploads\/2025\/10\/marcel-weber-kundenkontakt-coaching.webp\" width=\"1200\" height=\"800\" srcset=\"https:\/\/veraenderungsarchitekt.de\/wp-content\/uploads\/2025\/10\/marcel-weber-kundenkontakt-coaching.webp 1200w, https:\/\/veraenderungsarchitekt.de\/wp-content\/uploads\/2025\/10\/marcel-weber-kundenkontakt-coaching-980x653.webp 980w, https:\/\/veraenderungsarchitekt.de\/wp-content\/uploads\/2025\/10\/marcel-weber-kundenkontakt-coaching-480x320.webp 480w\" sizes=\"(min-width: 0px) and (max-width: 480px) 480px, (min-width: 481px) and (max-width: 980px) 980px, (min-width: 981px) 1200px, 100vw\" class=\"wp-image-741\" title=\"marcel-weber-kundenkontakt-coaching\" alt=\"Pers\u00f6nliches Coaching Berlin - Vertrauensvolle Gespr\u00e4chssituation in Mediation und Beratung\" \/><\/span><\/div>\n<\/div>\n<\/div>\n<\/div>\n\n<div class=\"et_pb_section_5 et_pb_section et_section_regular et_block_section\">\n<div class=\"et_pb_row_6 et_pb_row et_block_row\">\n<div class=\"et_pb_column_13 et_pb_column et_pb_column_4_4 et-last-child et_block_column et_pb_css_mix_blend_mode_passthrough\">\n<div class=\"et_pb_text_16 et_pb_text et_pb_bg_layout_light et_pb_module et_block_module preset--module--divi-text--2b00fcc1-102c-4072-9e9f-c6f017115b6d\"><div class=\"et_pb_text_inner\"><h2>Erfolgreiche <strong>Geschichten<\/strong><\/h2>\n<\/div><\/div>\n<\/div>\n<\/div>\n\n<div class=\"et_pb_row_7 et_pb_row et_block_row\">\n<div class=\"et_pb_column_14 et_pb_column et_pb_column_4_4 et-last-child et_block_column et_pb_css_mix_blend_mode_passthrough\">\n<div class=\"et_pb_slider_0 et_pb_slider et_pb_slider_fullwidth_off et_pb_slider_no_pagination et_pb_slider_show_image et_pb_module et_block_module preset--module--divi-slider--f9fc38fd-21f5-4ed8-bfdb-515bb712e68e\"><div class=\"et_pb_slides\">\n<div class=\"et_pb_slide_0 et_pb_slide et_pb_slide_with_image et_pb_media_alignment_center et_pb_bg_layout_dark et_pb_text_align_center\" data-slide-id=\"divi\/slide-0\"><div class=\"et_pb_container\"><div class=\"et_pb_slider_container_inner\"><div class=\"et_pb_slide_image\"><img loading=\"lazy\" decoding=\"async\" src=\"https:\/\/veraenderungsarchitekt.de\/wp-content\/uploads\/2025\/10\/testimonial-alexander-koose.webp\" width=\"1080\" height=\"1080\" srcset=\"https:\/\/veraenderungsarchitekt.de\/wp-content\/uploads\/2025\/10\/testimonial-alexander-koose.webp 1080w, https:\/\/veraenderungsarchitekt.de\/wp-content\/uploads\/2025\/10\/testimonial-alexander-koose-980x980.webp 980w, https:\/\/veraenderungsarchitekt.de\/wp-content\/uploads\/2025\/10\/testimonial-alexander-koose-480x480.webp 480w\" sizes=\"(min-width: 0px) and (max-width: 480px) 480px, (min-width: 481px) and (max-width: 980px) 980px, (min-width: 981px) 1080px, 100vw\" class=\"wp-image-742 wp-image-157\" alt=\"Alexander Koose \u2013 Testimonial f\u00fcr Change Management\" \/><\/div><div class=\"et_pb_slide_description\"><h2 class=\"et_pb_slide_title\">Alexander Koose<\/h2><div class=\"et_pb_slide_content\"><p>Channel Marketing Manager<br \/><a href=\"https:\/\/www.resound.com\/de-de\/\">GN Hearing GmbH<\/a><\/p>\n<p>\"Marcel begleitet mich seit Jahren als Coach in meiner pers\u00f6nlichen Entwicklung. Die individuell angepassten Methoden halfen mir, meine St\u00e4rken zu erkennen und meine Pers\u00f6nlichkeit weiterzuentwickeln. Durch das Coaching habe ich nun ein klares Verst\u00e4ndnis meiner St\u00e4rken, Herausforderungen und Motivationen.\"<\/p>\n<\/div><\/div><\/div><\/div><\/div>\n\n<div class=\"et_pb_slide_1 et_pb_slide et_pb_slide_with_image et_pb_media_alignment_center et_pb_bg_layout_dark et_pb_text_align_center\" data-slide-id=\"divi\/slide-1\"><div class=\"et_pb_container\"><div class=\"et_pb_slider_container_inner\"><div class=\"et_pb_slide_image\"><img loading=\"lazy\" decoding=\"async\" src=\"https:\/\/veraenderungsarchitekt.de\/wp-content\/uploads\/2025\/10\/testimonial-catrin-raab.webp\" width=\"1080\" height=\"1080\" srcset=\"https:\/\/veraenderungsarchitekt.de\/wp-content\/uploads\/2025\/10\/testimonial-catrin-raab.webp 1080w, https:\/\/veraenderungsarchitekt.de\/wp-content\/uploads\/2025\/10\/testimonial-catrin-raab-980x980.webp 980w, https:\/\/veraenderungsarchitekt.de\/wp-content\/uploads\/2025\/10\/testimonial-catrin-raab-480x480.webp 480w\" sizes=\"(min-width: 0px) and (max-width: 480px) 480px, (min-width: 481px) and (max-width: 980px) 980px, (min-width: 981px) 1080px, 100vw\" class=\"wp-image-744\" alt=\"Catrin Raab - Klientin f\u00fcr Pers\u00f6nlichkeits- und Organisationsentwicklung\" \/><\/div><div class=\"et_pb_slide_description\"><h2 class=\"et_pb_slide_title\">Catrin Raab<\/h2><div class=\"et_pb_slide_content\"><p>Gastronomin<br \/>Raab &amp; Petersen GbR<\/p>\n<p>\"Ich hatte sowohl Einzelcoaching als auch gemeinsames Coaching zusammen mit meiner Gesch\u00e4ftspartnerin. Marcel hat es geschafft, dass ich aus allen Sessions positiv und motiviert herausgegangen bin. Langfristig haben die Coachings vor allem mein Selbstbewusstsein gest\u00e4rkt, so dass ich positiver und mutiger in die Zukunft schaue.\"<\/p>\n<\/div><\/div><\/div><\/div><\/div>\n\n<div class=\"et_pb_slide_2 et_pb_slide et_pb_slide_with_image et_pb_media_alignment_center et_pb_bg_layout_dark et_pb_text_align_center et_clickable\" data-slide-id=\"divi\/slide-2\"><div class=\"et_pb_container\"><div class=\"et_pb_slider_container_inner\"><div class=\"et_pb_slide_image\"><picture class=\"wp-picture-768\" style=\"display: contents;\"><source type=\"image\/avif\" srcset=\"https:\/\/veraenderungsarchitekt.de\/wp-content\/uploads\/2025\/11\/Goscinska-N-SKA-jpg.avif 1024w, https:\/\/veraenderungsarchitekt.de\/wp-content\/uploads\/2025\/11\/Goscinska-N-SKA-980x551-jpg.avif 980w, https:\/\/veraenderungsarchitekt.de\/wp-content\/uploads\/2025\/11\/Goscinska-N-SKA-480x270-jpg.avif 480w\" sizes=\"(min-width: 0px) and (max-width: 480px) 480px, (min-width: 481px) and (max-width: 980px) 980px, (min-width: 981px) 1024px, 100vw\"><picture class=\"wp-picture-768\" style=\"display: contents;\"><source type=\"image\/avif\" srcset=\"https:\/\/veraenderungsarchitekt.de\/wp-content\/uploads\/2025\/11\/Goscinska-N-SKA-jpg.avif 1024w, https:\/\/veraenderungsarchitekt.de\/wp-content\/uploads\/2025\/11\/Goscinska-N-SKA-980x551-jpg.avif 980w, https:\/\/veraenderungsarchitekt.de\/wp-content\/uploads\/2025\/11\/Goscinska-N-SKA-480x270-jpg.avif 480w\" sizes=\"(min-width: 0px) and (max-width: 480px) 480px, (min-width: 481px) and (max-width: 980px) 980px, (min-width: 981px) 1024px, 100vw\"><img loading=\"lazy\" decoding=\"async\" src=\"https:\/\/veraenderungsarchitekt.de\/wp-content\/uploads\/2025\/11\/Goscinska-N-SKA.jpg\" width=\"1024\" height=\"1024\" srcset=\"https:\/\/veraenderungsarchitekt.de\/wp-content\/uploads\/2025\/11\/Goscinska-N-SKA.jpg 1024w, https:\/\/veraenderungsarchitekt.de\/wp-content\/uploads\/2025\/11\/Goscinska-N-SKA-980x980.jpg 980w, https:\/\/veraenderungsarchitekt.de\/wp-content\/uploads\/2025\/11\/Goscinska-N-SKA-480x480.jpg 480w\" sizes=\"(min-width: 0px) and (max-width: 480px) 480px, (min-width: 481px) and (max-width: 980px) 980px, (min-width: 981px) 1024px, 100vw\" class=\"wp-image-768\" \/><\/picture><\/picture><\/div><div class=\"et_pb_slide_description\"><h2 class=\"et_pb_slide_title\">Kasia Go\u015bci\u0144ska \/N SKA\/<\/h2><div class=\"et_pb_slide_content\"><p><span>Project &amp; Event Manager<\/span><\/p>\n<p><span>\"Working with Marcel brought me clarity about where I stand with my skills. The session on identifying limiting beliefs finally got me unstuck and helped me integrate my scattered experiences across different industries. I truly appreciate how Marcel holds space - the atmosphere is cozy and relaxed, while his facilitation is warm, respectful, clear and decisive. His holistic approach is deeply personal and tailored to individual needs. I'm sure Marcel can bring clarity and direction to anyone.\"<\/span><\/p>\n<p><span>\u00a0<\/span><\/p>\n<\/div><\/div><\/div><\/div><\/div>\n\n<div class=\"et_pb_slide_3 et_pb_slide et_pb_slide_with_image et_pb_media_alignment_center et_pb_bg_layout_dark et_pb_text_align_center\" data-slide-id=\"divi\/slide-3\"><div class=\"et_pb_container\"><div class=\"et_pb_slider_container_inner\"><div class=\"et_pb_slide_image\"><picture class=\"wp-picture-795\" style=\"display: contents;\"><source type=\"image\/avif\" srcset=\"https:\/\/veraenderungsarchitekt.de\/wp-content\/uploads\/2025\/11\/Testimonial-Florian-Winkler-Schwarz-scaled-jpg.avif 1920w, https:\/\/veraenderungsarchitekt.de\/wp-content\/uploads\/2025\/11\/Testimonial-Florian-Winkler-Schwarz-1280x720-heic.avif 1280w, https:\/\/veraenderungsarchitekt.de\/wp-content\/uploads\/2025\/11\/Testimonial-Florian-Winkler-Schwarz-980x551-heic.avif 980w, https:\/\/veraenderungsarchitekt.de\/wp-content\/uploads\/2025\/11\/Testimonial-Florian-Winkler-Schwarz-480x270-heic.avif 480w\" sizes=\"(min-width: 0px) and (max-width: 480px) 480px, (min-width: 481px) and (max-width: 980px) 980px, (min-width: 981px) and (max-width: 1280px) 1280px, (min-width: 1281px) 1920px, 100vw\"><picture class=\"wp-picture-795\" style=\"display: contents;\"><source type=\"image\/avif\" srcset=\"https:\/\/veraenderungsarchitekt.de\/wp-content\/uploads\/2025\/11\/Testimonial-Florian-Winkler-Schwarz-scaled-jpg.avif 1920w, https:\/\/veraenderungsarchitekt.de\/wp-content\/uploads\/2025\/11\/Testimonial-Florian-Winkler-Schwarz-1280x720-heic.avif 1280w, https:\/\/veraenderungsarchitekt.de\/wp-content\/uploads\/2025\/11\/Testimonial-Florian-Winkler-Schwarz-980x551-heic.avif 980w, https:\/\/veraenderungsarchitekt.de\/wp-content\/uploads\/2025\/11\/Testimonial-Florian-Winkler-Schwarz-480x270-heic.avif 480w\" sizes=\"(min-width: 0px) and (max-width: 480px) 480px, (min-width: 481px) and (max-width: 980px) 980px, (min-width: 981px) and (max-width: 1280px) 1280px, (min-width: 1281px) 1920px, 100vw\"><img loading=\"lazy\" decoding=\"async\" src=\"https:\/\/veraenderungsarchitekt.de\/wp-content\/uploads\/2025\/11\/Testimonial-Florian-Winkler-Schwarz-scaled.jpg\" width=\"1920\" height=\"2560\" srcset=\"https:\/\/veraenderungsarchitekt.de\/wp-content\/uploads\/2025\/11\/Testimonial-Florian-Winkler-Schwarz-scaled.jpg 1920w, https:\/\/veraenderungsarchitekt.de\/wp-content\/uploads\/2025\/11\/Testimonial-Florian-Winkler-Schwarz-1280x1707.jpg 1280w, https:\/\/veraenderungsarchitekt.de\/wp-content\/uploads\/2025\/11\/Testimonial-Florian-Winkler-Schwarz-980x1307.jpg 980w, https:\/\/veraenderungsarchitekt.de\/wp-content\/uploads\/2025\/11\/Testimonial-Florian-Winkler-Schwarz-480x640.jpg 480w\" sizes=\"(min-width: 0px) and (max-width: 480px) 480px, (min-width: 481px) and (max-width: 980px) 980px, (min-width: 981px) and (max-width: 1280px) 1280px, (min-width: 1281px) 1920px, 100vw\" class=\"wp-image-795\" \/><\/picture><\/picture><\/div><div class=\"et_pb_slide_description\"><h2 class=\"et_pb_slide_title\">Florian Winkler-Schwarz<\/h2><div class=\"et_pb_slide_content\"><p><span>Gesch\u00e4ftsf\u00fchrung<br \/><a href=\"https:\/\/lsvd.berlin\" target=\"_blank\" rel=\"noopener\">LSVD Verband Queere Vielfalt<\/a><br \/><a href=\"https:\/\/lsvd.berlin\" target=\"_blank\" rel=\"noopener\">Berlin-Brandenburg<\/a><\/span><\/p>\n<p><span>\u201eMarcel bringt eine au\u00dfergew\u00f6hnliche Sensibilit\u00e4t und fachliche Tiefe f\u00fcr die Bed\u00fcrfnisse queerer Communities mit. In seiner Arbeit verbindet er seine fundierte Expertise und eine klare wertbasierte Haltung, die Menschen wirklich st\u00e4rkt. F\u00fcr alle, die im queeren Kontext Ver\u00e4nderung gestalten oder Konflikte gut begleiten m\u00f6chten, ist Marcel ein Gewinn \u2013 er schafft R\u00e4ume, in denen Vertrauen, Reflexion und echte Entwicklung m\u00f6glich werden.\u201c<\/span><\/p>\n<\/div><\/div><\/div><\/div><\/div>\n\n<div class=\"et_pb_slide_4 et_pb_slide et_pb_slide_with_image et_pb_media_alignment_center et_pb_bg_layout_dark et_pb_text_align_center\" data-slide-id=\"divi\/slide-4\"><div class=\"et_pb_container\"><div class=\"et_pb_slider_container_inner\"><div class=\"et_pb_slide_image\"><img loading=\"lazy\" decoding=\"async\" src=\"https:\/\/veraenderungsarchitekt.de\/wp-content\/uploads\/2025\/12\/Testmonial-Simon-Lee-Ucholl-Portrait-scaled-e1765387941112.webp\" width=\"1707\" height=\"1707\" srcset=\"https:\/\/veraenderungsarchitekt.de\/wp-content\/uploads\/2025\/12\/Testmonial-Simon-Lee-Ucholl-Portrait-scaled-e1765387941112.webp 1707w, https:\/\/veraenderungsarchitekt.de\/wp-content\/uploads\/2025\/12\/Testmonial-Simon-Lee-Ucholl-Portrait-scaled-e1765387941112-1280x720.webp 1280w, https:\/\/veraenderungsarchitekt.de\/wp-content\/uploads\/2025\/12\/Testmonial-Simon-Lee-Ucholl-Portrait-scaled-e1765387941112-980x551.webp 980w, https:\/\/veraenderungsarchitekt.de\/wp-content\/uploads\/2025\/12\/Testmonial-Simon-Lee-Ucholl-Portrait-scaled-e1765387941112-480x270.webp 480w\" sizes=\"(min-width: 0px) and (max-width: 480px) 480px, (min-width: 481px) and (max-width: 980px) 980px, (min-width: 981px) and (max-width: 1280px) 1280px, (min-width: 1281px) 1707px, 100vw\" class=\"wp-image-810\" \/><\/div><div class=\"et_pb_slide_description\"><h2 class=\"et_pb_slide_title\">Simon Uhcholl Lee<\/h2><div class=\"et_pb_slide_content\"><p><span> Co-Gesch\u00e4ftsf\u00fchrer<br \/><\/span><a href=\"https:\/\/www.instagram.com\/ktb.berlin\" target=\"_blank\" rel=\"noopener\"><span>Korea Town Berlin<\/span><\/a><\/p>\n<p><span>\"Seit \u00fcber zehn Jahren kenne und sch\u00e4tze ich Marcels Begleitung. Er hat die seltene F\u00e4higkeit, mit bemerkenswerter Ruhe zuzuh\u00f6ren, das Wesentliche in komplexen oder angespannten Situationen rasch zu erkennen und daraus L\u00f6sungen zu entwickeln, die realistisch, nachvollziehbar und direkt anwendbar sind. Seine Unterst\u00fctzung hat mir schon mehrfach Klarheit und Orientierung gegeben.\"<\/span><\/p>\n<\/div><\/div><\/div><\/div><\/div>\n\n<div class=\"et_pb_slide_5 et_pb_slide et_pb_slide_with_image et_pb_media_alignment_center et_pb_bg_layout_dark et_pb_text_align_center\" data-slide-id=\"divi\/slide-5\"><div class=\"et_pb_container\"><div class=\"et_pb_slider_container_inner\"><div class=\"et_pb_slide_image\"><img decoding=\"async\" src=\"https:\/\/veraenderungsarchitekt.de\/wp-content\/uploads\/2026\/02\/PressefotoGudrun_01.jpeg\" \/><\/div><div class=\"et_pb_slide_description\"><h2 class=\"et_pb_slide_title\">Gudrun Fertig<\/h2><div class=\"et_pb_slide_content\"><p>CEO Special Media<br \/><a href=\"https:\/\/www.siegessaeule.de\" target=\"_blank\" rel=\"noopener\">(SIEGESS\u00c4ULE \/ L-MAG)<\/a><\/p>\n<p><span>\u201eMarcel hat uns sehr erfolgreich beim\u00a0Gr\u00fcndungsprozess der SIEGESS\u00c4ULE Queere Medien Genossenschaft i.G.\u00a0begleitet. Ich sch\u00e4tze seine strukturierte Herangehensweise, die\u00a0dennoch Spielraum f\u00fcr\u00a0Menschliches l\u00e4sst. Besonders begeistert\u00a0hat mich sein Gesp\u00fcr f\u00fcr die Momente, in denen Zeit und Raum f\u00fcr\u00a0weitere Fortschritte n\u00f6tig sind und kein hektisches Durchziehen\u00a0einer Agenda.\u201c<\/span><\/p>\n<\/div><\/div><\/div><\/div><\/div>\n<\/div><\/div>\n<\/div>\n<\/div>\n<\/div>\n\n<div class=\"et_pb_section_6 et_pb_section et_section_regular et_block_section\">\n<div class=\"et_pb_row_8 et_pb_row et_block_row\">\n<div class=\"et_pb_column_15 et_pb_column et_pb_column_4_4 et-last-child et_block_column et_pb_css_mix_blend_mode_passthrough\">\n<div class=\"et_pb_text_17 et_pb_text et_pb_bg_layout_light et_pb_module et_block_module preset--module--divi-text--2b00fcc1-102c-4072-9e9f-c6f017115b6d\"><div class=\"et_pb_text_inner\"><h2><strong>Bist du bereit, deine pers\u00f6nliche Ver\u00e4nderung noch heute zu beginnen?<\/strong><\/h2>\n<\/div><\/div>\n\n<div class=\"et_pb_module et_pb_button_module_wrapper et_pb_button_7_wrapper preset--module--divi-button--ef98e337-0947-484b-9750-6d3202769835_wrapper\"><a class=\"et_pb_button_7 et_pb_button et_pb_bg_layout_light et_pb_module et_block_module preset--module--divi-button--ef98e337-0947-484b-9750-6d3202769835\" href=\"https:\/\/veraenderungsarchitekt.de\/coaching-mediation-beratung-berlin\/kontakt\/\">Kontaktiere mich heute<\/a><\/div>\n\n<div class=\"et_pb_module et_pb_button_module_wrapper et_pb_button_8_wrapper preset--module--divi-button--ef98e337-0947-484b-9750-6d3202769835_wrapper\"><a class=\"et_pb_button_8 et_pb_button et_pb_bg_layout_light et_pb_module et_block_module preset--module--divi-button--ef98e337-0947-484b-9750-6d3202769835\" href=\"https:\/\/zeeg.me\/marcelweber\/30min\" target=\"_blank\">30 Minuten kostenfrei<\/a><\/div>\n<\/div>\n<\/div>\n<\/div>\n\n<div class=\"et_pb_section_7 et_pb_section et_section_regular et_block_section\">\n<div class=\"et_pb_row_9 et_pb_row et_block_row\">\n<div class=\"et_pb_column_16 et_pb_column et_pb_column_1_3 et_block_column et_pb_css_mix_blend_mode_passthrough\">\n<div class=\"et_pb_text_18 et_pb_text et_pb_bg_layout_light et_pb_module et_block_module preset--module--divi-text--d9656736-106e-433d-92a0-3513c52df5d4\"><div class=\"et_pb_text_inner\"><h6>Email<\/h6>\n<\/div><\/div>\n\n<div class=\"et_pb_text_19 et_pb_text et_pb_bg_layout_light et_pb_module et_block_module preset--module--divi-text--2a32efeb-110d-4812-8cc1-80c3d99e8803\"><div class=\"et_pb_text_inner\"><h5><a href=\"mailto:hallo@veraenderungsarchitekt.de\">hallo@veraenderungsarchitekt.de<\/a><\/h5>\n<\/div><\/div>\n\n<div class=\"et_pb_text_20 et_pb_text et_pb_bg_layout_light et_pb_module et_block_module preset--module--divi-text--d9656736-106e-433d-92a0-3513c52df5d4\"><div class=\"et_pb_text_inner\"><h6>Telefon<\/h6>\n<\/div><\/div>\n\n<div class=\"et_pb_text_21 et_pb_text et_pb_bg_layout_light et_pb_module et_block_module preset--module--divi-text--8f17ddf6-94f5-4f4c-b8f4-4c9f813f7505\"><div class=\"et_pb_text_inner\"><p><span>(030) 48 49 38 91<\/span><\/p>\n<\/div><\/div>\n\n<div class=\"et_pb_text_22 et_pb_text et_pb_bg_layout_light et_pb_module et_block_module preset--module--divi-text--d9656736-106e-433d-92a0-3513c52df5d4\"><div class=\"et_pb_text_inner\"><h6>Adresse<\/h6>\n<\/div><\/div>\n\n<div class=\"et_pb_text_23 et_pb_text et_pb_bg_layout_light et_pb_module et_block_module preset--module--divi-text--8f17ddf6-94f5-4f4c-b8f4-4c9f813f7505\"><div class=\"et_pb_text_inner\"><p>Prenzlauer Allee 217<br \/>10405 Berlin<\/p>\n<\/div><\/div>\n<\/div>\n\n<div class=\"et_pb_column_17 et_pb_column et_pb_column_1_3 et_block_column et_pb_css_mix_blend_mode_passthrough\">\n<div class=\"et_pb_text_24 et_pb_text et_pb_bg_layout_light et_pb_module et_block_module preset--module--divi-text--d9656736-106e-433d-92a0-3513c52df5d4\"><div class=\"et_pb_text_inner\"><h6>Follow<\/h6>\n<\/div><\/div>\n\n<div class=\"et_pb_text_25 et_pb_text et_pb_bg_layout_light et_pb_module et_block_module preset--module--divi-text--3c83b4a0-00a3-4a9c-abe5-583e64d9b151\"><div class=\"et_pb_text_inner\"><h3><a href=\"https:\/\/www.linkedin.com\/in\/marcel-weber-berlin\/\" target=\"_blank\" rel=\"noopener\">LinkedIn<\/a><\/h3>\n<\/div><\/div>\n\n<div class=\"et_pb_text_26 et_pb_text et_pb_bg_layout_light et_pb_module et_block_module preset--module--divi-text--3c83b4a0-00a3-4a9c-abe5-583e64d9b151\"><div class=\"et_pb_text_inner\"><h3><a href=\"https:\/\/www.instagram.com\/veraenderungsarchitekt\/\" target=\"_blank\" rel=\"noopener\">Instagram<\/a><\/h3>\n<\/div><\/div>\n\n<div class=\"et_pb_text_27 et_pb_text et_pb_bg_layout_light et_pb_module et_block_module preset--module--divi-text--3c83b4a0-00a3-4a9c-abe5-583e64d9b151\"><div class=\"et_pb_text_inner\"><h3><a href=\"https:\/\/www.tiktok.com\/@veraenderungsarchitekt\" target=\"_blank\" rel=\"noopener\">TikTok<\/a><\/h3>\n<\/div><\/div>\n<\/div>\n\n<div class=\"et_pb_column_18 et_pb_column et_pb_column_1_3 et-last-child et_block_column et_pb_css_mix_blend_mode_passthrough\">\n<div class=\"et_pb_text_28 et_pb_text et_pb_bg_layout_light et_pb_module et_block_module preset--module--divi-text--d9656736-106e-433d-92a0-3513c52df5d4\"><div class=\"et_pb_text_inner\"><h6>Angebote<\/h6>\n<\/div><\/div>\n\n<div class=\"et_pb_text_29 et_pb_text et_pb_bg_layout_light et_clickable et_pb_module et_block_module preset--module--divi-text--2a32efeb-110d-4812-8cc1-80c3d99e8803\"><div class=\"et_pb_text_inner\"><h5>Change &amp; Transformationsberatung<\/h5>\n<\/div><\/div>\n\n<div class=\"et_pb_text_30 et_pb_text et_pb_bg_layout_light et_clickable et_pb_module et_block_module preset--module--divi-text--2a32efeb-110d-4812-8cc1-80c3d99e8803\"><div class=\"et_pb_text_inner\"><h5>Coaching &amp; Empowerment<\/h5>\n<\/div><\/div>\n\n<div class=\"et_pb_text_31 et_pb_text et_pb_bg_layout_light et_clickable et_pb_module et_block_module preset--module--divi-text--2a32efeb-110d-4812-8cc1-80c3d99e8803\"><div class=\"et_pb_text_inner\"><h5>Konfliktmediation<\/h5>\n<\/div><\/div>\n\n<div class=\"et_pb_text_32 et_pb_text et_pb_bg_layout_light et_clickable et_pb_module et_block_module preset--module--divi-text--2a32efeb-110d-4812-8cc1-80c3d99e8803\"><div class=\"et_pb_text_inner\"><h5>Workshops &amp; Trainings<\/h5>\n<\/div><\/div>\n<\/div>\n<\/div>\n\n<div class=\"et_pb_row_10 et_pb_row et_block_row\">\n<div class=\"et_pb_column_19 et_pb_column et_pb_column_4_4 et-last-child et_block_column et_pb_css_mix_blend_mode_passthrough\">\n<div class=\"et_pb_text_33 et_pb_text et_pb_bg_layout_light et_pb_module et_block_module preset--module--divi-text--11fec89a-8ff2-4440-b34d-89d6d609e54b\"><div class=\"et_pb_text_inner\"><p>Copyright &copy; 2026 Marcel Weber - Ver\u00e4nderungsarchitekt<\/p>\n<\/div><\/div>\n<\/div>\n<\/div>\n<\/div>","protected":false},"excerpt":{"rendered":"","protected":false},"author":1,"featured_media":0,"parent":0,"menu_order":0,"comment_status":"closed","ping_status":"closed","template":"","meta":{"footnotes":""},"class_list":["post-148","page","type-page","status-publish","hentry"],"yoast_head":"<!-- This site is optimized with the Yoast SEO plugin v27.4 - https:\/\/yoast.com\/product\/yoast-seo-wordpress\/ -->\n<title>Coaching Mediation Beratung | Ehrlich &amp; mit Vertrauen<\/title>\n<meta name=\"description\" content=\"Marcel Weber | Coach, Mediator und Ver\u00e4nderungsarchitekt in Berlin. Systemisches Coaching, Mediation &amp; Organisationsberatung f\u00fcr Kulturbetriebe, progressive Unternehmen und LGBTQIA+ Communities. Ich bin da, damit du anfangen kannst. Jetzt 30 Min. kostenfrei sprechen.\" \/>\n<meta name=\"robots\" content=\"index, follow, max-snippet:-1, max-image-preview:large, max-video-preview:-1\" \/>\n<link rel=\"canonical\" href=\"https:\/\/veraenderungsarchitekt.de\/coaching-mediation-beratung-berlin\/\" \/>\n<meta property=\"og:locale\" content=\"de_DE\" \/>\n<meta property=\"og:type\" content=\"article\" \/>\n<meta property=\"og:title\" content=\"Ver\u00e4nderungsarchitekt | Coaching, Mediation, Beratung Berlin\" \/>\n<meta property=\"og:description\" content=\"Ver\u00e4nderungsbegleitung f\u00fcr Kulturbetriebe, Teams und Menschen: Coaching, Mediation, Beratung in Berlin. Diversit\u00e4tsbewusst, LGBTQIA-sensibel, ehrlich.\" \/>\n<meta property=\"og:url\" content=\"https:\/\/veraenderungsarchitekt.de\/coaching-mediation-beratung-berlin\/\" \/>\n<meta property=\"og:site_name\" content=\"Marcel Weber - Ver\u00e4nderungsarchitekt\" \/>\n<meta property=\"article:modified_time\" content=\"2026-04-21T06:54:08+00:00\" \/>\n<meta property=\"og:image\" content=\"https:\/\/veraenderungsarchitekt.de\/wp-content\/uploads\/2025\/10\/coaching-mediation-beratung-berlin-social-1.png\" \/>\n\t<meta property=\"og:image:width\" content=\"1200\" \/>\n\t<meta property=\"og:image:height\" content=\"630\" \/>\n\t<meta property=\"og:image:type\" content=\"image\/png\" \/>\n<meta name=\"twitter:card\" content=\"summary_large_image\" \/>\n<meta name=\"twitter:title\" content=\"Ver\u00e4nderungsarchitekt | Coaching, Mediation, Beratung Berlin\" \/>\n<meta name=\"twitter:description\" content=\"Ver\u00e4nderungsbegleitung f\u00fcr Kulturbetriebe, Teams und Menschen: Coaching, Mediation, Beratung in Berlin. Diversit\u00e4tsbewusst, LGBTQIA-sensibel, ehrlich.\" \/>\n<meta name=\"twitter:image\" content=\"https:\/\/veraenderungsarchitekt.de\/wp-content\/uploads\/2025\/10\/coaching-mediation-beratung-berlin-social-1.png\" \/>\n<meta name=\"twitter:label1\" content=\"Gesch\u00e4tzte Lesezeit\" \/>\n\t<meta name=\"twitter:data1\" content=\"7\u00a0Minuten\" \/>\n<script type=\"application\/ld+json\" class=\"yoast-schema-graph\">{\"@context\":\"https:\\\/\\\/schema.org\",\"@graph\":[{\"@type\":\"WebPage\",\"@id\":\"https:\\\/\\\/veraenderungsarchitekt.de\\\/coaching-mediation-beratung-berlin\\\/\",\"url\":\"https:\\\/\\\/veraenderungsarchitekt.de\\\/coaching-mediation-beratung-berlin\\\/\",\"name\":\"Coaching Mediation Beratung | Ehrlich & mit Vertrauen\",\"isPartOf\":{\"@id\":\"https:\\\/\\\/veraenderungsarchitekt.de\\\/coaching-mediation-beratung-berlin\\\/#website\"},\"datePublished\":\"2025-09-30T11:59:23+00:00\",\"dateModified\":\"2026-04-21T06:54:08+00:00\",\"description\":\"Marcel Weber | Coach, Mediator und Ver\u00e4nderungsarchitekt in Berlin. Systemisches Coaching, Mediation & Organisationsberatung f\u00fcr Kulturbetriebe, progressive Unternehmen und LGBTQIA+ Communities. Ich bin da, damit du anfangen kannst. Jetzt 30 Min. kostenfrei sprechen.\",\"breadcrumb\":{\"@id\":\"https:\\\/\\\/veraenderungsarchitekt.de\\\/coaching-mediation-beratung-berlin\\\/#breadcrumb\"},\"inLanguage\":\"de\",\"potentialAction\":[{\"@type\":\"ReadAction\",\"target\":[\"https:\\\/\\\/veraenderungsarchitekt.de\\\/coaching-mediation-beratung-berlin\\\/\"]}]},{\"@type\":\"BreadcrumbList\",\"@id\":\"https:\\\/\\\/veraenderungsarchitekt.de\\\/coaching-mediation-beratung-berlin\\\/#breadcrumb\",\"itemListElement\":[{\"@type\":\"ListItem\",\"position\":1,\"name\":\"Startseite\",\"item\":\"https:\\\/\\\/veraenderungsarchitekt.de\\\/coaching-mediation-beratung-berlin\\\/\"},{\"@type\":\"ListItem\",\"position\":2,\"name\":\"Zusammenarbeiten mit Marcel | Coaching, Mediation &#038; Beratung Berlin\"}]},{\"@type\":\"WebSite\",\"@id\":\"https:\\\/\\\/veraenderungsarchitekt.de\\\/coaching-mediation-beratung-berlin\\\/#website\",\"url\":\"https:\\\/\\\/veraenderungsarchitekt.de\\\/coaching-mediation-beratung-berlin\\\/\",\"name\":\"Marcel Weber - Ver\u00e4nderungsarchitekt\",\"description\":\"Coaching, Mediation, Beratung, Workshops &amp; Trainings in Berlin\",\"publisher\":{\"@id\":\"https:\\\/\\\/veraenderungsarchitekt.de\\\/coaching-mediation-beratung-berlin\\\/#organization\"},\"alternateName\":\"Ver\u00e4nderungsarchitekt\",\"potentialAction\":[{\"@type\":\"SearchAction\",\"target\":{\"@type\":\"EntryPoint\",\"urlTemplate\":\"https:\\\/\\\/veraenderungsarchitekt.de\\\/coaching-mediation-beratung-berlin\\\/?s={search_term_string}\"},\"query-input\":{\"@type\":\"PropertyValueSpecification\",\"valueRequired\":true,\"valueName\":\"search_term_string\"}}],\"inLanguage\":\"de\"},{\"@type\":\"Organization\",\"@id\":\"https:\\\/\\\/veraenderungsarchitekt.de\\\/coaching-mediation-beratung-berlin\\\/#organization\",\"name\":\"Marcel Weber - Ver\u00e4nderungsarchitekt\",\"url\":\"https:\\\/\\\/veraenderungsarchitekt.de\\\/coaching-mediation-beratung-berlin\\\/\",\"logo\":{\"@type\":\"ImageObject\",\"inLanguage\":\"de\",\"@id\":\"https:\\\/\\\/veraenderungsarchitekt.de\\\/coaching-mediation-beratung-berlin\\\/#\\\/schema\\\/logo\\\/image\\\/\",\"url\":\"https:\\\/\\\/veraenderungsarchitekt.de\\\/wp-content\\\/uploads\\\/2025\\\/09\\\/logo_web.avif\",\"contentUrl\":\"https:\\\/\\\/veraenderungsarchitekt.de\\\/wp-content\\\/uploads\\\/2025\\\/09\\\/logo_web.avif\",\"width\":512,\"height\":512,\"caption\":\"Marcel Weber - Ver\u00e4nderungsarchitekt\"},\"image\":{\"@id\":\"https:\\\/\\\/veraenderungsarchitekt.de\\\/coaching-mediation-beratung-berlin\\\/#\\\/schema\\\/logo\\\/image\\\/\"},\"sameAs\":[\"https:\\\/\\\/www.linkedin.com\\\/in\\\/marcel-weber-berlin\\\/\",\"https:\\\/\\\/www.instagram.com\\\/veraenderungsarchitekt\\\/\",\"https:\\\/\\\/www.tiktok.com\\\/@veraenderungsarchitekt\"]}]}<\/script>\n<!-- \/ Yoast SEO plugin. -->","yoast_head_json":{"title":"Coaching Mediation Beratung | Ehrlich & mit Vertrauen","description":"Marcel Weber | Coach, Mediator und Ver\u00e4nderungsarchitekt in Berlin. Systemisches Coaching, Mediation & Organisationsberatung f\u00fcr Kulturbetriebe, progressive Unternehmen und LGBTQIA+ Communities. Ich bin da, damit du anfangen kannst. Jetzt 30 Min. kostenfrei sprechen.","robots":{"index":"index","follow":"follow","max-snippet":"max-snippet:-1","max-image-preview":"max-image-preview:large","max-video-preview":"max-video-preview:-1"},"canonical":"https:\/\/veraenderungsarchitekt.de\/coaching-mediation-beratung-berlin\/","og_locale":"de_DE","og_type":"article","og_title":"Ver\u00e4nderungsarchitekt | Coaching, Mediation, Beratung Berlin","og_description":"Ver\u00e4nderungsbegleitung f\u00fcr Kulturbetriebe, Teams und Menschen: Coaching, Mediation, Beratung in Berlin. Diversit\u00e4tsbewusst, LGBTQIA-sensibel, ehrlich.","og_url":"https:\/\/veraenderungsarchitekt.de\/coaching-mediation-beratung-berlin\/","og_site_name":"Marcel Weber - Ver\u00e4nderungsarchitekt","article_modified_time":"2026-04-21T06:54:08+00:00","og_image":[{"width":1200,"height":630,"url":"https:\/\/veraenderungsarchitekt.de\/wp-content\/uploads\/2025\/10\/coaching-mediation-beratung-berlin-social-1.png","type":"image\/png"}],"twitter_card":"summary_large_image","twitter_title":"Ver\u00e4nderungsarchitekt | Coaching, Mediation, Beratung Berlin","twitter_description":"Ver\u00e4nderungsbegleitung f\u00fcr Kulturbetriebe, Teams und Menschen: Coaching, Mediation, Beratung in Berlin. Diversit\u00e4tsbewusst, LGBTQIA-sensibel, ehrlich.","twitter_image":"https:\/\/veraenderungsarchitekt.de\/wp-content\/uploads\/2025\/10\/coaching-mediation-beratung-berlin-social-1.png","twitter_misc":{"Gesch\u00e4tzte Lesezeit":"7\u00a0Minuten"},"schema":{"@context":"https:\/\/schema.org","@graph":[{"@type":"WebPage","@id":"https:\/\/veraenderungsarchitekt.de\/coaching-mediation-beratung-berlin\/","url":"https:\/\/veraenderungsarchitekt.de\/coaching-mediation-beratung-berlin\/","name":"Coaching Mediation Beratung | Ehrlich & mit Vertrauen","isPartOf":{"@id":"https:\/\/veraenderungsarchitekt.de\/coaching-mediation-beratung-berlin\/#website"},"datePublished":"2025-09-30T11:59:23+00:00","dateModified":"2026-04-21T06:54:08+00:00","description":"Marcel Weber | Coach, Mediator und Ver\u00e4nderungsarchitekt in Berlin. Systemisches Coaching, Mediation & Organisationsberatung f\u00fcr Kulturbetriebe, progressive Unternehmen und LGBTQIA+ Communities. Ich bin da, damit du anfangen kannst. Jetzt 30 Min. kostenfrei sprechen.","breadcrumb":{"@id":"https:\/\/veraenderungsarchitekt.de\/coaching-mediation-beratung-berlin\/#breadcrumb"},"inLanguage":"de","potentialAction":[{"@type":"ReadAction","target":["https:\/\/veraenderungsarchitekt.de\/coaching-mediation-beratung-berlin\/"]}]},{"@type":"BreadcrumbList","@id":"https:\/\/veraenderungsarchitekt.de\/coaching-mediation-beratung-berlin\/#breadcrumb","itemListElement":[{"@type":"ListItem","position":1,"name":"Startseite","item":"https:\/\/veraenderungsarchitekt.de\/coaching-mediation-beratung-berlin\/"},{"@type":"ListItem","position":2,"name":"Zusammenarbeiten mit Marcel | Coaching, Mediation &#038; Beratung Berlin"}]},{"@type":"WebSite","@id":"https:\/\/veraenderungsarchitekt.de\/coaching-mediation-beratung-berlin\/#website","url":"https:\/\/veraenderungsarchitekt.de\/coaching-mediation-beratung-berlin\/","name":"Marcel Weber - Ver\u00e4nderungsarchitekt","description":"Coaching, Mediation, Beratung, Workshops &amp; Trainings in Berlin","publisher":{"@id":"https:\/\/veraenderungsarchitekt.de\/coaching-mediation-beratung-berlin\/#organization"},"alternateName":"Ver\u00e4nderungsarchitekt","potentialAction":[{"@type":"SearchAction","target":{"@type":"EntryPoint","urlTemplate":"https:\/\/veraenderungsarchitekt.de\/coaching-mediation-beratung-berlin\/?s={search_term_string}"},"query-input":{"@type":"PropertyValueSpecification","valueRequired":true,"valueName":"search_term_string"}}],"inLanguage":"de"},{"@type":"Organization","@id":"https:\/\/veraenderungsarchitekt.de\/coaching-mediation-beratung-berlin\/#organization","name":"Marcel Weber - Ver\u00e4nderungsarchitekt","url":"https:\/\/veraenderungsarchitekt.de\/coaching-mediation-beratung-berlin\/","logo":{"@type":"ImageObject","inLanguage":"de","@id":"https:\/\/veraenderungsarchitekt.de\/coaching-mediation-beratung-berlin\/#\/schema\/logo\/image\/","url":"https:\/\/veraenderungsarchitekt.de\/wp-content\/uploads\/2025\/09\/logo_web.avif","contentUrl":"https:\/\/veraenderungsarchitekt.de\/wp-content\/uploads\/2025\/09\/logo_web.avif","width":512,"height":512,"caption":"Marcel Weber - Ver\u00e4nderungsarchitekt"},"image":{"@id":"https:\/\/veraenderungsarchitekt.de\/coaching-mediation-beratung-berlin\/#\/schema\/logo\/image\/"},"sameAs":["https:\/\/www.linkedin.com\/in\/marcel-weber-berlin\/","https:\/\/www.instagram.com\/veraenderungsarchitekt\/","https:\/\/www.tiktok.com\/@veraenderungsarchitekt"]}]}},"_links":{"self":[{"href":"https:\/\/veraenderungsarchitekt.de\/coaching-mediation-beratung-berlin\/wp-json\/wp\/v2\/pages\/148","targetHints":{"allow":["GET"]}}],"collection":[{"href":"https:\/\/veraenderungsarchitekt.de\/coaching-mediation-beratung-berlin\/wp-json\/wp\/v2\/pages"}],"about":[{"href":"https:\/\/veraenderungsarchitekt.de\/coaching-mediation-beratung-berlin\/wp-json\/wp\/v2\/types\/page"}],"author":[{"embeddable":true,"href":"https:\/\/veraenderungsarchitekt.de\/coaching-mediation-beratung-berlin\/wp-json\/wp\/v2\/users\/1"}],"replies":[{"embeddable":true,"href":"https:\/\/veraenderungsarchitekt.de\/coaching-mediation-beratung-berlin\/wp-json\/wp\/v2\/comments?post=148"}],"version-history":[{"count":10,"href":"https:\/\/veraenderungsarchitekt.de\/coaching-mediation-beratung-berlin\/wp-json\/wp\/v2\/pages\/148\/revisions"}],"predecessor-version":[{"id":862,"href":"https:\/\/veraenderungsarchitekt.de\/coaching-mediation-beratung-berlin\/wp-json\/wp\/v2\/pages\/148\/revisions\/862"}],"wp:attachment":[{"href":"https:\/\/veraenderungsarchitekt.de\/coaching-mediation-beratung-berlin\/wp-json\/wp\/v2\/media?parent=148"}],"curies":[{"name":"wp","href":"https:\/\/api.w.org\/{rel}","templated":true}]}}